{"id":26468,"date":"2025-09-12T17:59:22","date_gmt":"2025-09-12T15:59:22","guid":{"rendered":"https:\/\/amarenak.com\/?post_type=product&#038;p=26468"},"modified":"2026-01-21T20:51:28","modified_gmt":"2026-01-21T19:51:28","slug":"traje-ardoa","status":"publish","type":"product","link":"https:\/\/amarenak.com\/blog\/producto\/todas\/traje-ardoa\/","title":{"rendered":"TRAJE ARDOA"},"content":{"rendered":"<div class=\"wpb-content-wrapper\"><p>[vc_row][vc_column width=\u00bb1\/2&#8243;][vc_column_text css=\u00bb\u00bb]<\/p>\n<h6><strong>Historia<\/strong><\/h6>\n<p>El kaiku o lekeitiarra es un <strong>abrigo tradicional del Pa\u00eds Vasco.<\/strong> Lo <strong>llevaban los arrantzales (pescadores)<\/strong>\u00a0 cuando iban a faenar al Cant\u00e1brico. Se hac\u00eda con pa\u00f1o de lana muy tupido, perfecto para soportar el viento y chubascos del norte.<\/p>\n<p>Durante los a\u00f1os 20, resurgi\u00f3 una versi\u00f3n m\u00e1s de calle que las amonas (abuelas) hac\u00edan para sus nietos e hijos y <strong>lleg\u00f3 a convertirse en el abrigo m\u00e1s popular en Euskadi.<\/strong> Hoy en d\u00eda esta prenda casi ha desaparecido.[\/vc_column_text][\/vc_column][vc_column width=\u00bb1\/2&#8243;][vc_single_image image=\u00bb5773&#8243; img_size=\u00bblarge\u00bb][\/vc_column][\/vc_row][vc_row][vc_column width=\u00bb1\/2&#8243;][vc_single_image image=\u00bb5958&#8243; img_size=\u00bblarge\u00bb][\/vc_column][vc_column width=\u00bb1\/2&#8243;][vc_column_text css=\u00bb\u00bb]<\/p>\n<h6><strong>Tejido y cuidados<\/strong><\/h6>\n<ul>\n<li><em>Composici\u00f3n tejido: 100% lana<\/em><\/li>\n<\/ul>\n<p><strong>La lana <\/strong>es uno de los tejidos naturales m\u00e1s incre\u00edbles que existen. Es biodegradable y sostenible. Generalmente proviene de las ovejas, y es lo que les mantiene calentitas en invierno.\u00a0 Sus propiedades son espectaculares, especialmente para prendas de exterior, ya que es un regulador natural de la temperatura que te mantiene seco y caliente en invierno, absorbe la humedad y es resistente a olores, moho y suciedad.<\/p>\n<p><strong>Cuidados:<\/strong> Conviene no lavar demasiado tu prenda, a no ser que sea necesario. Lavar en seco al final de temporada y almacenar, preferiblemente en percha, en un lugar seco y ventilado, sin luz solar directa, hasta el a\u00f1o siguiente.[\/vc_column_text][\/vc_column][\/vc_row][vc_row][vc_column width=\u00bb1\/2&#8243;][vc_column_text css=\u00bb\u00bb]<\/p>\n<h6><strong>Trazabilidad y Sostenibilidad<\/strong><\/h6>\n<p>El tejido de esta prenda ha sido seleccionado por nosotras del almac\u00e9n de una antigua tienda de tejidos de Eibar (Pa\u00eds Vasco). Esta tienda a\u00fan conservaba algunos metros de <strong>tejidos de hace muchos a\u00f1os, de f\u00e1bricas espa\u00f1olas que ya ni siquiera existen<\/strong>. Con esta selecci\u00f3n hemos lanzado esta colecci\u00f3n exclusiva y limitada \u00a1que es todo un tesoro!<\/p>\n<p>Esta prenda ha sido <strong>confeccionada<\/strong> con mucho cari\u00f1o en uno de nuestros talleres <strong>en Trapaga (Pa\u00eds Vasco).<\/strong><\/p>\n<p>El resto de <strong>elementos y fornituras<\/strong> que hemos utilizado en esta prenda, son <strong>tambi\u00e9n de procedencia local<\/strong> (Uni\u00f3n Europea).[\/vc_column_text][\/vc_column][vc_column width=\u00bb1\/2&#8243;][vc_single_image image=\u00bb18727&#8243; img_size=\u00bblarge\u00bb][\/vc_column][\/vc_row][vc_row][vc_column][vc_raw_html]JTNDZGl2JTIwY2xhc3MlM0QlMjJjb250YWluZXItdGFja3RpbCUyMiUyMHN0eWxlJTNEJTIycG9zaXRpb24lM0ElMjByZWxhdGl2ZSUzQiUyMG92ZXJmbG93JTNBJTIwaGlkZGVuJTNCJTIwd2lkdGglM0ElMjAxMDAlMjUlM0IlMjBwYWRkaW5nLXRvcCUzQSUyMDU2LjI1JTI1JTNCJTIyJTNFJTNDaWZyYW1lJTIwY2xhc3MlM0QlMjJpZnJhbWUtdGFja3RpbCUyMiUyMHNyYyUzRCUyMmh0dHBzJTNBJTJGJTJGd3d3LnRhY2t0aWwuY29tJTJGZXMlMkZ2aXNvciUyRmV5SjBlWEFpT2lKS1YxUWlMQ0poYkdjaU9pSklVekkxTmlKOS5leUpsZUdsa0lqb3lOak45LmxzeG4wMmw2dEhYdEZJaWEtNEVUUVJHaGE1U3Mxazl3eHprS0FiR2czNGMlMjIlMjB0aXRsZSUzRCUyMjE4JTIyJTIwc3R5bGUlM0QlMjJwb3NpdGlvbiUzQSUyMGFic29sdXRlJTNCJTIwdG9wJTNBJTIwMCUzQiUyMGxlZnQlM0ElMjAwJTNCJTIwYm90dG9tJTNBJTIwMCUzQiUyMHJpZ2h0JTNBJTIwMCUzQiUyMHdpZHRoJTNBJTIwMTAwJTI1JTNCJTIwaGVpZ2h0JTNBJTIwMTAwJTI1JTNCJTIwYm9yZGVyJTNBJTIwMCUzQiUyMiUyMGZyYW1lQm9yZGVyJTNEJTIyMCUyMiUyMHNjcm9sbGluZyUzRCUyMm5vJTIyJTNFJTNDJTJGaWZyYW1lJTNFJTNDJTJGZGl2JTNF[\/vc_raw_html][\/vc_column][\/vc_row]<\/p>\n<\/div>","protected":false},"excerpt":{"rendered":"<p data-start=\"899\" data-end=\"1148\"><span data-start=\"904\" data-end=\"937\">El traje de <\/span><strong data-start=\"904\" data-end=\"937\">chaqueta kaiku y falda en tweed tipo Chanel de lana<\/strong>\u00a0es una reinterpretaci\u00f3n contempor\u00e1nea de la prenda vasca m\u00e1s ic\u00f3nica. Confeccionada en <strong data-start=\"1025\" data-end=\"1054\">tejido 100% lana natural<\/strong>, rescatada de una antigua tienda de Eibar, combina calidez, durabilidad y estilo atemporal. Las dos piezas van rematadas con vivos en algod\u00f3n, en el interior y en el exterior.<\/p>\n<p data-start=\"1150\" data-end=\"1344\">S\u00f3lo durante esta semana al a\u00f1o, tendr\u00e1s la <strong>oportunidad de personalizarla<\/strong>: puedes elegir el color de los vivos, forro interior o detalles, convirti\u00e9ndola en una pieza exclusiva hecha a tu medida.<\/p>\n<p>Esta chaqueta es parte de una\u00a0<strong>colecci\u00f3n muy limitada\u00a0<\/strong>(solo hay <strong>1 unidad<\/strong>), por ello, las haremos\u00a0<strong>bajo reserva.<\/strong>\u00a0Los pedidos se podr\u00e1n hacer<strong> \u00fanicamente del 12 (18:00) al 19 (23:59) de Septiembre 2025.<\/strong> Garantizando que las personas que las quer\u00e9is, pod\u00e1is conseguir vuestra talla y colores.<\/p>\n<p>La\u00a0<strong>entrega se har\u00e1 6 semanas despu\u00e9s<\/strong> de finalizar la campa\u00f1a. Pasado este plazo, el resto de prendas que hayan sobrado, estar\u00e1n disponibles en tienda y online.<\/p>\n<p>En caso de que por alg\u00fan motivo\u00a0<strong>no podamos confeccionar<\/strong>\u00a0este modelo,\u00a0<strong>se devolver\u00e1 el importe \u00edntegro.<\/strong><\/p>\n<p data-start=\"1659\" data-end=\"1766\">Una prenda \u00fanica que une tradici\u00f3n, dise\u00f1o y sostenibilidad, pensada para acompa\u00f1arte muchos inviernos.<\/p>\n<p data-start=\"1659\" data-end=\"1766\">* Si no encuentras la opci\u00f3n que buscas, <a href=\"https:\/\/amarenak.com\/pide-cita\/\">escr\u00edbenos<\/a>.<\/p>\n<p><a href=\"https:\/\/www.tacktil.com\/es\/visor\/eyJ0eXAiOiJKV1QiLCJhbGciOiJIUzI1NiJ9.eyJleGlkIjoyNjN9.lsxn02l6tHXtFIia-4ETQRGha5Ss1k9wxzkKAbGg34c\" target=\"_blank\" rel=\"noopener\"><img loading=\"lazy\" decoding=\"async\" class=\"alignnone wp-image-9082 size-full\" src=\"https:\/\/amarenak.com\/wp-content\/uploads\/2021\/04\/icons8-360-view-50-1.png\" alt=\"\" width=\"50\" height=\"50\" \/><\/a><\/p>\n","protected":false},"featured_media":26717,"comment_status":"open","ping_status":"closed","template":"","meta":{"_joinchat":[]},"product_brand":[],"product_cat":[15,563,158,1370,289],"product_tag":[],"class_list":{"0":"post-26468","1":"product","2":"type-product","3":"status-publish","4":"has-post-thumbnail","6":"product_cat-todas","7":"product_cat-otono-invierno","8":"product_cat-mujer","9":"product_cat-ugarteburu","10":"product_cat-kaiku","12":"first","13":"instock","14":"taxable","15":"shipping-taxable","16":"purchasable","17":"product-type-variable"},"aioseo_notices":[],"jetpack_sharing_enabled":true,"_links":{"self":[{"href":"https:\/\/amarenak.com\/blog\/wp-json\/wp\/v2\/product\/26468","targetHints":{"allow":["GET"]}}],"collection":[{"href":"https:\/\/amarenak.com\/blog\/wp-json\/wp\/v2\/product"}],"about":[{"href":"https:\/\/amarenak.com\/blog\/wp-json\/wp\/v2\/types\/product"}],"replies":[{"embeddable":true,"href":"https:\/\/amarenak.com\/blog\/wp-json\/wp\/v2\/comments?post=26468"}],"wp:featuredmedia":[{"embeddable":true,"href":"https:\/\/amarenak.com\/blog\/wp-json\/wp\/v2\/media\/26717"}],"wp:attachment":[{"href":"https:\/\/amarenak.com\/blog\/wp-json\/wp\/v2\/media?parent=26468"}],"wp:term":[{"taxonomy":"product_brand","embeddable":true,"href":"https:\/\/amarenak.com\/blog\/wp-json\/wp\/v2\/product_brand?post=26468"},{"taxonomy":"product_cat","embeddable":true,"href":"https:\/\/amarenak.com\/blog\/wp-json\/wp\/v2\/product_cat?post=26468"},{"taxonomy":"product_tag","embeddable":true,"href":"https:\/\/amarenak.com\/blog\/wp-json\/wp\/v2\/product_tag?post=26468"}],"curies":[{"name":"wp","href":"https:\/\/api.w.org\/{rel}","templated":true}]}}