{"id":17315,"date":"2024-04-22T11:37:24","date_gmt":"2024-04-22T11:37:24","guid":{"rendered":"https:\/\/amarenak.com\/?post_type=product&#038;p=17315"},"modified":"2026-03-24T20:02:38","modified_gmt":"2026-03-24T19:02:38","slug":"camiseta-bergara","status":"publish","type":"product","link":"https:\/\/amarenak.com\/blog\/producto\/todas\/camiseta-bergara\/","title":{"rendered":"CAMISETA BERGARA"},"content":{"rendered":"<div class=\"wpb-content-wrapper\"><p>[vc_row][vc_column width=\u00bb1\/2&#8243;][vc_column_text]<\/p>\n<h6><strong>La historia<\/strong><\/h6>\n<div class=\"page\" title=\"Page 7\">\n<div class=\"layoutArea\">\n<div class=\"column\">\n<p>La historia textil en <strong>Bergara (Gipuzkoa) comienza en el siglo XV<\/strong>, pero todo se acelera en 1846 cuando surge la <strong>F\u00e1brica de Hilados y Tejidos de Vergara<\/strong> (despue\u0301s Algodonera de San Antonio, luego Tavex y hoy Evlox), la empresa textil ma\u0301s grande de la historia de Euskadi.<\/p>\n<p>Sus <strong>tejidos de algodo\u0301n ten\u0303idos de azul<\/strong> no teni\u0301an competencia, y pronto todo el pueblo acabo\u0301 convirtie\u0301ndose en una gran fa\u0301brica del famoso <strong>\u201ctejido azul de Bergara\u201d<\/strong> utilizado principalmente <strong>para ropa de trabajo.<\/strong><\/p>\n<p>En los 60 se especializan en el tejido Denim, y pronto destacan a nivel mundial con <strong>clientes como Levi\u2019s Strauss.<\/strong> La empresa siguio\u0301 creciendo y poco a poco perdiendo la conexio\u0301n con Bergara, a la vez que dejaba de producir su famoso tejido azul.<\/p>\n<\/div>\n<\/div>\n<\/div>\n<p>[\/vc_column_text][\/vc_column][vc_column width=\u00bb1\/2&#8243;][vc_empty_space height=\u00bb72px\u00bb][vc_single_image image=\u00bb14689&#8243; img_size=\u00bbfull\u00bb add_caption=\u00bbyes\u00bb][\/vc_column][\/vc_row][vc_row][vc_column width=\u00bb1\/2&#8243;][vc_single_image image=\u00bb6126&#8243; img_size=\u00bbfull\u00bb][\/vc_column][vc_column width=\u00bb1\/2&#8243;][vc_column_text]<\/p>\n<h6><strong>Tejido y cuidados <\/strong><\/h6>\n<ul>\n<li style=\"list-style-type: none;\">\n<ul>\n<li><em>Composici\u00f3n tejido: 100% algod\u00f3n org\u00e1nico GOTS<\/em><em> \u00a0<\/em><\/li>\n<li>* La parte estampada es de 100% poli\u00e9ster recuperado.<\/li>\n<\/ul>\n<p><strong>El algod\u00f3n <\/strong>es el tejido vegetal m\u00e1s com\u00fan. Esto se debe a sus muchas propiedades. Es una fibra muy transpirable, y absorbe la humedad y el sudor.\u00a0 Los tejidos de algod\u00f3n son adem\u00e1s muy suaves, resistentes y agradables al tacto.<\/p>\n<p><strong>La Norma Textil Org\u00e1nica Global (GOTS)<\/strong> es la norma l\u00edder mundial en el procesamiento de textiles hechos con fibra org\u00e1nica, que incluye criterios ecol\u00f3gicos y sociales.<\/p>\n<p><strong>Cuidados:<\/strong> Lavar en lavadora a 40\u00ba con colores similares. En el primer lavado la prenda puede encoger.<\/li>\n<\/ul>\n<p>[\/vc_column_text][\/vc_column][\/vc_row][vc_row][vc_column width=\u00bb1\/2&#8243;][vc_column_text]<\/p>\n<h6><strong>Trazabilidad y Sostenibilidad<\/strong><\/h6>\n<div class=\"page\" title=\"Page 8\">\n<div class=\"layoutArea\">\n<div class=\"column\">\n<p>Cuando empezamos a investigar esta historia en 2018, descubrimos que la u\u0301ltima empresa confeccionando la mi\u0301tica ropa de trabajo de Bergara, iba a cerrar ese an\u0303o.<\/p>\n<p>Inspiradas en los <strong>remiendos y parches que se haci\u0301an en estas prendas de trabajo,<\/strong> hemos aprovechado los <strong>restos textiles de nuestras anteriores colecciones para customizar esta prenda<\/strong> y darles una segunda vida.<\/p>\n<p>&nbsp;<\/p>\n<h6>Produccio\u0301n local<\/h6>\n<p>El tejido de algod\u00f3n org\u00e1nico de esta prenda se ha tejido en un pueblo de<strong> Barcelona (Catalu\u00f1a).<\/strong><\/p>\n<div class=\"page\" title=\"Page 8\">\n<div class=\"layoutArea\">\n<div class=\"column\">\n<p>Ha sido confeccionada con carin\u0303o en uno de nuestros talleres en Euskadi.<\/p>\n<p>El resto de elementos y fornituras son tambi\u00e9n de <strong>procedencia local.<\/strong><\/p>\n<\/div>\n<\/div>\n<\/div>\n<\/div>\n<\/div>\n<\/div>\n<p>[\/vc_column_text][\/vc_column][vc_column width=\u00bb1\/2&#8243;][vc_single_image image=\u00bb14697&#8243; img_size=\u00bblarge\u00bb][\/vc_column][\/vc_row]<\/p>\n<\/div>","protected":false},"excerpt":{"rendered":"<p><span style=\"font-weight: 400;\">Camiseta b\u00e1sica con retales de nuestras colecciones pasadas, con formas distintas. Camiseta original y \u00fanica. <\/span><\/p>\n<p>Prenda eco-dise\u00f1ada, customizada utilizando retales sobrantes de nuestras colecciones anteriores, inspiradas por la ropa de trabajo utilizada hace\u00a0 m\u00e1s de 100 a\u00f1os en el Pa\u00eds Vasco. Por esta raz\u00f3n, puede que la prenda que recibas no sea exactamente igual que la de la foto.<\/p>\n<p>Tanto la prenda como los parches son de algod\u00f3n org\u00e1nico con certificaci\u00f3n GOTS, a excepci\u00f3n de la pieza de cintura estampada que es de poli\u00e9ster.<\/p>\n<p>Hecho con cari\u00f1o en Euskadi.<\/p>\n","protected":false},"featured_media":17343,"comment_status":"open","ping_status":"closed","template":"","meta":{"_joinchat":[]},"product_brand":[],"product_cat":[15,562,158,159,751,1312],"product_tag":[776,759,757,770,769,775,768,774,761,766,773,767,762,1013],"class_list":{"0":"post-17315","1":"product","2":"type-product","3":"status-publish","4":"has-post-thumbnail","6":"product_cat-todas","7":"product_cat-primavera-verano","8":"product_cat-mujer","9":"product_cat-hombre","10":"product_cat-bergara","11":"product_cat-ultimas-unidades","12":"product_tag-actualizado","13":"product_tag-algodon","14":"product_tag-bergara","15":"product_tag-crudo","16":"product_tag-euskadi","17":"product_tag-exclusiva","18":"product_tag-floral","19":"product_tag-limitada","20":"product_tag-mahon","21":"product_tag-mujer","22":"product_tag-retales","23":"product_tag-sostenible","24":"product_tag-trabajador","25":"product_tag-vestido","27":"first","28":"instock","29":"taxable","30":"shipping-taxable","31":"purchasable","32":"product-type-variable"},"aioseo_notices":[],"jetpack_sharing_enabled":true,"_links":{"self":[{"href":"https:\/\/amarenak.com\/blog\/wp-json\/wp\/v2\/product\/17315","targetHints":{"allow":["GET"]}}],"collection":[{"href":"https:\/\/amarenak.com\/blog\/wp-json\/wp\/v2\/product"}],"about":[{"href":"https:\/\/amarenak.com\/blog\/wp-json\/wp\/v2\/types\/product"}],"replies":[{"embeddable":true,"href":"https:\/\/amarenak.com\/blog\/wp-json\/wp\/v2\/comments?post=17315"}],"wp:featuredmedia":[{"embeddable":true,"href":"https:\/\/amarenak.com\/blog\/wp-json\/wp\/v2\/media\/17343"}],"wp:attachment":[{"href":"https:\/\/amarenak.com\/blog\/wp-json\/wp\/v2\/media?parent=17315"}],"wp:term":[{"taxonomy":"product_brand","embeddable":true,"href":"https:\/\/amarenak.com\/blog\/wp-json\/wp\/v2\/product_brand?post=17315"},{"taxonomy":"product_cat","embeddable":true,"href":"https:\/\/amarenak.com\/blog\/wp-json\/wp\/v2\/product_cat?post=17315"},{"taxonomy":"product_tag","embeddable":true,"href":"https:\/\/amarenak.com\/blog\/wp-json\/wp\/v2\/product_tag?post=17315"}],"curies":[{"name":"wp","href":"https:\/\/api.w.org\/{rel}","templated":true}]}}