{"id":15196,"date":"2023-09-25T10:21:05","date_gmt":"2023-09-25T10:21:05","guid":{"rendered":"https:\/\/amarenak.com\/?post_type=product&#038;p=15196"},"modified":"2025-06-21T17:14:42","modified_gmt":"2025-06-21T15:14:42","slug":"pantalon-elkano","status":"publish","type":"product","link":"https:\/\/amarenak.com\/blog\/producto\/todas\/pantalon-elkano\/","title":{"rendered":"PANTALON ELKANO"},"content":{"rendered":"<div class=\"wpb-content-wrapper\"><p>[vc_row][vc_column width=\u00bb1\/2&#8243;][vc_column_text]<\/p>\n<p>La historia<\/p>\n<p>\u201cPrimus circumdedisti me\u201d\u00a0fuiste el primero que la vuelta me diste. As\u00ed reza la inscripci\u00f3n del escudo de armas que el Emperador Carlos V\u00a0entreg\u00f3 a Juan Sebasti\u00e1n Elkano despu\u00e9s de completar la primera circunnavegaci\u00f3n de la Tierra. De esa manera reconoci\u00f3 la haza\u00f1a del navegante vasco, que lleg\u00f3 a Sanl\u00facar de Barrameda el 6 de septiembre de 1522 a bordo de la nao Victoria, tres a\u00f1os despu\u00e9s de zarpar, el 10 de agosto de 1519.<\/p>\n<p>500 a\u00f1os despu\u00e9s, desde Amarenak queremos recordar y homenajear a este personaje y al resto de marineros vascos del siglo XVI, devolviendo a nuestros d\u00edas y a nuestros armarios algunas de sus prendas.[\/vc_column_text][\/vc_column][vc_column width=\u00bb1\/2&#8243;][vc_single_image image=\u00bb11243&#8243; img_size=\u00bblarge\u00bb add_caption=\u00bbyes\u00bb][\/vc_column][\/vc_row][vc_row][vc_column width=\u00bb1\/2&#8243;][vc_single_image image=\u00bb6126&#8243; img_size=\u00bblarge\u00bb][\/vc_column][vc_column width=\u00bb1\/2&#8243;][vc_column_text]<\/p>\n<h6><strong>Tejido y cuidados <\/strong><\/h6>\n<ul>\n<li style=\"list-style-type: none;\">\n<ul>\n<li><em>Composici\u00f3n tejido: 100% algod\u00f3n org\u00e1nico GOTS<\/em><em> \u00a0 <\/em><\/li>\n<\/ul>\n<p><strong>El algod\u00f3n <\/strong>es el tejido vegetal m\u00e1s com\u00fan. Esto se debe a sus muchas propiedades. Es una fibra muy transpirable, y absorbe la humedad y el sudor.\u00a0 Los tejidos de algod\u00f3n son adem\u00e1s muy suaves, resistentes y agradables al tacto.<\/p>\n<p><strong>La Norma Textil Org\u00e1nica Global (GOTS)<\/strong> es la norma l\u00edder mundial en el procesamiento de textiles hechos con fibra org\u00e1nica, que incluye criterios ecol\u00f3gicos y sociales.<\/p>\n<p><strong>Cuidados:<\/strong> Lavar en lavadora a 40\u00ba con colores similares. En el primer lavado la prenda puede encoger.<\/li>\n<\/ul>\n<p>[\/vc_column_text][\/vc_column][\/vc_row][vc_row][vc_column width=\u00bb1\/2&#8243;][vc_column_text]<\/p>\n<h6><strong>Trazabilidad y Sostenibilidad<\/strong><\/h6>\n<p>El tejido de algod\u00f3n org\u00e1nico de esta prenda se ha tejido en <strong>Santander (Cantabria). <\/strong>Adem\u00e1s, est\u00e1 dise\u00f1ado con la filosof\u00eda #zerowaste, que consiste en aprovechar al m\u00e1ximo toda la tela y evitar as\u00ed generar residuos.<\/p>\n<div class=\"page\" title=\"Page 8\">\n<div class=\"layoutArea\">\n<div class=\"column\">\n<p>Ha sido confeccionada con carin\u0303o en uno de nuestros talleres en Zaragoza, <strong>a menos de 200km de San Sebasti\u00e1n.<\/strong><\/p>\n<p>El resto de elementos y fornituras son tambi\u00e9n de <strong>procedencia local.<\/strong><\/p>\n<\/div>\n<\/div>\n<\/div>\n<p>[\/vc_column_text][\/vc_column][vc_column width=\u00bb1\/2&#8243;][vc_single_image image=\u00bb15165&#8243; img_size=\u00bblarge\u00bb][\/vc_column][\/vc_row][vc_row][vc_column][vc_column_text]<\/p>\n<p>AGRADECIMIENTOS:<\/p>\n<p>Esta colecci\u00f3n ha sido posible gracias a:[\/vc_column_text][\/vc_column][\/vc_row][vc_row][vc_column width=\u00bb1\/2&#8243;][vc_single_image image=\u00bb8793&#8243; img_size=\u00bbfull\u00bb][\/vc_column][vc_column width=\u00bb1\/2&#8243;][vc_single_image image=\u00bb7659&#8243; img_size=\u00bbfull\u00bb][\/vc_column][\/vc_row][vc_row][vc_column][vc_column_text]Esta historia ha sido financiada v\u00eda crowdfunding por todas estas personas. Millones de gracias a todas ellas por ayudarnos a sacar estas nuevas #historiasquesellevanpuestas a la calle:[\/vc_column_text][\/vc_column][\/vc_row][vc_row][vc_column width=\u00bb1\/2&#8243;][vc_column_text]Uxue Ortega<br \/>\nNagore Otsoa<br \/>\nSof\u00eda Pe\u00f1a<br \/>\nRicardo Ulises Larrechea<br \/>\nMaia Apaolaza<br \/>\nONBIZI<br \/>\nMabel Mendiguren<br \/>\nAne Urtizberea<br \/>\nMarta S\u00e1ez<br \/>\nLara<br \/>\nOUA<br \/>\nCarla Libertad Avenue<br \/>\nArrate<br \/>\nMar\u00edapolite<br \/>\nXi Lu Gu<br \/>\nMar izquierdo<br \/>\nJosean Rodriguez<br \/>\nBe\u00f1at Gereka<br \/>\nTeresa Fdez.<br \/>\nMarina Laura S.<br \/>\nLore<br \/>\nNagore Otsoa<br \/>\nJes\u00fas Lacorte<br \/>\nLeire Jaime<br \/>\nGarbi\u00f1e de la Granja<br \/>\nZuri Arte<br \/>\nBea Arrazola<br \/>\nJavier Bueno<br \/>\nJorge Valiente<br \/>\nTamara Morales[\/vc_column_text][\/vc_column][vc_column width=\u00bb1\/2&#8243;][vc_column_text]Izadi<br \/>\nSusana L\u00f3pez Arzac<br \/>\nNaiara Pardo<br \/>\nLaura G<br \/>\nAlberto Cubillas Alvarez<br \/>\ninaki_p_a<br \/>\nFamilia Velez<br \/>\nLourdes Aguirre<br \/>\nMatxalen MI<br \/>\nFamilia Sanz &amp; Larretxea<br \/>\nMortzel<br \/>\nJuantxo Bengoetxea<br \/>\nIone<br \/>\nElena Carbajosa<br \/>\nJon Alberdi<br \/>\nNuna Arrea<br \/>\nOihane L.G.<br \/>\nMaritoni<br \/>\nNora Alvarez de Eulate San Jose<br \/>\nAgurtzane<br \/>\nIon Mikel<br \/>\nPe\u00f1ita 104<br \/>\nBasque Bites<br \/>\nNess by Esti Garc\u00eda<br \/>\nGaler\u00eda 8360<br \/>\nMarta Vega<br \/>\nXabier Aizpuru<br \/>\nJoakin Larretxea[\/vc_column_text][\/vc_column][\/vc_row]<\/p>\n<\/div>","protected":false},"excerpt":{"rendered":"<p>Pantal\u00f3n unisex de talle alto y entallado en cintura e inspirado en aquellos que llevaban los hombres en el campo y en la mar, denominados \u00abpraka-mantala\u00bb por su caracter\u00edstico cierre frontal con botones. Cierre lateral con cremallera y 2 bolsillos a los lados. Algod\u00f3n org\u00e1nico con certificaci\u00f3n GOTS.<\/p>\n<p>Hecho con cari\u00f1o en Espa\u00f1a.<\/p>\n","protected":false},"featured_media":15201,"comment_status":"open","ping_status":"closed","template":"","meta":{"_joinchat":[]},"product_brand":[],"product_cat":[15,563,562,158,159,679],"product_tag":[759,760,772,877,876,871,763,872,875,767,764],"class_list":{"0":"post-15196","1":"product","2":"type-product","3":"status-publish","4":"has-post-thumbnail","6":"product_cat-todas","7":"product_cat-otono-invierno","8":"product_cat-primavera-verano","9":"product_cat-mujer","10":"product_cat-hombre","11":"product_cat-elkano","12":"product_tag-algodon","13":"product_tag-azul","14":"product_tag-botones","15":"product_tag-camel","16":"product_tag-elkano","17":"product_tag-gots","18":"product_tag-marino","19":"product_tag-organico","20":"product_tag-pantalon","21":"product_tag-sostenible","22":"product_tag-unisex","24":"first","25":"outofstock","26":"taxable","27":"shipping-taxable","28":"purchasable","29":"product-type-variable"},"aioseo_notices":[],"jetpack_sharing_enabled":true,"_links":{"self":[{"href":"https:\/\/amarenak.com\/blog\/wp-json\/wp\/v2\/product\/15196","targetHints":{"allow":["GET"]}}],"collection":[{"href":"https:\/\/amarenak.com\/blog\/wp-json\/wp\/v2\/product"}],"about":[{"href":"https:\/\/amarenak.com\/blog\/wp-json\/wp\/v2\/types\/product"}],"replies":[{"embeddable":true,"href":"https:\/\/amarenak.com\/blog\/wp-json\/wp\/v2\/comments?post=15196"}],"wp:featuredmedia":[{"embeddable":true,"href":"https:\/\/amarenak.com\/blog\/wp-json\/wp\/v2\/media\/15201"}],"wp:attachment":[{"href":"https:\/\/amarenak.com\/blog\/wp-json\/wp\/v2\/media?parent=15196"}],"wp:term":[{"taxonomy":"product_brand","embeddable":true,"href":"https:\/\/amarenak.com\/blog\/wp-json\/wp\/v2\/product_brand?post=15196"},{"taxonomy":"product_cat","embeddable":true,"href":"https:\/\/amarenak.com\/blog\/wp-json\/wp\/v2\/product_cat?post=15196"},{"taxonomy":"product_tag","embeddable":true,"href":"https:\/\/amarenak.com\/blog\/wp-json\/wp\/v2\/product_tag?post=15196"}],"curies":[{"name":"wp","href":"https:\/\/api.w.org\/{rel}","templated":true}]}}