{"id":14668,"date":"2023-08-30T15:39:41","date_gmt":"2023-08-30T15:39:41","guid":{"rendered":"https:\/\/amarenak.com\/?post_type=product&#038;p=14668"},"modified":"2026-03-08T13:06:27","modified_gmt":"2026-03-08T12:06:27","slug":"camisa-kai","status":"publish","type":"product","link":"https:\/\/amarenak.com\/blog\/producto\/todas\/camisa-kai\/","title":{"rendered":"CAMISA KAI"},"content":{"rendered":"<div class=\"wpb-content-wrapper\"><p>[vc_row][vc_column width=\u00bb1\/2&#8243;][vc_column_text]<\/p>\n<h6><strong>La historia<\/strong><\/h6>\n<div class=\"page\" title=\"Page 7\">\n<div class=\"layoutArea\">\n<div class=\"column\">\n<p>La historia textil en <strong>Bergara (Gipuzkoa) comienza en el siglo XV<\/strong>, pero todo se acelera en 1846 cuando surge la <strong>F\u00e1brica de Hilados y Tejidos de Vergara<\/strong> (despue\u0301s Algodonera de San Antonio, luego Tavex y hoy Evlox), la empresa textil ma\u0301s grande de la historia de Euskadi.<\/p>\n<p>Sus <strong>tejidos de algodo\u0301n ten\u0303idos de azul<\/strong> no teni\u0301an competencia, y pronto todo el pueblo acabo\u0301 convirtie\u0301ndose en una gran fa\u0301brica del famoso <strong>\u201ctejido azul de Bergara\u201d<\/strong> utilizado principalmente <strong>para ropa de trabajo.<\/strong><\/p>\n<p>En los 60 se especializan en el tejido Denim, y pronto destacan a nivel mundial con <strong>clientes como Levi\u2019s Strauss.<\/strong> La empresa siguio\u0301 creciendo y poco a poco perdiendo la conexio\u0301n con Bergara, a la vez que dejaba de producir su famoso tejido azul.<\/p>\n<\/div>\n<\/div>\n<\/div>\n<p>[\/vc_column_text][\/vc_column][vc_column width=\u00bb1\/2&#8243;][vc_empty_space height=\u00bb72px\u00bb][vc_single_image image=\u00bb14689&#8243; img_size=\u00bbfull\u00bb add_caption=\u00bbyes\u00bb][\/vc_column][\/vc_row][vc_row][vc_column width=\u00bb1\/2&#8243;][vc_single_image image=\u00bb14693&#8243; img_size=\u00bbfull\u00bb][\/vc_column][vc_column width=\u00bb1\/2&#8243;][vc_column_text]<\/p>\n<h6><strong>Tejido y cuidados <\/strong><\/h6>\n<ul>\n<li><em>Composici\u00f3n tejido: 100% algod\u00f3n<\/em><\/li>\n<\/ul>\n<p><strong>El algod\u00f3n <\/strong>es el tejido vegetal m\u00e1s com\u00fan. Esto se debe a sus muchas propiedades. Es una fibra muy transpirable, y absorbe la humedad y el sudor.\u00a0 Los tejidos de algod\u00f3n son adem\u00e1s muy suaves, resistentes y agradables al tacto.<\/p>\n<p><strong>Cuidados:<\/strong> Lavar en lavadora a 30\u00ba con colores similares. En el primer lavado la prenda encoger\u00e1.[\/vc_column_text][\/vc_column][\/vc_row][vc_row][vc_column width=\u00bb1\/2&#8243;][vc_column_text]<\/p>\n<h6><strong>Trazabilidad y Sostenibilidad<\/strong><\/h6>\n<div class=\"page\" title=\"Page 8\">\n<div class=\"layoutArea\">\n<div class=\"column\">\n<p>Cuando empezamos a investigar esta historia en 2018, descubrimos que la u\u0301ltima empresa confeccionando la mi\u0301tica ropa de trabajo de Bergara, iba a cerrar ese an\u0303o.<\/p>\n<p>Visitamos la fa\u0301brica de <strong>Textil Ibarra<\/strong> y antes de cerrar, compramos parte de su stock, para esta coleccio\u0301n.<\/p>\n<p>Inspiradas en los <strong>remiendos y parches que se haci\u0301an en estas prendas de trabajo,<\/strong> hemos aprovechado los <strong>restos textiles de nuestras anteriores colecciones para customizar esta prenda<\/strong> y darle una segunda vida.<\/p>\n<p>&nbsp;<\/p>\n<h6>produccio\u0301n local y social<\/h6>\n<p>Esta prenda ha sido confeccionada en <strong>talleres de insercio\u0301n social<\/strong> en Renteri\u0301a (Gipuzkoa). El resto de fornituras son tambie\u0301n de origen local.<\/p>\n<\/div>\n<\/div>\n<\/div>\n<p>[\/vc_column_text][\/vc_column][vc_column width=\u00bb1\/2&#8243;][vc_single_image image=\u00bb14697&#8243; img_size=\u00bblarge\u00bb][\/vc_column][\/vc_row]<\/p>\n<\/div>","protected":false},"excerpt":{"rendered":"<p>Camisa original azul BERGARA de algod\u00f3n. Prenda unisex con cuello y 2 botones. Prenda eco-dise\u00f1ada, customizada utilizando retales sobrantes de nuestras colecciones anteriores, inspiradas por la ropa de trabajo utilizada hace\u00a0 m\u00e1s de 100 a\u00f1os en el Pa\u00eds Vasco. Por esta raz\u00f3n, puede que la prenda que recibas no sea exactamente igual que la de la foto.<\/p>\n<p>Colecci\u00f3n limitada producida en un taller de inserci\u00f3n social en Gipuzkoa.<\/p>\n","protected":false},"featured_media":14677,"comment_status":"open","ping_status":"closed","template":"","meta":{"_joinchat":[]},"product_brand":[],"product_cat":[15,563,562,158,159,751],"product_tag":[776,759,760,757,772,758,770,769,775,768,771,765,774,761,763,766,773,767,762,764],"class_list":{"0":"post-14668","1":"product","2":"type-product","3":"status-publish","4":"has-post-thumbnail","6":"product_cat-todas","7":"product_cat-otono-invierno","8":"product_cat-primavera-verano","9":"product_cat-mujer","10":"product_cat-hombre","11":"product_cat-bergara","12":"product_tag-actualizado","13":"product_tag-algodon","14":"product_tag-azul","15":"product_tag-bergara","16":"product_tag-botones","17":"product_tag-camisa","18":"product_tag-crudo","19":"product_tag-euskadi","20":"product_tag-exclusiva","21":"product_tag-floral","22":"product_tag-formas","23":"product_tag-hombre","24":"product_tag-limitada","25":"product_tag-mahon","26":"product_tag-marino","27":"product_tag-mujer","28":"product_tag-retales","29":"product_tag-sostenible","30":"product_tag-trabajador","31":"product_tag-unisex","33":"first","34":"outofstock","35":"taxable","36":"shipping-taxable","37":"purchasable","38":"product-type-variable"},"aioseo_notices":[],"jetpack_sharing_enabled":true,"_links":{"self":[{"href":"https:\/\/amarenak.com\/blog\/wp-json\/wp\/v2\/product\/14668","targetHints":{"allow":["GET"]}}],"collection":[{"href":"https:\/\/amarenak.com\/blog\/wp-json\/wp\/v2\/product"}],"about":[{"href":"https:\/\/amarenak.com\/blog\/wp-json\/wp\/v2\/types\/product"}],"replies":[{"embeddable":true,"href":"https:\/\/amarenak.com\/blog\/wp-json\/wp\/v2\/comments?post=14668"}],"wp:featuredmedia":[{"embeddable":true,"href":"https:\/\/amarenak.com\/blog\/wp-json\/wp\/v2\/media\/14677"}],"wp:attachment":[{"href":"https:\/\/amarenak.com\/blog\/wp-json\/wp\/v2\/media?parent=14668"}],"wp:term":[{"taxonomy":"product_brand","embeddable":true,"href":"https:\/\/amarenak.com\/blog\/wp-json\/wp\/v2\/product_brand?post=14668"},{"taxonomy":"product_cat","embeddable":true,"href":"https:\/\/amarenak.com\/blog\/wp-json\/wp\/v2\/product_cat?post=14668"},{"taxonomy":"product_tag","embeddable":true,"href":"https:\/\/amarenak.com\/blog\/wp-json\/wp\/v2\/product_tag?post=14668"}],"curies":[{"name":"wp","href":"https:\/\/api.w.org\/{rel}","templated":true}]}}