{"id":11541,"date":"2022-08-17T13:43:22","date_gmt":"2022-08-17T13:43:22","guid":{"rendered":"https:\/\/amarenak.com\/?post_type=product&#038;p=11541"},"modified":"2025-12-29T13:47:34","modified_gmt":"2025-12-29T12:47:34","slug":"camiseta-elkano","status":"publish","type":"product","link":"https:\/\/amarenak.com\/blog\/producto\/todas\/camiseta-elkano\/","title":{"rendered":"CAMISETA ELKANO"},"content":{"rendered":"<div class=\"wpb-content-wrapper\"><p>[vc_row][vc_column width=\u00bb1\/2&#8243;][vc_column_text]<\/p>\n<h6><strong>La historia <\/strong><\/h6>\n<p><em>\u201cPrimus circumdedisti me\u201d<\/em>\u00a0fuiste el primero que la vuelta me diste. As\u00ed reza la inscripci\u00f3n del escudo de armas que el Emperador Carlos V\u00a0entreg\u00f3 a <strong>Juan Sebasti\u00e1n Elkano despu\u00e9s de completar la primera circunnavegaci\u00f3n de la Tierra. <\/strong>De esa manera reconoci\u00f3 la haza\u00f1a del navegante vasco, que lleg\u00f3 a Sanl\u00facar de Barrameda el 6 de septiembre de 1522 a bordo de la nao Victoria, tres a\u00f1os despu\u00e9s de zarpar, el 10 de agosto de 1519.<\/p>\n<p><strong>500 a\u00f1os despu\u00e9s<\/strong>, desde Amarenak queremos recordar y homenajear a este personaje y al resto de marineros vascos del siglo XVI, devolviendo a nuestros d\u00edas y a nuestros armarios algunas de sus prendas.[\/vc_column_text][\/vc_column][vc_column width=\u00bb1\/2&#8243;][vc_single_image image=\u00bb11243&#8243; img_size=\u00bbfull\u00bb][\/vc_column][\/vc_row][vc_row][vc_column width=\u00bb1\/2&#8243;][vc_single_image image=\u00bb11239&#8243; img_size=\u00bblarge\u00bb][\/vc_column][vc_column width=\u00bb1\/2&#8243;][vc_column_text]<\/p>\n<h6><strong>Tejido y cuidados <\/strong><\/h6>\n<ul>\n<li><em>Composici\u00f3n tejido: 100% algod\u00f3n org\u00e1nico GOTS<\/em><em>\u00a0\u00a0<\/em><\/li>\n<\/ul>\n<p><strong>El algod\u00f3n\u00a0<\/strong>es el tejido vegetal m\u00e1s com\u00fan. Esto se debe a sus muchas propiedades. Es una fibra muy transpirable, y absorbe la humedad y el sudor.\u00a0 Los tejidos de algod\u00f3n son adem\u00e1s muy suaves, resistentes y agradables al tacto.<\/p>\n<p><strong>Cuidados:<\/strong>\u00a0Lavar en lavadora a 30\u00ba con colores similares. En el primer lavado la prenda puede encoger. Serigraf\u00eda de larga durabilidad.[\/vc_column_text][\/vc_column][\/vc_row][vc_row][vc_column width=\u00bb1\/2&#8243;][vc_column_text]<\/p>\n<h6><strong>Sostenibilidad y trazabilidad<\/strong><em>\u00a0 \u00a0 \u00a0<\/em><\/h6>\n<p>Esta camiseta ha sido <strong>confeccionada en Bangladesh bajo el sello Fair Wear,<\/strong> otorgado por la fundaci\u00f3n independiente Fair Wear Foundation que garantiza que se han respetado las ocho normas laborales principales derivadas de los convenios de la OIT y la Declaraci\u00f3n de las Naciones Unidas sobre los derechos humanos.<\/p>\n<p><strong>La Norma Textil Org\u00e1nica Global (GOTS)<\/strong> es la norma l\u00edder mundial en el procesamiento de textiles hechos con fibra org\u00e1nica, que incluye criterios ecol\u00f3gicos y sociales.<\/p>\n<p>El estampado ha sido creado por\u00a0<strong>Le\u0308le\u0308 Prints<\/strong>\u00a0(Leire Larretxea, San Sebasti\u00e1n), especializada en estampados originales y llamativos, llenos de flores y aves y sobre todo, con\u00a0<strong>grandes dosis de color<\/strong>. Para este dise\u00f1o se ha inspirado en las\u00a0<strong>flores y dibujos bot\u00e1nicos del clavo, pimienta, canela, jengibre y nuez moscada,<\/strong>\u00a0las\u00a0valiosas\u00a0<strong>especias recogidas por la expedici\u00f3n Magallanes-Elkano en las islas Molucas<\/strong>, conocidas como las islas de las Especias. La estampaci\u00f3n se ha realizado con cari\u00f1o en Gipuzkoa.[\/vc_column_text][\/vc_column][vc_column width=\u00bb1\/2&#8243;][vc_single_image image=\u00bb8400&#8243; img_size=\u00bbfull\u00bb alignment=\u00bbcenter\u00bb][vc_single_image image=\u00bb6126&#8243; img_size=\u00bbfull\u00bb alignment=\u00bbcenter\u00bb][vc_single_image image=\u00bb8410&#8243; img_size=\u00bbfull\u00bb alignment=\u00bbcenter\u00bb][\/vc_column][\/vc_row][vc_row][vc_column][vc_column_text]<\/p>\n<h6><strong>AGRADECIMIENTOS:<\/strong><em>\u00a0 \u00a0\u00a0<\/em><\/h6>\n<p>Esta colecci\u00f3n ha sido posible gracias a:[\/vc_column_text][\/vc_column][\/vc_row][vc_row][vc_column width=\u00bb1\/2&#8243;][vc_single_image image=\u00bb8793&#8243; img_size=\u00bbfull\u00bb][\/vc_column][vc_column width=\u00bb1\/2&#8243;][vc_single_image image=\u00bb7659&#8243; img_size=\u00bbfull\u00bb][\/vc_column][\/vc_row][vc_row][vc_column][vc_column_text]Esta historia ha sido financiada v\u00eda crowdfunding por todas estas personas. Millones de gracias a todas ellas por ayudarnos a sacar estas nuevas #historiasquesellevanpuestas a la calle:[\/vc_column_text][\/vc_column][\/vc_row][vc_row][vc_column width=\u00bb1\/2&#8243;][vc_column_text]<\/p>\n<div class=\"page\" title=\"Page 5\">\n<div class=\"layoutArea\">\n<div class=\"column\">\n<p style=\"margin: 0cm;\"><b><i>Uxue Ortega<\/i><\/b><\/p>\n<p style=\"margin: 0cm;\"><b><i>Nagore Otsoa<\/i><\/b><br \/>\n<b><i>Sof\u00eda Pe\u00f1a<\/i><\/b><br \/>\n<b><i>Ricardo Ulises Larrechea <\/i><\/b><\/p>\n<p style=\"margin: 0cm;\"><b><i>Maia Apaolaza<\/i><\/b><br \/>\n<b><i>ONBIZI<\/i><\/b><br \/>\n<b><i>Mabel Mendiguren<\/i><\/b><br \/>\n<b><i>Ane Urtizberea<\/i><\/b><br \/>\n<b><i>Marta S\u00e1ez<\/i><\/b><br \/>\n<b><i>Lara<\/i><\/b><br \/>\n<b><i>OUA<\/i><\/b><br \/>\n<b><i>Carla Libertad Avenue\u00a0<\/i><\/b><br \/>\n<b><i>Arrate<\/i><\/b><br \/>\n<b><i>Mar\u00edapolite<\/i><\/b><br \/>\n<b><i>Xi Lu Gu<\/i><\/b><br \/>\n<b><i>Mar izquierdo<\/i><\/b><br \/>\n<b><i>Josean Rodriguez<\/i><\/b><br \/>\n<b><i>Be\u00f1at Gereka<\/i><\/b><br \/>\n<b><i>Teresa Fdez. <\/i><\/b><\/p>\n<p style=\"margin: 0cm;\"><b><i>Marina Laura S.<\/i><\/b><br \/>\n<b><i>Lore<\/i><\/b><br \/>\n<b><i>Nagore Otsoa<\/i><\/b><br \/>\n<b><i>Jes\u00fas Lacorte<\/i><\/b><br \/>\n<b><i>Leire Jaime<\/i><\/b><br \/>\n<b><i>Garbi\u00f1e de la Granja <\/i><\/b><\/p>\n<p style=\"margin: 0cm;\"><b><i>Zuri Arte<\/i><\/b><\/p>\n<p style=\"margin: 0cm;\"><strong><i>Bea Arrazola<\/i><\/strong><\/p>\n<p style=\"margin: 0cm;\"><strong><i>Javier Bueno <\/i><\/strong><\/p>\n<p style=\"margin: 0cm;\"><strong><i>Jorge Valiente<\/i><\/strong><\/p>\n<p style=\"margin: 0cm;\"><strong><i>Tamara Morales<\/i><\/strong><\/p>\n<\/div>\n<\/div>\n<\/div>\n<p>[\/vc_column_text][\/vc_column][vc_column width=\u00bb1\/2&#8243;][vc_column_text]<\/p>\n<p style=\"margin: 0cm;\"><strong><i>Izadi<\/i><\/strong><br \/>\n<strong><i>Susana L\u00f3pez <\/i><\/strong><\/p>\n<p style=\"margin: 0cm;\"><strong><i>Arzac <\/i><\/strong><\/p>\n<p style=\"margin: 0cm;\"><strong><i>Naiara Pardo<\/i><\/strong><br \/>\n<strong><i>Laura G<\/i><\/strong><br \/>\n<strong><i>Alberto Cubillas Alvarez <\/i><\/strong><\/p>\n<p style=\"margin: 0cm;\"><strong><i>inaki_p_a<\/i><\/strong><br \/>\n<strong><i>Familia Velez<\/i><\/strong><br \/>\n<strong><i>Lourdes Aguirre <\/i><\/strong><\/p>\n<p style=\"margin: 0cm;\"><strong><i>Matxalen MI<\/i><\/strong><br \/>\n<strong><i>Familia Sanz &amp; Larretxea <\/i><\/strong><\/p>\n<p style=\"margin: 0cm;\"><strong><i>Mortzel<\/i><\/strong><br \/>\n<strong><i>Juantxo Bengoetxea <\/i><\/strong><\/p>\n<p style=\"margin: 0cm;\"><strong><i>Ione<\/i><\/strong><br \/>\n<strong><i>Elena Carbajosa <\/i><\/strong><\/p>\n<p style=\"margin: 0cm;\"><strong><i>Jon Alberdi<\/i><\/strong><b><i><br \/>\n<strong>Nuna Arrea<\/strong><\/i><\/b><br \/>\n<strong><i>Oihane L.G.<\/i><\/strong><br \/>\n<strong><i>Maritoni<\/i><\/strong><br \/>\n<strong><i>Nora Alvarez de Eulate San Jose<\/i><\/strong><br \/>\n<strong><i>Agurtzane<\/i><\/strong><br \/>\n<strong><i>Ion Mikel<\/i><\/strong><br \/>\n<strong><i>Pe\u00f1ita 104<\/i><\/strong><br \/>\n<strong><i>Basque Bites<\/i><\/strong><br \/>\n<strong><i>Ness by Esti Garc\u00eda<\/i><\/strong><\/p>\n<p style=\"margin: 0cm;\"><strong><i>Galer\u00eda 8360<\/i><\/strong><br \/>\n<strong><i>Marta Vega<\/i><\/strong><br \/>\n<strong><i>Xabier Aizpuru<\/i><\/strong><br \/>\n<strong><i>Joakin Larretxea<\/i><\/strong><\/p>\n<p>[\/vc_column_text][\/vc_column][\/vc_row]<\/p>\n<\/div>","protected":false},"excerpt":{"rendered":"<p>Camiseta de algod\u00f3n org\u00e1nico GOTS en color blanco roto, con el estampado de la colecci\u00f3n ELKANO, que ha sido creado en colaboraci\u00f3n con L\u00ebl\u00eb prints y est\u00e1 inspirado en las especias recogidas en la expedici\u00f3n Magallanes-Elkano (1519-1522). Disponible en modelo unisex y mujer.<\/p>\n<p>Edici\u00f3n limitada conmemorativa del 500 aniversario de la Primera Vuelta al Mundo.<\/p>\n<p>Prenda estampada digitalmente en Gipuzkoa.<br \/>\nConfeccionada en Bangladesh bajo el sello Fair Wear.<\/p>\n<p>&nbsp;<\/p>\n","protected":false},"featured_media":12463,"comment_status":"closed","ping_status":"closed","template":"","meta":{"_joinchat":{"message_text":"\u00bfTe gusta la historia de {PRODUCT}? Te recordamos que todas nuestras prendas son unidades limitadas y numeradas ;)","message_send":"Kaixo {SITE}!\nMe gustar\u00eda saber m\u00e1s sobre {PRODUCT}? \u00a1Eskerrik asko!"}},"product_brand":[],"product_cat":[15,563,562,158,159,679,1312],"product_tag":[],"class_list":{"0":"post-11541","1":"product","2":"type-product","3":"status-publish","4":"has-post-thumbnail","6":"product_cat-todas","7":"product_cat-otono-invierno","8":"product_cat-primavera-verano","9":"product_cat-mujer","10":"product_cat-hombre","11":"product_cat-elkano","12":"product_cat-ultimas-unidades","14":"first","15":"instock","16":"taxable","17":"shipping-taxable","18":"purchasable","19":"product-type-variable"},"aioseo_notices":[],"jetpack_sharing_enabled":true,"_links":{"self":[{"href":"https:\/\/amarenak.com\/blog\/wp-json\/wp\/v2\/product\/11541","targetHints":{"allow":["GET"]}}],"collection":[{"href":"https:\/\/amarenak.com\/blog\/wp-json\/wp\/v2\/product"}],"about":[{"href":"https:\/\/amarenak.com\/blog\/wp-json\/wp\/v2\/types\/product"}],"replies":[{"embeddable":true,"href":"https:\/\/amarenak.com\/blog\/wp-json\/wp\/v2\/comments?post=11541"}],"wp:featuredmedia":[{"embeddable":true,"href":"https:\/\/amarenak.com\/blog\/wp-json\/wp\/v2\/media\/12463"}],"wp:attachment":[{"href":"https:\/\/amarenak.com\/blog\/wp-json\/wp\/v2\/media?parent=11541"}],"wp:term":[{"taxonomy":"product_brand","embeddable":true,"href":"https:\/\/amarenak.com\/blog\/wp-json\/wp\/v2\/product_brand?post=11541"},{"taxonomy":"product_cat","embeddable":true,"href":"https:\/\/amarenak.com\/blog\/wp-json\/wp\/v2\/product_cat?post=11541"},{"taxonomy":"product_tag","embeddable":true,"href":"https:\/\/amarenak.com\/blog\/wp-json\/wp\/v2\/product_tag?post=11541"}],"curies":[{"name":"wp","href":"https:\/\/api.w.org\/{rel}","templated":true}]}}