{"id":11247,"date":"2022-08-16T11:44:57","date_gmt":"2022-08-16T11:44:57","guid":{"rendered":"https:\/\/amarenak.com\/?post_type=product&#038;p=11247"},"modified":"2025-12-16T16:42:36","modified_gmt":"2025-12-16T15:42:36","slug":"panuelo-elkano","status":"publish","type":"product","link":"https:\/\/amarenak.com\/blog\/producto\/todas\/panuelo-elkano\/","title":{"rendered":"PA\u00d1UELO ELKANO"},"content":{"rendered":"<div class=\"wpb-content-wrapper\"><p>[vc_row][vc_column width=\u00bb1\/2&#8243;][vc_column_text]<\/p>\n<h6><strong>La historia <\/strong><\/h6>\n<p><em>\u201cPrimus circumdedisti me\u201d<\/em>\u00a0fuiste el primero que la vuelta me diste. As\u00ed reza la inscripci\u00f3n del escudo de armas que el Emperador Carlos V\u00a0entreg\u00f3 a <strong>Juan Sebasti\u00e1n Elkano despu\u00e9s de completar la primera circunnavegaci\u00f3n de la Tierra. <\/strong>De esa manera reconoci\u00f3 la haza\u00f1a del navegante vasco, que lleg\u00f3 a Sanl\u00facar de Barrameda el 6 de septiembre de 1522 a bordo de la nao Victoria, tres a\u00f1os despu\u00e9s de zarpar, el 10 de agosto de 1519.<\/p>\n<p><strong>500 a\u00f1os despu\u00e9s<\/strong>, desde Amarenak queremos recordar y homenajear a este personaje y al resto de marineros vascos del siglo XVI, devolviendo a nuestros d\u00edas y a nuestros armarios algunas de sus prendas.[\/vc_column_text][\/vc_column][vc_column width=\u00bb1\/2&#8243;][vc_single_image image=\u00bb11243&#8243; img_size=\u00bblarge\u00bb add_caption=\u00bbyes\u00bb][\/vc_column][\/vc_row][vc_row][vc_column width=\u00bb1\/2&#8243;][vc_single_image image=\u00bb5216&#8243; img_size=\u00bblarge\u00bb][\/vc_column][vc_column width=\u00bb1\/2&#8243;][vc_column_text]<\/p>\n<h6><strong>Tejido y cuidados <\/strong><\/h6>\n<ul>\n<li><em>Composici\u00f3n tejido: 100% seda habotai de 8mm. y 45gr\/mt.<\/em><\/li>\n<\/ul>\n<p><strong>La seda <\/strong>es un tejido\u00a0confeccionado con los hilos del capullo que forma el gusano de seda. Es la fibra natural m\u00e1s <strong>fuerte y suave<\/strong>, caracterizada por su elegante brillo y ca\u00edda.<\/p>\n<p><strong>Cuidados: <\/strong>Lavar a mano en agua fr\u00eda. Se puede secar en secadora y despu\u00e9s planchar con un poco de vapor (se piensa que la seda es muy delicada, pero aguanta muy bien la temperatura).[\/vc_column_text][\/vc_column][\/vc_row][vc_row][vc_column width=\u00bb1\/2&#8243;][vc_column_text]<\/p>\n<h6><strong>Trazabilidad y Sostenibilidad<\/strong><\/h6>\n<p>El estampado ha sido creado por <strong>Le\u0308le\u0308 Prints<\/strong> (Leire Larretxea, San Sebasti\u00e1n), especializada en estampados originales y llamativos, llenos de flores y aves y sobre todo, con <strong>grandes dosis de color<\/strong>. Para este dise\u00f1o se ha inspirado en las <strong>flores y dibujos bot\u00e1nicos del clavo, pimienta, canela, jengibre y nuez moscada,<\/strong> las\u00a0valiosas <strong>especias recogidas por la expedici\u00f3n Magallanes-Elkano en las islas Molucas<\/strong>, conocidas como las islas de las Especias.<\/p>\n<p>Esta prenda ha sido <strong>confeccionada de forma artesanal<\/strong> y con mucho cari\u00f1o en Barcelona.[\/vc_column_text][\/vc_column][vc_column width=\u00bb1\/2&#8243;][vc_single_image image=\u00bb11239&#8243; img_size=\u00bblarge\u00bb][\/vc_column][\/vc_row][vc_row][vc_column][vc_column_text]<\/p>\n<h6><strong>AGRADECIMIENTOS:<\/strong><em>\u00a0 \u00a0\u00a0<\/em><\/h6>\n<p>Esta colecci\u00f3n ha sido posible gracias a:[\/vc_column_text][\/vc_column][\/vc_row][vc_row][vc_column width=\u00bb1\/2&#8243;][vc_single_image image=\u00bb8793&#8243; img_size=\u00bbfull\u00bb][\/vc_column][vc_column width=\u00bb1\/2&#8243;][vc_single_image image=\u00bb7659&#8243; img_size=\u00bbfull\u00bb][\/vc_column][\/vc_row][vc_row][vc_column][vc_column_text]Esta historia ha sido financiada v\u00eda crowdfunding por todas estas personas. Millones de gracias a todas ellas por ayudarnos a sacar estas nuevas #historiasquesellevanpuestas a la calle:[\/vc_column_text][\/vc_column][\/vc_row][vc_row][vc_column width=\u00bb1\/2&#8243;][vc_column_text]<\/p>\n<div class=\"page\" title=\"Page 5\">\n<div class=\"layoutArea\">\n<div class=\"column\">\n<p class=\"p1\"><b><i>Nagore Otsoa<\/i><\/b><br \/>\n<b><i>Sof\u00eda Pe\u00f1a<\/i><\/b><br \/>\n<b><i>Ricardo Ulises Larrechea Maia Apaolaza<\/i><\/b><br \/>\n<b><i>ONBIZI<\/i><\/b><br \/>\n<b><i>Mabel Mendiguren<\/i><\/b><br \/>\n<b><i>Ane Urtizberea<\/i><\/b><br \/>\n<b><i>Marta S\u00e1ez<\/i><\/b><br \/>\n<b><i>Lara<\/i><\/b><br \/>\n<b><i>OUA<\/i><\/b><br \/>\n<b><i>Carla Libertad Avenue Uxue Ortega<\/i><\/b><br \/>\n<b><i>Arrate<\/i><\/b><br \/>\n<b><i>Mar\u00edapolite<\/i><\/b><br \/>\n<b><i>Xi Lu Gu<\/i><\/b><br \/>\n<b><i>Mar izquierdo<\/i><\/b><br \/>\n<b><i>Josean Rodriguez<\/i><\/b><br \/>\n<b><i>Be\u00f1at Gereka<\/i><\/b><br \/>\n<b><i>Teresa Fdez. Marina Laura S.<\/i><\/b><br \/>\n<b><i>Lore<\/i><\/b><br \/>\n<b><i>Nagore Otsoa<\/i><\/b><br \/>\n<b><i>Jes\u00fas Lacorte<\/i><\/b><br \/>\n<b><i>Leire Jaime<\/i><\/b><br \/>\n<b><i>Garbi\u00f1e de la Granja Zuri Arte<\/i><\/b><\/p>\n<\/div>\n<\/div>\n<\/div>\n<p>[\/vc_column_text][\/vc_column][vc_column width=\u00bb1\/2&#8243;][vc_column_text]<em><strong>Bea Arrazola Javier Bueno Jorge Valiente Tamara Morales Izadi<\/strong><\/em><br \/>\n<em><strong>Susana L\u00f3pez Arzac Naiara Pardo<\/strong><\/em><br \/>\n<em><strong>Laura G<\/strong><\/em><br \/>\n<em><strong>Alberto Cubillas Alvarez inaki_p_a<\/strong><\/em><br \/>\n<em><strong>Familia Velez<\/strong><\/em><br \/>\n<em><strong>Lourdes Aguirre Matxalen MI<\/strong><\/em><br \/>\n<em><strong>Familia Sanz &amp; Larretxea Mortzel<\/strong><\/em><br \/>\n<em><strong>Juantxo Bengoetxea Ione<\/strong><\/em><br \/>\n<em><strong>Elena Carbajosa Jon Alberdi<span class=\"s1\"><br \/>\n<\/span>Nuna Arrea<\/strong><\/em><br \/>\n<em><strong>Oihane L.G.<\/strong><\/em><br \/>\n<em><strong>Maritoni<\/strong><\/em><br \/>\n<em><strong>Nora Alvarez de Eulate San Jose<\/strong><\/em><br \/>\n<em><strong>Agurtzane<\/strong><\/em><br \/>\n<em><strong>Ion Mikel<\/strong><\/em><br \/>\n<em><strong>Pe\u00f1ita 104<\/strong><\/em><br \/>\n<em><strong>Basque Bites<\/strong><\/em><br \/>\n<em><strong>Ness by Esti Garc\u00eda, Ordizia Galer\u00eda 8360, Bilbao<\/strong><\/em><br \/>\n<em><strong>Marta Vega<\/strong><\/em><br \/>\n<em><strong>Xabier Aizpuru<\/strong><\/em><br \/>\n<em><strong>Joakin Larretxea<\/strong><\/em>[\/vc_column_text][\/vc_column][\/vc_row]<\/p>\n<\/div>","protected":false},"excerpt":{"rendered":"<p>Pa\u00f1uelo de 100% seda con estampado floral de varios colores que lo hacen perfecto tanto para verano como invierno, diferentes edades y usos.<\/p>\n<p>El estampado de la colecci\u00f3n ELKANO ha sido creado en colaboraci\u00f3n con L\u00ebl\u00eb prints y est\u00e1 inspirado en las especias recogidas en la expedici\u00f3n Magallanes-Elkano (1519-1522).<\/p>\n<p>Edici\u00f3n limitada conmemorativa del 500 aniversario de la Primera Vuelta al Mundo.<\/p>\n<p>Cosido a mano en Barcelona.<\/p>\n","protected":false},"featured_media":12651,"comment_status":"closed","ping_status":"closed","template":"","meta":{"_joinchat":[]},"product_brand":[],"product_cat":[15,563,562,158,159,679,1312],"product_tag":[],"class_list":{"0":"post-11247","1":"product","2":"type-product","3":"status-publish","4":"has-post-thumbnail","6":"product_cat-todas","7":"product_cat-otono-invierno","8":"product_cat-primavera-verano","9":"product_cat-mujer","10":"product_cat-hombre","11":"product_cat-elkano","12":"product_cat-ultimas-unidades","14":"first","15":"instock","16":"taxable","17":"shipping-taxable","18":"purchasable","19":"product-type-simple"},"aioseo_notices":[],"jetpack_sharing_enabled":true,"_links":{"self":[{"href":"https:\/\/amarenak.com\/blog\/wp-json\/wp\/v2\/product\/11247","targetHints":{"allow":["GET"]}}],"collection":[{"href":"https:\/\/amarenak.com\/blog\/wp-json\/wp\/v2\/product"}],"about":[{"href":"https:\/\/amarenak.com\/blog\/wp-json\/wp\/v2\/types\/product"}],"replies":[{"embeddable":true,"href":"https:\/\/amarenak.com\/blog\/wp-json\/wp\/v2\/comments?post=11247"}],"wp:featuredmedia":[{"embeddable":true,"href":"https:\/\/amarenak.com\/blog\/wp-json\/wp\/v2\/media\/12651"}],"wp:attachment":[{"href":"https:\/\/amarenak.com\/blog\/wp-json\/wp\/v2\/media?parent=11247"}],"wp:term":[{"taxonomy":"product_brand","embeddable":true,"href":"https:\/\/amarenak.com\/blog\/wp-json\/wp\/v2\/product_brand?post=11247"},{"taxonomy":"product_cat","embeddable":true,"href":"https:\/\/amarenak.com\/blog\/wp-json\/wp\/v2\/product_cat?post=11247"},{"taxonomy":"product_tag","embeddable":true,"href":"https:\/\/amarenak.com\/blog\/wp-json\/wp\/v2\/product_tag?post=11247"}],"curies":[{"name":"wp","href":"https:\/\/api.w.org\/{rel}","templated":true}]}}