{"id":8676,"date":"2021-04-09T10:00:47","date_gmt":"2021-04-09T10:00:51","guid":{"rendered":"https:\/\/amarenak.com\/?post_type=product&#038;p=8676"},"modified":"2024-04-09T14:57:49","modified_gmt":"2024-04-09T14:57:49","slug":"camiseta-woman-from-vitoria","status":"publish","type":"product","link":"https:\/\/amarenak.com\/blog\/fr\/producto\/toutes\/camiseta-woman-from-vitoria\/","title":{"rendered":"CAMISETA WOMAN FROM VITORIA"},"content":{"rendered":"<div class=\"wpb-content-wrapper\"><p>[vc_row][vc_column width=\u00a0\u00bb1\/2&Prime;][vc_column_text]<\/p>\n<h6><strong>L&rsquo;histoire<\/strong><\/h6>\n<p>Depuis le XIVe si\u00e8cle, les <strong>femmes basques portaient de curieuses coiffes<\/strong>, pour exprimer leur origine, leur statut et leur style, dont certaines tr\u00e8s suggestives. Les jeunes femmes c\u00e9libataires portaient la t\u00eate d\u00e9couverte et les cheveux ras\u00e9s, par souci d&rsquo;hygi\u00e8ne.<\/p>\n<p>Elles portaient la t\u00eate d\u00e9couverte et les cheveux ras\u00e9s, par souci d&rsquo;hygi\u00e8ne.<\/p>\n<p>Il n&rsquo;existe pratiquement aucune image de ces coiffes, jusqu&rsquo;\u00e0 ce que <strong>au XVIe si\u00e8cle,<\/strong> avec la d\u00e9couverte de l&rsquo;Am\u00e9rique et le premier tour du monde, \u00e9veille la curiosit\u00e9 des humains pour conna\u00eetre d&rsquo;autres cultures. C&rsquo;est ainsi que sont n\u00e9s les codex de costumes, dans lesquels les voyageurs illustraient ce \u00e0 quoi ressemblaient les gens dans d&rsquo;autres lieux. Les \u00e9trangers qui ont voyag\u00e9 en Euskadi, ont \u00e9t\u00e9 impressionn\u00e9s et ont report\u00e9 dans les codex de l&rsquo;\u00e9poque les centaines de coiffes qu&rsquo;ils ont vues.<\/p>\n<p>Au d\u00e9but du XVIIe si\u00e8cle, <strong>l&rsquo;interdiction de l&rsquo;\u00c9glise<\/strong> qui les consid\u00e9rait comme obsc\u00e8nes et l&rsquo;irruption d&rsquo;autres modes, les ont fait dispara\u00eetre et, des centaines d&rsquo;ann\u00e9es plus tard, on ne sait presque plus ce qu&rsquo;a \u00e9t\u00e9<strong>le v\u00eatement basque le plus caract\u00e9ristique pendant plus de 3 si\u00e8cles. <\/strong><\/p>\n<p>Pour faire conna\u00eetre cette histoire, nous avons voulu retrouver une <strong>gravure de 1570 qui se trouve \u00e0 la Biblioth\u00e8que nationale de Paris.<\/strong><\/p>\n<p>Nous avons \u00e9galement retrouv\u00e9 une <strong>gravure de 1570 qui se trouve \u00e0 la Biblioth\u00e8que nationale de Paris.<\/strong>[\/vc_column_text][\/vc_column][vc_column width=\u00a0\u00bb1\/2&Prime;][vc_single_image image=\u00a0\u00bb8689&Prime; img_size=\u00a0\u00bbfull\u00a0\u00bb][\/vc_column][\/vc_row][vc_row][vc_column width=\u00a0\u00bb1\/2&Prime;][vc_single_image image=\u00a0\u00bb8399&Prime; img_size=\u00a0\u00bblarge\u00a0\u00bb][\/vc_column][vc_column width=\u00a0\u00bb1\/2&Prime;][vc_column_text]<br \/>\nProcessus de travail<br \/>\nPour d\u00e9velopper cette collection, nous avons compil\u00e9 plus de 200 illustrations, reproductions et peintures de l&rsquo;\u00e9poque et, par le biais d&rsquo;une campagne de crowdfunding, nous avons s\u00e9lectionn\u00e9 5 de ces images avec les votes des comecenas, pour que, une fois de plus, vous puissiez porter cette histoire et la sauver de l&rsquo;oubli.<\/p>\n<p>\u00c0 partir des illustrations originales de femmes basques du XVIe si\u00e8cle, nous avons cr\u00e9\u00e9 les dessins de la collection pour en faire de nouvelles ic\u00f4nes de notre \u00e9poque, en ajoutant un texte indiquant ce qui \u00e9tait mentionn\u00e9 dans l&rsquo;illustration originale.<\/p>\n<p>Enfin, ces illustrations ont \u00e9t\u00e9 soigneusement et m\u00e9ticuleusement s\u00e9rigraphi\u00e9es avec des encres \u00e9cologiques sur des T-shirts et des feuilles de papier dans l&rsquo;atelier de s\u00e9rigraphie de Gko Art Studio \u00e0 Tolosa (Gipuzkoa).<\/p>\n<p>[\/vc_column_text][\/vc_column][\/vc_row][vc_row][vc_column width=\u00a0\u00bb1\/2&Prime;][vc_column_text]<br \/>\nDurabilit\u00e9, tra\u00e7abilit\u00e9 et tissu.<br \/>\nCe T-shirt a \u00e9t\u00e9 fabriqu\u00e9 au Bangladesh sous le label Fair Wear, d\u00e9cern\u00e9 par la Fair Wear Foundation ind\u00e9pendante, qui garantit le respect des huit normes fondamentales du travail issues des conventions de l&rsquo;OIT et de la D\u00e9claration des droits de l&rsquo;homme des Nations unies.<\/p>\n<p>Composition du tissu : 100% coton biologique GOTS<br \/>\nLe coton est le tissu v\u00e9g\u00e9tal le plus courant. Cela est d\u00fb \u00e0 ses nombreuses propri\u00e9t\u00e9s. C&rsquo;est une fibre tr\u00e8s respirante, qui absorbe l&rsquo;humidit\u00e9 et la transpiration. Les tissus en coton sont \u00e9galement tr\u00e8s doux, r\u00e9sistants et agr\u00e9ables au toucher.<\/p>\n<p>Le Global Organic Textile Standard (GOTS) est la principale norme mondiale pour le traitement des textiles fabriqu\u00e9s \u00e0 partir de fibres biologiques, qui comprend des crit\u00e8res \u00e9cologiques et sociaux.<\/p>\n<p>Pour la s\u00e9rigraphie, on a utilis\u00e9 des encres textiles \u00e0 base d&rsquo;eau GREEN EARTH, qui respectent les r\u00e9glementations et conditions de l&rsquo;Union europ\u00e9enne en mati\u00e8re de traitements \u00e9cologiques et r\u00e9pondent \u00e0 la norme OEKO-TEX 100 (sans formald\u00e9hyde ni APEOS), formul\u00e9es avec des pigments exempts de m\u00e9taux lourds.<\/p>\n<p>Entretien : Lavage en machine \u00e0 30\u00ba avec des couleurs similaires. Le v\u00eatement peut r\u00e9tr\u00e9cir apr\u00e8s le premier lavage. S\u00e9rigraphie longue dur\u00e9e.[\/vc_column_text][\/vc_column][vc_column width=\u00a0\u00bb1\/2&Prime;][vc_single_image image=\u00a0\u00bb8403&Prime; img_size=\u00a0\u00bbfull\u00a0\u00bb alignment=\u00a0\u00bbcenter\u00a0\u00bb][vc_single_image image=\u00a0\u00bb6129&Prime; img_size=\u00a0\u00bbfull\u00a0\u00bb alignment=\u00a0\u00bbcenter\u00a0\u00bb][vc_single_image image=\u00a0\u00bb8413&Prime; img_size=\u00a0\u00bbfull\u00a0\u00bb alignment=\u00a0\u00bbcenter\u00a0\u00bb][\/vc_column][\/vc_row][vc_row][vc_column][vc_column_text]<br \/>\nRemerciements :<br \/>\nCette illustration a \u00e9t\u00e9 sponsoris\u00e9e par :[\/vc_column_text][vc_single_image image=\u00a0\u00bb8800&Prime; img_size=\u00a0\u00bbfull\u00a0\u00bb alignment=\u00a0\u00bbcenter\u00a0\u00bb][vc_column_text]Cette histoire a \u00e9t\u00e9 financ\u00e9e par crowdfunding par toutes ces personnes. Des millions de mercis \u00e0 tous ceux qui nous ont aid\u00e9s \u00e0 faire descendre ces nouvelles #historiasquesellevanpuestas dans les rues :[\/vc_column_text][\/vc_column][\/vc_row][vc_row][vc_column width=\u00a0\u00bb1\/3&Prime;][vc_column_text]<strong><em>Jaione Arizmendi<\/em><\/strong><br \/>\n<strong><em>Ibon<\/em><\/strong><br \/>\n<strong><em>Myriam Alcain<\/em><\/strong><br \/>\n<strong><em>Luc\u00eda Agirre<\/em><\/strong><br \/>\n<strong><em>Eider Juanena Ibarbia<\/em><\/strong><br \/>\n<strong><em>Adriana Uribesalgo<\/em><\/strong><br \/>\n<strong><em>Beatriz C\u00e1rcamo Aboitiz<\/em><\/strong><br \/>\n<strong><em>Maite Arana<\/em><\/strong><br \/>\n<strong><em>Maider Laduche<\/em><\/strong><br \/>\n<strong><em>Ver\u00f3nica Vieites L\u00f3pez<\/em><\/strong><br \/>\n<strong><em>LAC\u00d8RTE films<\/em><\/strong><br \/>\n<strong><em>Jes\u00fas Lacorte<\/em><\/strong><br \/>\n<strong><em>Koldo<\/em><\/strong><br \/>\n<strong><em>MariToni<\/em><\/strong><br \/>\n<strong><em>Oianko Choperena<\/em><\/strong><br \/>\n<strong><em>Leire Jaime<\/em><\/strong><br \/>\n<strong><em>Izadi<\/em><\/strong><br \/>\n<strong><em>Tamara Morales<\/em><\/strong><br \/>\n<strong><em>Karmele U. U.<\/em><\/strong><br \/>\n<strong><em>Amai Fern\u00e1ndez Santiago<\/em><\/strong><br \/>\n<strong><em>Araitz<\/em><\/strong><br \/>\n<strong><em>A\u00edda Mart\u00ednez y Mar\u00eda Luisa S\u00e1nchez<\/em><\/strong><br \/>\n<strong><em>Nouna Arrea<\/em><\/strong><br \/>\n<strong><em>Ion Mikel<\/em><\/strong><br \/>\n<strong><em>Sylvia Bargallo<\/em><\/strong><br \/>\n<strong><em>Sara Gal\u00e1n<\/em><\/strong><br \/>\n<strong><em>Libertad Avenue<\/em><\/strong><br \/>\n<strong><em>Idoia Blanco<\/em><\/strong>[\/vc_column_text][\/vc_column][vc_column width=\u00a0\u00bb1\/3&Prime;][vc_column_text]<strong><em>Ainara Orozco<br \/>\nCabe<\/em><\/strong><br \/>\n<strong><em>Mar Izquierdo<br \/>\nMaia Apaolaza<\/em><\/strong><br \/>\n<strong><em>Lara<\/em><\/strong><br \/>\n<strong><em>Ione Mar\u00edn<\/em><\/strong><br \/>\n<strong><em>Ander Arrillaga Albeniz<\/em><\/strong><br \/>\n<strong><em>Irati Aranguren Arrizabalaga<\/em><\/strong><br \/>\n<strong><em>Ana I<\/em><\/strong><br \/>\n<strong><em>M\u00f3nica Z\u00fa\u00f1iga<\/em><\/strong><br \/>\n<strong><em>JP<\/em><\/strong><br \/>\n<strong><em>Carlos Ramiro<\/em><\/strong><br \/>\n<strong><em>Nati Armentia<\/em><\/strong><br \/>\n<strong><em>Ana Elexpuru Artetxe<\/em><\/strong><br \/>\n<strong><em>Lekun<\/em><\/strong><br \/>\n<strong><em>Terese Garc\u00eda Ortiz<\/em><\/strong><br \/>\n<strong><em>Mireia Munner Bilbao<\/em><\/strong><br \/>\n<strong><em>Mabel Mendiguren<\/em><\/strong><br \/>\n<strong><em>Alicia Sainz &#8211; Vizcaya<\/em><\/strong><br \/>\n<strong><em>Bidatour. P\u00eda Alkain<\/em><\/strong><br \/>\n<strong><em>Iratxe Paz Leiza<\/em><\/strong><br \/>\n<strong><em>Naiara Arregi<\/em><\/strong><br \/>\n<strong><em>Bel\u00e9n Fdez. de Lezeta Orbiso<\/em><\/strong><br \/>\n<strong><em>Nerea Fuente<\/em><\/strong><br \/>\n<strong><em>Irune Gonz\u00e1lez Cruz<\/em><\/strong><br \/>\n<strong><em>Silvia Pardo<\/em><\/strong><br \/>\n<strong><em>Diana Pardo<\/em><\/strong><br \/>\n<strong><em>Olaia Agirre &#8211; OAZ Coaching<\/em><\/strong><br \/>\n<strong><em>Nora Iglesias<\/em><\/strong>[\/vc_column_text][\/vc_column][vc_column width=\u00a0\u00bb1\/3&Prime;][vc_column_text]<strong><em>Eva Zapiain<br \/>\nGloria<\/em><\/strong><br \/>\n<strong><em>Betiedur<\/em><\/strong><br \/>\n<strong><em>Josune<\/em><\/strong><br \/>\n<strong><em>I\u00f1aki Pagnon Arostegui <\/em><\/strong><br \/>\n<strong><em>Amaia Arrillaga Ar\u00edzaga<\/em><\/strong><br \/>\n<strong><em>Bilibin Circular<\/em><\/strong><br \/>\n<strong><em>Nora Alvarez de Eulate San Jose<\/em><\/strong><br \/>\n<strong><em>Xabi Aizpuru<\/em><\/strong><br \/>\n<strong><em>Eli Huertas Navarro<\/em><\/strong><br \/>\n<strong><em>Ziortza Morales fernandez <\/em><\/strong><br \/>\n<strong><em>Sofia Pe\u00f1a <\/em><\/strong><br \/>\n<strong><em>Laura Gim\u00e9nez Rodrigo<\/em><\/strong><br \/>\n<strong><em>Anita Gambra<\/em><\/strong><br \/>\n<strong><em>I\u00f1akito <\/em><\/strong><br \/>\n<strong><em>Galer\u00eda 8360 (Bilbao)<\/em><\/strong><br \/>\n<strong><em>Iztru con \u00d1 (Arnedo, La Rioja)<\/em><\/strong><br \/>\n<strong><em>Mendizabal Euskal Jantziak (Zarautz)<\/em><\/strong><br \/>\n<strong><em>N E S S by Esti Garc\u00eda (Ordizia)<\/em><\/strong><br \/>\n<strong><em>Crist\u00f3bal Balenciaga Museoa (Getaria)<\/em><\/strong><br \/>\n<strong><em>San Telmo Museoa (Donostia)<\/em><\/strong><br \/>\n<strong><em>Conservas Maisor (Getaria)<\/em><\/strong><br \/>\n<strong><em>Hotel Boutique Villa Favorita (Donostia)<\/em><\/strong><br \/>\n<strong><em>Gipuzkoa Kultura &#8211; Piztu Meta!<\/em><\/strong>[\/vc_column_text][\/vc_column][\/vc_row][vc_row][vc_column][vc_raw_html]PGRpdiBjbGFzcz0iY29udGFpbmVyLXRhY2t0aWwiIHN0eWxlPSJwb3NpdGlvbjogcmVsYXRpdmU7IG92ZXJmbG93OiBoaWRkZW47IHdpZHRoOiAxMDAlOyBwYWRkaW5nLXRvcDogNTYuMjUlOyI+PGlmcmFtZSBjbGFzcz0iaWZyYW1lLXRhY2t0aWwiIHN0eWxlPSJwb3NpdGlvbjogYWJzb2x1dGU7IHRvcDogMDsgbGVmdDogMDsgYm90dG9tOiAwOyByaWdodDogMDsgd2lkdGg6IDEwMCU7IGhlaWdodDogMTAwJTsgYm9yZGVyOiAwOyIgdGl0bGU9IjE5X2NhbWlzZXRhLXdvbWFuLWZyb20tdG9sb3NhIiBzcmM9Imh0dHBzOi8vd3d3LnRhY2t0aWwuY29tL2VzL3Zpc29yL2V5SjBlWEFpT2lKS1YxUWlMQ0poYkdjaU9pSklVekkxTmlKOS5leUpsZUdsa0lqb3lOako5LndGZG4zcllwWmtucC0zLVFPcWozRVd0cHhLS1BjLWJndVoyeERtUV8zdm8iIGZyYW1lYm9yZGVyPSIwIiBzY3JvbGxpbmc9Im5vIiBhbGxvd2Z1bGxzY3JlZW49ImFsbG93ZnVsbHNjcmVlbiI+PC9pZnJhbWU+PC9kaXY+[\/vc_raw_html][\/vc_column][\/vc_row]<\/p>\n<\/div>","protected":false},"excerpt":{"rendered":"<p>Robe en coton avec des motifs imprim\u00e9s inspir\u00e9s de broderies traditionnelles en point de croix. Coupe droite et manches courtes, cintr\u00e9 \u00e0 la taille avec un ruban en satin de coton.<\/p>\n<p>V\u00eatement imprim\u00e9 avec des teintures \u00e9cologiques et confectionn\u00e9 suivant la philosophie #zerowaste (z\u00e9ro d\u00e9chet). Fabriqu\u00e9 avec amour au Pays Basque.<\/p>\n<p style=\"font-size: 11px;\">*Josune\u00a0 mesure 1,67 m et porte une taille U (unique). Si vous voulez un taille sp\u00e9ciale, <a href=\"https:\/\/amarenak.com\/fr\/prendre-rdv\/\">\u00e9crivez-nous<\/a>.<\/p>\n","protected":false},"featured_media":9001,"comment_status":"closed","ping_status":"closed","template":"","meta":{"_joinchat":[]},"product_brand":[],"product_cat":[329,569,565,331,379,592,1315],"product_tag":[],"class_list":{"0":"post-8676","1":"product","2":"type-product","3":"status-publish","4":"has-post-thumbnail","6":"product_cat-toutes","7":"product_cat-automne-hiver","8":"product_cat-printemps-ete","9":"product_cat-femme","10":"product_cat-homme","11":"product_cat-burukoak-t-shirt-fr","12":"product_cat-dernieres-unites","14":"first","15":"instock","16":"taxable","17":"shipping-taxable","18":"purchasable","19":"product-type-variable"},"aioseo_notices":[],"jetpack_sharing_enabled":true,"_links":{"self":[{"href":"https:\/\/amarenak.com\/blog\/fr\/wp-json\/wp\/v2\/product\/8676","targetHints":{"allow":["GET"]}}],"collection":[{"href":"https:\/\/amarenak.com\/blog\/fr\/wp-json\/wp\/v2\/product"}],"about":[{"href":"https:\/\/amarenak.com\/blog\/fr\/wp-json\/wp\/v2\/types\/product"}],"replies":[{"embeddable":true,"href":"https:\/\/amarenak.com\/blog\/fr\/wp-json\/wp\/v2\/comments?post=8676"}],"wp:featuredmedia":[{"embeddable":true,"href":"https:\/\/amarenak.com\/blog\/fr\/wp-json\/wp\/v2\/media\/9001"}],"wp:attachment":[{"href":"https:\/\/amarenak.com\/blog\/fr\/wp-json\/wp\/v2\/media?parent=8676"}],"wp:term":[{"taxonomy":"product_brand","embeddable":true,"href":"https:\/\/amarenak.com\/blog\/fr\/wp-json\/wp\/v2\/product_brand?post=8676"},{"taxonomy":"product_cat","embeddable":true,"href":"https:\/\/amarenak.com\/blog\/fr\/wp-json\/wp\/v2\/product_cat?post=8676"},{"taxonomy":"product_tag","embeddable":true,"href":"https:\/\/amarenak.com\/blog\/fr\/wp-json\/wp\/v2\/product_tag?post=8676"}],"curies":[{"name":"wp","href":"https:\/\/api.w.org\/{rel}","templated":true}]}}