{"id":6172,"date":"2019-11-06T22:55:59","date_gmt":"2019-11-06T22:55:59","guid":{"rendered":"https:\/\/amarenak.com\/?post_type=product&#038;p=6172"},"modified":"2024-04-12T12:26:29","modified_gmt":"2024-04-12T12:26:29","slug":"kaiku-luze-hodei","status":"publish","type":"product","link":"https:\/\/amarenak.com\/blog\/fr\/producto\/toutes\/kaiku-luze-hodei\/","title":{"rendered":"KAIKU LUZE HODEI"},"content":{"rendered":"<div class=\"wpb-content-wrapper\"><p>[vc_row][vc_column width=\u00a0\u00bb1\/2&Prime;][vc_column_text]<\/p>\n<h6><strong><em>L\u2019Histoire<\/em><\/strong><\/h6>\n<p>Le <em>kaiku<\/em> ou <em>lekeitiarra<\/em> est <strong>une veste traditionnelle du Pays Basque, qui habillait autrefois <em>les arrantzaleak<\/em>, les p\u00eacheurs<\/strong> de la baie de Biscaye. Il \u00e9tait fabriqu\u00e9 en drap de laine tr\u00e8s \u00e9pais pour prot\u00e9ger parfaitement du vent et des bourrasques du nord.<\/p>\n<p>Durant les ann\u00e9es 1920, une nouvelle version plus urbaine est apparue, que les <em>amonak<\/em> (nos grand-m\u00e8res) d\u00e9mocratis\u00e8rent en le faisant porter \u00e0 leurs enfants et petits-enfants. C&rsquo;est ainsi que <strong>le <em>kaiku<\/em> est rapidement devenu la veste pr\u00e9f\u00e9r\u00e9e des Basques.<\/strong> Aujourd\u2019hui, cette veste a quasiment disparu.[\/vc_column_text][\/vc_column][vc_column width=\u00a0\u00bb1\/2&Prime;][vc_single_image image=\u00a0\u00bb5776&Prime; img_size=\u00a0\u00bblarge\u00a0\u00bb][\/vc_column][\/vc_row][vc_row][vc_column width=\u00a0\u00bb1\/2&Prime;][vc_single_image image=\u00a0\u00bb5961&Prime; img_size=\u00a0\u00bblarge\u00a0\u00bb][\/vc_column][vc_column width=\u00a0\u00bb1\/2&Prime;][vc_column_text]<\/p>\n<h6><strong>Tissus et entretien<\/strong><\/h6>\n<ul>\n<li><em>Composition du tissu : 100 % laine m\u00e9rinos<br \/>\n<\/em><em>\u00a0<\/em><\/li>\n<\/ul>\n<p><strong>La laine <\/strong>est un des tissus naturels les plus incroyables qui existent. Biod\u00e9gradable et durable. Elle est g\u00e9n\u00e9ralement obtenue des brebis, qu\u2019elle maintient au chaud l\u2019hiver. Ses propri\u00e9t\u00e9s sont spectaculaires, surtout pour les habits d\u2019ext\u00e9rieur, car elle r\u00e9gule naturellement la temp\u00e9rature en vous maintenant sec et au chaud l\u2019hiver, absorbe l\u2019humidit\u00e9 et est r\u00e9sistante aux odeurs, \u00e0 la moisissure et aux taches.<\/p>\n<p><strong>Dans le secteur de la laine, la laine m\u00e9rinos<\/strong> est aussi consid\u00e9r\u00e9e comme l\u2019une des meilleures \u00e0 cause de sa finesse et de sa douceur. Pour sa transformation en drap, le tissu est soumis \u00e0 une s\u00e9rie de processus m\u00e9caniques qui compactent la laine, la rendant pratiquement imperm\u00e9able \u00e0 l\u2019eau et herm\u00e9tique au vent.<\/p>\n<p><strong>Entretien\u00a0:<\/strong> Il est conseill\u00e9 de ne pas laver trop souvent votre v\u00eatement, seulement si c\u2019est vraiment n\u00e9cessaire. Lavez-le \u00e0 sec une fois la saison termin\u00e9e et rangez-le, de pr\u00e9f\u00e9rence sur un cintre, dans un endroit sec et ventil\u00e9, \u00e0 l\u2019abri de la lumi\u00e8re directe du soleil, jusqu\u2019\u00e0 l\u2019ann\u00e9e suivante.[\/vc_column_text][\/vc_column][\/vc_row][vc_row][vc_column width=\u00a0\u00bb1\/2&Prime;][vc_column_text]<\/p>\n<h6><strong>Tra\u00e7abilit\u00e9 et D\u00e9veloppement durable<\/strong><\/h6>\n<p>Le drap de laine de ce v\u00eatement <strong>a \u00e9t\u00e9 fil\u00e9 et tiss\u00e9 dans un village du L\u00e9on<\/strong>, par une des rares entreprises qui subsistent encore en Espagne. La laine provient de troupeaux de Palencia et d\u2019Estr\u00e9madure, o\u00f9 les droits des animaux sont respect\u00e9s.<\/p>\n<p>Ce v\u00eatement a \u00e9t\u00e9 confectionn\u00e9 avec amour <strong>par des tailleurs et des couturi\u00e8res de Bizkaia<\/strong> (Pays Basque).<\/p>\n<p>Certains des mod\u00e8les ne sont <strong>produits que sur commande<\/strong> afin d\u2019\u00e9viter la surproduction et de gaspiller le tissu. Ce proc\u00e9d\u00e9 re\u00e7oit le nom de <strong>#SlowFashion<\/strong> ou \u00ab mode lente \u00bb.[\/vc_column_text][\/vc_column][vc_column width=\u00a0\u00bb1\/2&Prime;][vc_single_image image=\u00a0\u00bb5965&Prime; img_size=\u00a0\u00bblarge\u00a0\u00bb][\/vc_column][\/vc_row][vc_row][vc_column][vc_raw_html]PGRpdiBjbGFzcz0iY29udGFpbmVyLXRhY2t0aWwiIHN0eWxlPSJwb3NpdGlvbjogcmVsYXRpdmU7IG92ZXJmbG93OiBoaWRkZW47IHdpZHRoOiAxMDAlOyBwYWRkaW5nLXRvcDogNTYuMjUlOyI+PGlmcmFtZSBjbGFzcz0iaWZyYW1lLXRhY2t0aWwiIHN0eWxlPSJwb3NpdGlvbjogYWJzb2x1dGU7IHRvcDogMDsgbGVmdDogMDsgYm90dG9tOiAwOyByaWdodDogMDsgd2lkdGg6IDEwMCU7IGhlaWdodDogMTAwJTsgYm9yZGVyOiAwOyIgdGl0bGU9IjAxX2thaWt1LWx1emUtaG9kZWkiIHNyYz0iaHR0cHM6Ly93d3cudGFja3RpbC5jb20vZXMvdmlzb3IvZXlKMGVYQWlPaUpLVjFRaUxDSmhiR2NpT2lKSVV6STFOaUo5LmV5SmxlR2xrSWpveU5EWjkuQklGOFNZRDg3MEhwYks3RVIxOXFELU5VemZEUmpNTDctdkV0aWdtUVlqdyIgZnJhbWVib3JkZXI9IjAiIHNjcm9sbGluZz0ibm8iIGFsbG93ZnVsbHNjcmVlbj0iYWxsb3dmdWxsc2NyZWVuIj48L2lmcmFtZT48L2Rpdj4=[\/vc_raw_html][\/vc_column][\/vc_row]<\/p>\n<\/div>","protected":false},"excerpt":{"rendered":"<p>Veste <em>kaiku<\/em> en laine m\u00e9rinos longue. Coupe droite l\u00e9g\u00e8rement cintr\u00e9e au dos. La veste est d\u00e9cor\u00e9e de bandes de satin, \u00e0 l\u2019int\u00e9rieur et \u00e0 l\u2019ext\u00e9rieur.<\/p>\n<p>Confectionn\u00e9e avec amour au Pays Basque.<\/p>\n<p style=\"font-size: 11px;\">* Naiara mesure 1,67 m et porte une taille S. Si vous voulez un taille sp\u00e9ciale, <a href=\"https:\/\/amarenak.com\/fr\/prendre-rdv\/\">\u00e9crivez-nous<\/a>.<\/p>\n<p><a href=\"https:\/\/www.tacktil.com\/es\/visor\/eyJ0eXAiOiJKV1QiLCJhbGciOiJIUzI1NiJ9.eyJleGlkIjoyNDZ9.BIF8SYD870HpbK7ER19qD-NUzfDRjML7-vEtigmQYjw\" target=\"_blank\" rel=\"noopener\"><img loading=\"lazy\" decoding=\"async\" class=\"alignnone size-full wp-image-9082\" src=\"https:\/\/amarenak.com\/wp-content\/uploads\/2021\/04\/icons8-360-view-50-1.png\" alt=\"\" width=\"50\" height=\"50\" \/><\/a><\/p>\n","protected":false},"featured_media":6181,"comment_status":"closed","ping_status":"closed","template":"","meta":{"_joinchat":[]},"product_brand":[],"product_cat":[329,569,331,330,488],"product_tag":[],"class_list":{"0":"post-6172","1":"product","2":"type-product","3":"status-publish","4":"has-post-thumbnail","6":"product_cat-toutes","7":"product_cat-automne-hiver","8":"product_cat-femme","9":"product_cat-kaiku-fr","10":"product_cat-fourre-tout","12":"first","13":"outofstock","14":"sale","15":"sold-individually","16":"taxable","17":"shipping-taxable","18":"purchasable","19":"product-type-variable"},"aioseo_notices":[],"jetpack_sharing_enabled":true,"_links":{"self":[{"href":"https:\/\/amarenak.com\/blog\/fr\/wp-json\/wp\/v2\/product\/6172","targetHints":{"allow":["GET"]}}],"collection":[{"href":"https:\/\/amarenak.com\/blog\/fr\/wp-json\/wp\/v2\/product"}],"about":[{"href":"https:\/\/amarenak.com\/blog\/fr\/wp-json\/wp\/v2\/types\/product"}],"replies":[{"embeddable":true,"href":"https:\/\/amarenak.com\/blog\/fr\/wp-json\/wp\/v2\/comments?post=6172"}],"wp:featuredmedia":[{"embeddable":true,"href":"https:\/\/amarenak.com\/blog\/fr\/wp-json\/wp\/v2\/media\/6181"}],"wp:attachment":[{"href":"https:\/\/amarenak.com\/blog\/fr\/wp-json\/wp\/v2\/media?parent=6172"}],"wp:term":[{"taxonomy":"product_brand","embeddable":true,"href":"https:\/\/amarenak.com\/blog\/fr\/wp-json\/wp\/v2\/product_brand?post=6172"},{"taxonomy":"product_cat","embeddable":true,"href":"https:\/\/amarenak.com\/blog\/fr\/wp-json\/wp\/v2\/product_cat?post=6172"},{"taxonomy":"product_tag","embeddable":true,"href":"https:\/\/amarenak.com\/blog\/fr\/wp-json\/wp\/v2\/product_tag?post=6172"}],"curies":[{"name":"wp","href":"https:\/\/api.w.org\/{rel}","templated":true}]}}