{"id":6077,"date":"2019-11-06T15:50:19","date_gmt":"2019-11-06T15:50:19","guid":{"rendered":"https:\/\/amarenak.com\/?post_type=product&#038;p=6077"},"modified":"2024-04-11T08:54:26","modified_gmt":"2024-04-11T08:54:26","slug":"kaikubasquero-bleu","status":"publish","type":"product","link":"https:\/\/amarenak.com\/blog\/fr\/producto\/toutes\/kaikubasquero-bleu\/","title":{"rendered":"KAIKUBASQUERO BLEU"},"content":{"rendered":"<div class=\"wpb-content-wrapper\"><p>[vc_row][vc_column width=\u00a0\u00bb1\/2&Prime;][vc_column_text]<\/p>\n<h6><strong><em>L\u2019Histoire<\/em><\/strong><\/h6>\n<p>Le <em>kaiku<\/em> ou <em>lekeitiarra<\/em> est <strong>une veste traditionnelle du Pays Basque, qui habillait autrefois <em>les arrantzaleak<\/em>, les p\u00eacheurs<\/strong> de la baie de Biscaye. Il \u00e9tait fabriqu\u00e9 en drap de laine tr\u00e8s \u00e9pais pour prot\u00e9ger parfaitement du vent et des bourrasques du nord.<\/p>\n<p>Durant les ann\u00e9es 1920, une nouvelle version plus urbaine est apparue, que les <em>amonak<\/em> (nos grand-m\u00e8res) d\u00e9mocratis\u00e8rent en le faisant porter \u00e0 leurs enfants et petits-enfants. C&rsquo;est ainsi que <strong>le <em>kaiku<\/em> est rapidement devenu la veste pr\u00e9f\u00e9r\u00e9e des Basques.<\/strong> Aujourd\u2019hui, cette veste a quasiment disparu.[\/vc_column_text][\/vc_column][vc_column width=\u00a0\u00bb1\/2&Prime;][vc_single_image image=\u00a0\u00bb5776&Prime; img_size=\u00a0\u00bblarge\u00a0\u00bb][\/vc_column][\/vc_row][vc_row][vc_column width=\u00a0\u00bb1\/2&Prime;][vc_single_image image=\u00a0\u00bb5831&Prime; img_size=\u00a0\u00bblarge\u00a0\u00bb][\/vc_column][vc_column width=\u00a0\u00bb1\/2&Prime;][vc_column_text]<\/p>\n<h6><strong>Tissu et entretien<\/strong><\/h6>\n<p>Ce v\u00eatement est fabriqu\u00e9 en coton, avec une finition cir\u00e9e.<\/p>\n<ul>\n<li><em>Composition du tissu : 100 % coton<\/em><\/li>\n<\/ul>\n<p><strong>Le coton<\/strong> est le tissu v\u00e9g\u00e9tal le plus r\u00e9pandu. Cela est d\u00fb \u00e0 ses nombreuses propri\u00e9t\u00e9s. C&rsquo;est une fibre tr\u00e8s respirante qui absorbe l&rsquo;humidit\u00e9 et la sueur. Les tissus en coton sont \u00e9galement tr\u00e8s doux, r\u00e9sistants et agr\u00e9ables au toucher.<\/p>\n<p>Ce tissu est cir\u00e9, ce qui le rend imperm\u00e9able.<\/p>\n<p><strong>Entretien:<\/strong> Pour pr\u00e9server le rev\u00eatement imperm\u00e9able, ne pas laver ni frotter le v\u00eatement. Essuyer d\u00e9licatement avec un chiffon humide. Repasser sur l&rsquo;int\u00e9rieur.[\/vc_column_text][\/vc_column][\/vc_row][vc_row][vc_column width=\u00a0\u00bb1\/2&Prime;][vc_column_text]<\/p>\n<h6><strong>Tra\u00e7abilit\u00e9 et D\u00e9veloppement durable<\/strong><\/h6>\n<p>Cette fois, nous avons collabor\u00e9 avec la maison centenaire <strong>L\u2019Artigue 1910<\/strong> (du Pays Basque fran\u00e7ais) qui a su r\u00e9inventer le si r\u00e9put\u00e9 \u00ab\u00a0Linge Basque\u00a0\u00bb en cr\u00e9ant par exemple ce tissu <strong>imperm\u00e9able, anti-tache et infroissable.<\/strong><\/p>\n<p>Ce v\u00eatement a \u00e9t\u00e9 confectionn\u00e9 avec amour par <strong>des tailleurs et des couturi\u00e8res du Pays Basque.<\/strong>[\/vc_column_text][\/vc_column][vc_column width=\u00a0\u00bb1\/2&Prime;][vc_single_image image=\u00a0\u00bb5792&Prime; img_size=\u00a0\u00bblarge\u00a0\u00bb][\/vc_column][\/vc_row][vc_row][vc_column][vc_raw_html]PGRpdiBjbGFzcz0iY29udGFpbmVyLXRhY2t0aWwiIHN0eWxlPSJwb3NpdGlvbjogcmVsYXRpdmU7IG92ZXJmbG93OiBoaWRkZW47IHdpZHRoOiAxMDAlOyBwYWRkaW5nLXRvcDogNTYuMjUlOyI+PGlmcmFtZSBjbGFzcz0iaWZyYW1lLXRhY2t0aWwiIHN0eWxlPSJwb3NpdGlvbjogYWJzb2x1dGU7IHRvcDogMDsgbGVmdDogMDsgYm90dG9tOiAwOyByaWdodDogMDsgd2lkdGg6IDEwMCU7IGhlaWdodDogMTAwJTsgYm9yZGVyOiAwOyIgdGl0bGU9IjE0X2thaWt1YmFzcXVlcm8tYmVpZ2UiIHNyYz0iaHR0cHM6Ly93d3cudGFja3RpbC5jb20vZXMvdmlzb3IvZXlKMGVYQWlPaUpLVjFRaUxDSmhiR2NpT2lKSVV6STFOaUo5LmV5SmxlR2xrSWpveU56SjkuUUpNbGtJd2ZRcnRWc2NvTDkzWFpRU0F3R3dlWm1ucUUzZDBnNDVaQnhRWSIgZnJhbWVib3JkZXI9IjAiIHNjcm9sbGluZz0ibm8iIGFsbG93ZnVsbHNjcmVlbj0iYWxsb3dmdWxsc2NyZWVuIj48L2lmcmFtZT48L2Rpdj4=[\/vc_raw_html][\/vc_column][\/vc_row]<\/p>\n<\/div>","protected":false},"excerpt":{"rendered":"<p>Veste kaiku \u00e1 capuche imperm\u00e9able en drap de coton enduit, \u00e0 l\u2019air moderne et original.\u00a0 Coupe droite et d\u00e9cor\u00e9e de bandes de coton \u00e0 l\u2019int\u00e9rieur et \u00e0 l\u2019ext\u00e9rieur. L\u2019imprim\u00e9 \u00e0 rayures est originaire du Pays Basque fran\u00e7ais.<\/p>\n<p>Confectionn\u00e9e avec amour au Pays Basque.<\/p>\n<p style=\"font-size: 11px;\">*Nora mesure 1,68 m et porte une taille M. Si vous voulez un taille sp\u00e9ciale, <a href=\"https:\/\/amarenak.com\/fr\/prendre-rdv\/\">\u00e9crivez-nous<\/a>.<\/p>\n<p><a href=\"https:\/\/www.tacktil.com\/es\/visor\/eyJ0eXAiOiJKV1QiLCJhbGciOiJIUzI1NiJ9.eyJleGlkIjoyNzJ9.QJMlkIwfQrtVscoL93XZQSAwGweZmnqE3d0g45ZBxQY\" target=\"_blank\" rel=\"noopener\"><img loading=\"lazy\" decoding=\"async\" class=\"alignnone size-full wp-image-9082\" src=\"https:\/\/amarenak.com\/wp-content\/uploads\/2021\/04\/icons8-360-view-50-1.png\" alt=\"\" width=\"50\" height=\"50\" \/><\/a><\/p>\n","protected":false},"featured_media":13879,"comment_status":"closed","ping_status":"closed","template":"","meta":{"_joinchat":[]},"product_brand":[],"product_cat":[329,569,565,331,379,330,491],"product_tag":[],"class_list":{"0":"post-6077","1":"product","2":"type-product","3":"status-publish","4":"has-post-thumbnail","6":"product_cat-toutes","7":"product_cat-automne-hiver","8":"product_cat-printemps-ete","9":"product_cat-femme","10":"product_cat-homme","11":"product_cat-kaiku-fr","12":"product_cat-kaikubasquero-fr","14":"first","15":"outofstock","16":"sold-individually","17":"taxable","18":"shipping-taxable","19":"purchasable","20":"product-type-variable"},"aioseo_notices":[],"jetpack_sharing_enabled":true,"_links":{"self":[{"href":"https:\/\/amarenak.com\/blog\/fr\/wp-json\/wp\/v2\/product\/6077","targetHints":{"allow":["GET"]}}],"collection":[{"href":"https:\/\/amarenak.com\/blog\/fr\/wp-json\/wp\/v2\/product"}],"about":[{"href":"https:\/\/amarenak.com\/blog\/fr\/wp-json\/wp\/v2\/types\/product"}],"replies":[{"embeddable":true,"href":"https:\/\/amarenak.com\/blog\/fr\/wp-json\/wp\/v2\/comments?post=6077"}],"wp:featuredmedia":[{"embeddable":true,"href":"https:\/\/amarenak.com\/blog\/fr\/wp-json\/wp\/v2\/media\/13879"}],"wp:attachment":[{"href":"https:\/\/amarenak.com\/blog\/fr\/wp-json\/wp\/v2\/media?parent=6077"}],"wp:term":[{"taxonomy":"product_brand","embeddable":true,"href":"https:\/\/amarenak.com\/blog\/fr\/wp-json\/wp\/v2\/product_brand?post=6077"},{"taxonomy":"product_cat","embeddable":true,"href":"https:\/\/amarenak.com\/blog\/fr\/wp-json\/wp\/v2\/product_cat?post=6077"},{"taxonomy":"product_tag","embeddable":true,"href":"https:\/\/amarenak.com\/blog\/fr\/wp-json\/wp\/v2\/product_tag?post=6077"}],"curies":[{"name":"wp","href":"https:\/\/api.w.org\/{rel}","templated":true}]}}