{"id":5551,"date":"2019-02-26T11:16:39","date_gmt":"2019-02-26T11:16:39","guid":{"rendered":"https:\/\/amarenak.com\/product\/vestido-lamia\/"},"modified":"2024-04-12T14:02:16","modified_gmt":"2024-04-12T14:02:16","slug":"robe-lamia","status":"publish","type":"product","link":"https:\/\/amarenak.com\/blog\/fr\/producto\/toutes\/robe-lamia\/","title":{"rendered":"ROBE LAMIA"},"content":{"rendered":"<div class=\"wpb-content-wrapper\"><p>[vc_row][vc_column width=\u00a0\u00bb1\/2&Prime;][vc_column_text]<\/p>\n<h6><strong><em>L\u2019Histoire<\/em><\/strong><\/h6>\n<p>Bien avant les Romains et jusqu\u2019au XIX<sup>e<\/sup> si\u00e8cle, le lin \u00e9tait presque le seul tissu utilis\u00e9 au Pays Basque. Le lin servait \u00e0 confectionner le trousseau de la femme. L\u2019un des \u00e9l\u00e9ments les plus recherch\u00e9s de ce trousseau \u00e9tait le linge de literie, habituellement <strong>d\u00e9cor\u00e9 de lis\u00e9r\u00e9s bleus. La qualit\u00e9 et la complexit\u00e9 des broderies refl\u00e9taient le talent et le statut de la future \u00e9pouse<\/strong>.<\/p>\n<p>Gr\u00e2ce au travail d\u2019E. Elorza et M.A. Miangolarra, certaines de ces broderies qui sont conserv\u00e9es dans le <strong>Mus\u00e9e San Telmo de Saint-S\u00e9bastien<\/strong> ont vu \u00e0 nouveau le jour.[\/vc_column_text][\/vc_column][vc_column width=\u00a0\u00bb1\/2&Prime;][vc_single_image image=\u00a0\u00bb5223&Prime; img_size=\u00a0\u00bblarge\u00a0\u00bb add_caption=\u00a0\u00bbyes\u00a0\u00bb][\/vc_column][\/vc_row][vc_row][vc_column width=\u00a0\u00bb1\/2&Prime;][vc_single_image image=\u00a0\u00bb5219&Prime; img_size=\u00a0\u00bblarge\u00a0\u00bb][\/vc_column][vc_column width=\u00a0\u00bb1\/2&Prime;][vc_column_text]<\/p>\n<h6><strong>Tissus et entretien<\/strong><\/h6>\n<ul>\n<li><em>Composition du tissu : 100% lin<br \/>\n<\/em><em>\u00a0<\/em><\/li>\n<\/ul>\n<p><strong>Le lin<\/strong> est la plus ancienne fibre v\u00e9g\u00e9tale utilis\u00e9e par l\u2019\u00eatre humain pour tisser et a constitu\u00e9 pendant des si\u00e8cles l\u2019un des piliers de l\u2019\u00e9conomie du Pays Basque. Le lin \u00e9tait cultiv\u00e9 dans de nombreuses fermes de notre pays et servait \u00e0 confectionner tous les v\u00eatements et le linge de maison.<\/p>\n<p>Le lin est l\u2019un des tissus les plus durables, car il requiert tr\u00e8s peu d\u2019eau et d\u2019espace. Ses fibres ont le pouvoir d\u2019absorber la chaleur et l\u2019humidit\u00e9 et d\u2019\u00e9vaporer l\u2019eau tr\u00e8s rapidement, ce qui explique pourquoi ce tissu est si frais.<\/p>\n<p><strong>Entretien :<\/strong>Repassez votre v\u00eatement \u00e0 la vapeur pour \u00e9liminer les plis et froissements dus \u00e0 l\u2019utilisation. Laver en machine \u00e0 30\u00a0\u00baC avec des couleurs similaires. Le v\u00eatement r\u00e9tr\u00e9cira au premier lavage.[\/vc_column_text][\/vc_column][\/vc_row][vc_row][vc_column width=\u00a0\u00bb1\/2&Prime;][vc_column_text]<\/p>\n<h6><strong>Tra\u00e7abilit\u00e9 et D\u00e9veloppement durable<\/strong><\/h6>\n<p><strong>Les imprim\u00e9s<\/strong> de cette collection ont \u00e9t\u00e9 cr\u00e9\u00e9s sp\u00e9cialement pour nous et appliqu\u00e9s avec des teintures \u00e9cologiques dans une entreprise de Huelva (Andalousie) sur des tissus naturels comme le lin et le coton.<\/p>\n<p>De plus, tous les v\u00eatements sont fabriqu\u00e9s suivant la <strong>philosophie #zerowaste<\/strong>, qui consiste \u00e0 utiliser tout le tissu et \u00e9viter de produire des d\u00e9chets.<\/p>\n<p>Ce v\u00eatement a \u00e9t\u00e9 confectionn\u00e9 avec amour et <strong>suivant des m\u00e9thodes artisanales<\/strong> par des tailleurs et des couturi\u00e8res de Guip\u00fazcoa (Pays Basque).<\/p>\n<p>Certains des mod\u00e8les ne sont <strong>produits que sur commande<\/strong> afin d\u2019\u00e9viter la surproduction et de gaspiller le tissu. Ce proc\u00e9d\u00e9 re\u00e7oit le nom de <strong>#SlowFashion<\/strong> ou \u00ab mode lente \u00bb.[\/vc_column_text][\/vc_column][vc_column width=\u00a0\u00bb1\/2&Prime;][vc_single_image image=\u00a0\u00bb5231&Prime; img_size=\u00a0\u00bblarge\u00a0\u00bb][\/vc_column][\/vc_row]<\/p>\n<\/div>","protected":false},"excerpt":{"rendered":"<p>Robe en lin avec des motifs imprim\u00e9s inspir\u00e9s de broderies traditionnelles en point de croix. El\u00e9gante, tout en restant confortable et pratique. Facile \u00e0 porter, pour vos sorties \u00e0 la plage ou pour briller dans une soir\u00e9e.<\/p>\n<p>V\u00eatement imprim\u00e9 avec des teintures \u00e9cologiques et confectionn\u00e9 suivant la philosophie #zerowaste (z\u00e9ro d\u00e9chet). Fabriqu\u00e9 avec amour au Pays Basque.<\/p>\n<p style=\"font-size: 11px;\">* Naiara mesure 1,67 m et porte une taille U (unique). Si vous voulez un taille sp\u00e9ciale, <a href=\"https:\/\/amarenak.com\/fr\/prendre-rdv\/\">\u00e9crivez-nous<\/a>.<\/p>\n","protected":false},"featured_media":6507,"comment_status":"closed","ping_status":"closed","template":"","meta":{"_joinchat":[]},"product_brand":[],"product_cat":[329,565,331,414,1315],"product_tag":[],"class_list":{"0":"post-5551","1":"product","2":"type-product","3":"status-publish","4":"has-post-thumbnail","6":"product_cat-toutes","7":"product_cat-printemps-ete","8":"product_cat-femme","9":"product_cat-kardena-fr","10":"product_cat-dernieres-unites","12":"first","13":"outofstock","14":"taxable","15":"shipping-taxable","16":"purchasable","17":"product-type-variable"},"aioseo_notices":[],"jetpack_sharing_enabled":true,"_links":{"self":[{"href":"https:\/\/amarenak.com\/blog\/fr\/wp-json\/wp\/v2\/product\/5551","targetHints":{"allow":["GET"]}}],"collection":[{"href":"https:\/\/amarenak.com\/blog\/fr\/wp-json\/wp\/v2\/product"}],"about":[{"href":"https:\/\/amarenak.com\/blog\/fr\/wp-json\/wp\/v2\/types\/product"}],"replies":[{"embeddable":true,"href":"https:\/\/amarenak.com\/blog\/fr\/wp-json\/wp\/v2\/comments?post=5551"}],"wp:featuredmedia":[{"embeddable":true,"href":"https:\/\/amarenak.com\/blog\/fr\/wp-json\/wp\/v2\/media\/6507"}],"wp:attachment":[{"href":"https:\/\/amarenak.com\/blog\/fr\/wp-json\/wp\/v2\/media?parent=5551"}],"wp:term":[{"taxonomy":"product_brand","embeddable":true,"href":"https:\/\/amarenak.com\/blog\/fr\/wp-json\/wp\/v2\/product_brand?post=5551"},{"taxonomy":"product_cat","embeddable":true,"href":"https:\/\/amarenak.com\/blog\/fr\/wp-json\/wp\/v2\/product_cat?post=5551"},{"taxonomy":"product_tag","embeddable":true,"href":"https:\/\/amarenak.com\/blog\/fr\/wp-json\/wp\/v2\/product_tag?post=5551"}],"curies":[{"name":"wp","href":"https:\/\/api.w.org\/{rel}","templated":true}]}}