{"id":19812,"date":"2025-09-12T17:59:13","date_gmt":"2025-09-12T15:59:13","guid":{"rendered":"https:\/\/amarenak.com\/product\/kaiku-lau-elurra\/"},"modified":"2024-12-11T13:19:37","modified_gmt":"2024-12-11T12:19:37","slug":"kaiku-lau-elurra","status":"publish","type":"product","link":"https:\/\/amarenak.com\/blog\/fr\/producto\/toutes\/kaiku-lau-elurra\/","title":{"rendered":"KAIKU LAU ELURRA"},"content":{"rendered":"<div class=\"wpb-content-wrapper\"><p>[vc_row][vc_column width=\u00a0\u00bb1\/2&Prime;][vc_column_text]<\/p>\n<h6><strong><em>L\u2019Histoire<\/em><\/strong><\/h6>\n<p>Le <em>kaiku<\/em> ou <em>lekeitiarra<\/em> est <strong>une veste traditionnelle du Pays Basque, qui habillait autrefois <em>les arrantzaleak<\/em>, les p\u00eacheurs<\/strong> de la baie de Biscaye. Il \u00e9tait fabriqu\u00e9 en drap de laine tr\u00e8s \u00e9pais pour prot\u00e9ger parfaitement du vent et des bourrasques du nord.<\/p>\n<p>Durant les ann\u00e9es 1920, une nouvelle version plus urbaine est apparue, que les <em>amonak<\/em> (nos grand-m\u00e8res) d\u00e9mocratis\u00e8rent en le faisant porter \u00e0 leurs enfants et petits-enfants. C&rsquo;est ainsi que <strong>le <em>kaiku<\/em> est rapidement devenu la veste pr\u00e9f\u00e9r\u00e9e des Basques.<\/strong> Aujourd\u2019hui, cette veste a quasiment disparu.[\/vc_column_text][\/vc_column][vc_column width=\u00a0\u00bb1\/2&Prime;][vc_single_image image=\u00a0\u00bb5776&Prime; img_size=\u00a0\u00bblarge\u00a0\u00bb][\/vc_column][\/vc_row][vc_row][vc_column width=\u00a0\u00bb1\/2&Prime;][vc_single_image image=\u00a0\u00bb5961&Prime; img_size=\u00a0\u00bblarge\u00a0\u00bb][\/vc_column][vc_column width=\u00a0\u00bb1\/2&Prime;][vc_column_text]<\/p>\n<h6><strong>Tissus et entretien<\/strong><\/h6>\n<ul>\n<li><em>Composition du tissu : 100 % laine<br \/>\n<\/em><em>\u00a0<\/em><\/li>\n<\/ul>\n<p><strong>La laine <\/strong>est un des tissus naturels les plus incroyables qui existent. Biod\u00e9gradable et durable. Elle est g\u00e9n\u00e9ralement obtenue des brebis, qu\u2019elle maintient au chaud l\u2019hiver. Ses propri\u00e9t\u00e9s sont spectaculaires, surtout pour les habits d\u2019ext\u00e9rieur, car elle r\u00e9gule naturellement la temp\u00e9rature en vous maintenant sec et au chaud l\u2019hiver, absorbe l\u2019humidit\u00e9 et est r\u00e9sistante aux odeurs, \u00e0 la moisissure et aux taches.<\/p>\n<p><strong>Entretien\u00a0:<\/strong> Il est conseill\u00e9 de ne pas laver trop souvent votre v\u00eatement, seulement si c\u2019est vraiment n\u00e9cessaire. Lavez-le \u00e0 sec une fois la saison termin\u00e9e et rangez-le, de pr\u00e9f\u00e9rence sur un cintre, dans un endroit sec et ventil\u00e9, \u00e0 l\u2019abri de la lumi\u00e8re directe du soleil, jusqu\u2019\u00e0 l\u2019ann\u00e9e suivante.[\/vc_column_text][\/vc_column][\/vc_row][vc_row][vc_column width=\u00a0\u00bb1\/2&Prime;][vc_column_text]<\/p>\n<h6><strong>Tra\u00e7abilit\u00e9 et D\u00e9veloppement durable<\/strong><\/h6>\n<p>Le tissu de ce v\u00eatement a \u00e9t\u00e9 s\u00e9lectionn\u00e9 par nos soins dans l&rsquo;entrep\u00f4t d&rsquo;un ancien magasin de tissus \u00e0 Eibar (Pays basque). Ce magasin disposait encore de quelques <strong>m\u00e8tres de tissus datant de nombreuses ann\u00e9es, provenant d&rsquo;usines espagnoles qui n&rsquo;existent plus aujourd&rsquo;hui<\/strong>. C&rsquo;est avec cette s\u00e9lection que nous avons lanc\u00e9 cette collection exclusive et limit\u00e9e, qui est un v\u00e9ritable tr\u00e9sor !<\/p>\n<p>Ce v\u00eatement a \u00e9t\u00e9 <strong>confectionn\u00e9<\/strong> avec amour dans l&rsquo;un de nos ateliers de <strong>Trapaga (Pays basque).<\/strong><\/p>\n<p>Le reste des <strong>\u00e9l\u00e9ments<\/strong> et des <strong>garnitures<\/strong> que nous avons utilis\u00e9s dans ce v\u00eatement sont \u00e9galement <strong>d&rsquo;origine locale<\/strong> (Union europ\u00e9enne).[\/vc_column_text][\/vc_column][vc_column width=\u00a0\u00bb1\/2&Prime;][vc_single_image image=\u00a0\u00bb18730&Prime; img_size=\u00a0\u00bblarge\u00a0\u00bb][\/vc_column][\/vc_row][vc_row][vc_column][vc_raw_html]PGRpdiBjbGFzcz0iY29udGFpbmVyLXRhY2t0aWwiIHN0eWxlPSJwb3NpdGlvbjogcmVsYXRpdmU7IG92ZXJmbG93OiBoaWRkZW47IHdpZHRoOiAxMDAlOyBwYWRkaW5nLXRvcDogNTYuMjUlOyI+PGlmcmFtZSBjbGFzcz0iaWZyYW1lLXRhY2t0aWwiIHNyYz0iaHR0cHM6Ly9hcHAudGFja3RpbC5jb20vZXMvdmlzb3IvZXlKMGVYQWlPaUpLVjFRaUxDSmhiR2NpT2lKSVV6STFOaUo5LmV5SmxlR2xrSWpveU5EVjkuVzNEMnlwUll3TFdDR0hPOGx0SlpJLUhsanNEVlkwRW1FMmU0bjRrbUVHSSIgdGl0bGU9Ijkga2Fpa3UgZ2F1YSB0eHVyaWEgbXVqZXIiIHN0eWxlPSJwb3NpdGlvbjogYWJzb2x1dGU7IHRvcDogMDsgbGVmdDogMDsgYm90dG9tOiAwOyByaWdodDogMDsgd2lkdGg6IDEwMCU7IGhlaWdodDogMTAwJTsgYm9yZGVyOiAwOyIgZnJhbWVCb3JkZXI9IjAiIHNjcm9sbGluZz0ibm8iIGFsbG93ZnVsbHNjcmVlbj48L2lmcmFtZT48L2Rpdj4=[\/vc_raw_html][\/vc_column][\/vc_row]<\/p>\n<\/div>","protected":false},"excerpt":{"rendered":"<p>Veste d&rsquo;hiver Kaiku en tissu \u00e0 carreaux de laine classique, au look moderne et original. Coupe droite avec une l\u00e9g\u00e8re \u00e9chancrure dans le dos. La veste est finie avec des passepoils en coton et des imprim\u00e9s \u00e0 l&rsquo;int\u00e9rieur et \u00e0 l&rsquo;ext\u00e9rieur. Fabriqu\u00e9e avec amour au Pays Basque.<\/p>\n<p>Cette veste fait partie d&rsquo;une <strong>collection tr\u00e8s limit\u00e9e<\/strong> (il n&rsquo;y a que <strong>8 unit\u00e9s<\/strong>), c&rsquo;est pourquoi nous la fabriquons sous <strong>r\u00e9servation<\/strong>. Les commandes ne pourront \u00eatre pass\u00e9es que du <strong>16 (00:01) au 22 (23:59) septembre<\/strong>. Nous garantissons ainsi que ceux d&rsquo;entre vous qui les veulent pourront obtenir leur taille.<\/p>\n<p>La li<strong>vraison se fera 6 semaines<\/strong> apr\u00e8s l&rsquo;achat. Apr\u00e8s cette p\u00e9riode, les v\u00eatements restants seront disponibles dans le magasin et en ligne.<\/p>\n<p>Si, pour quelque raison que ce soit, <strong>nous ne sommes pas en mesure de r\u00e9aliser ce mod\u00e8le<\/strong>, <strong>le montant total sera rembours\u00e9.<\/strong><br \/>\n<a href=\"https:\/\/app.tacktil.com\/es\/visor\/eyJ0eXAiOiJKV1QiLCJhbGciOiJIUzI1NiJ9.eyJleGlkIjoyNDV9.W3D2ypRYwLWCGHO8ltJZI-HljsDVY0EmE2e4n4kmEGI\" target=\"_blank\" rel=\"noopener\"><img loading=\"lazy\" decoding=\"async\" class=\"alignnone wp-image-9082 size-full\" src=\"https:\/\/amarenak.com\/wp-content\/uploads\/2021\/04\/icons8-360-view-50-1.png\" alt=\"\" width=\"50\" height=\"50\" \/><\/a><\/p>\n<p>&nbsp;<\/p>\n","protected":false},"featured_media":19053,"comment_status":"open","ping_status":"closed","template":"","meta":{"_joinchat":[]},"product_brand":[],"product_cat":[329,569,331,379,1373,330],"product_tag":[730,844,843,951,948,950,734,946],"class_list":{"0":"post-19812","1":"product","2":"type-product","3":"status-publish","4":"has-post-thumbnail","6":"product_cat-toutes","7":"product_cat-automne-hiver","8":"product_cat-femme","9":"product_cat-homme","10":"product_cat-ugarteburu-fr","11":"product_cat-kaiku-fr","12":"product_tag-coleccion-otono-invierno-fr","13":"product_tag-femme","14":"product_tag-homme","15":"product_tag-manteau","16":"product_tag-mode-durable","17":"product_tag-production-locale","18":"product_tag-ropa-mujer-fr","19":"product_tag-veste","21":"first","22":"outofstock","23":"taxable","24":"shipping-taxable","25":"purchasable","26":"product-type-variable"},"aioseo_notices":[],"jetpack_sharing_enabled":true,"_links":{"self":[{"href":"https:\/\/amarenak.com\/blog\/fr\/wp-json\/wp\/v2\/product\/19812","targetHints":{"allow":["GET"]}}],"collection":[{"href":"https:\/\/amarenak.com\/blog\/fr\/wp-json\/wp\/v2\/product"}],"about":[{"href":"https:\/\/amarenak.com\/blog\/fr\/wp-json\/wp\/v2\/types\/product"}],"replies":[{"embeddable":true,"href":"https:\/\/amarenak.com\/blog\/fr\/wp-json\/wp\/v2\/comments?post=19812"}],"wp:featuredmedia":[{"embeddable":true,"href":"https:\/\/amarenak.com\/blog\/fr\/wp-json\/wp\/v2\/media\/19053"}],"wp:attachment":[{"href":"https:\/\/amarenak.com\/blog\/fr\/wp-json\/wp\/v2\/media?parent=19812"}],"wp:term":[{"taxonomy":"product_brand","embeddable":true,"href":"https:\/\/amarenak.com\/blog\/fr\/wp-json\/wp\/v2\/product_brand?post=19812"},{"taxonomy":"product_cat","embeddable":true,"href":"https:\/\/amarenak.com\/blog\/fr\/wp-json\/wp\/v2\/product_cat?post=19812"},{"taxonomy":"product_tag","embeddable":true,"href":"https:\/\/amarenak.com\/blog\/fr\/wp-json\/wp\/v2\/product_tag?post=19812"}],"curies":[{"name":"wp","href":"https:\/\/api.w.org\/{rel}","templated":true}]}}