{"id":15707,"date":"2024-01-05T15:47:59","date_gmt":"2024-01-05T15:47:59","guid":{"rendered":"https:\/\/amarenak.com\/?post_type=product&#038;p=15707"},"modified":"2024-04-10T09:48:57","modified_gmt":"2024-04-10T09:48:57","slug":"kaikoutil-ama-laranja","status":"publish","type":"product","link":"https:\/\/amarenak.com\/blog\/fr\/producto\/toutes\/kaikoutil-ama-laranja\/","title":{"rendered":"KAIKOUTIL AMA LARANJA"},"content":{"rendered":"<div class=\"wpb-content-wrapper\"><p>[vc_row][vc_column width=\u00a0\u00bb1\/2&Prime;][vc_column_text]<\/p>\n<h6><strong><em>L\u2019Histoire<\/em><\/strong><\/h6>\n<p>Le <em>kaiku<\/em> ou <em>lekeitiarra<\/em> est <strong>une veste traditionnelle du Pays Basque, qui habillait autrefois <em>les arrantzaleak<\/em>, les p\u00eacheurs<\/strong> de la baie de Biscaye. Il \u00e9tait fabriqu\u00e9 en drap de laine tr\u00e8s \u00e9pais pour prot\u00e9ger parfaitement du vent et des bourrasques du nord.<\/p>\n<p>Durant les ann\u00e9es 1920, une nouvelle version plus urbaine est apparue, que les <em>amonak<\/em> (nos grand-m\u00e8res) d\u00e9mocratis\u00e8rent en le faisant porter \u00e0 leurs enfants et petits-enfants. C&rsquo;est ainsi que <strong>le <em>kaiku<\/em> est rapidement devenu la veste pr\u00e9f\u00e9r\u00e9e des Basques.<\/strong> Aujourd\u2019hui, cette veste a quasiment disparu. [\/vc_column_text][\/vc_column][vc_column width=\u00a0\u00bb1\/2&Prime;][vc_single_image image=\u00a0\u00bb5776&Prime; img_size=\u00a0\u00bblarge\u00a0\u00bb][\/vc_column][\/vc_row][vc_row][vc_column width=\u00a0\u00bb1\/2&Prime;][vc_single_image image=\u00a0\u00bb5219&Prime; img_size=\u00a0\u00bblarge\u00a0\u00bb][\/vc_column][vc_column width=\u00a0\u00bb1\/2&Prime;][vc_column_text]<\/p>\n<h6><strong>Tissus et entretien<\/strong><\/h6>\n<ul>\n<li><em>Composition du tissu : 100% lin<br \/>\n<\/em><em>\u00a0<\/em><\/li>\n<\/ul>\n<p><strong>Le lin<\/strong> est la plus ancienne fibre v\u00e9g\u00e9tale utilis\u00e9e par l\u2019\u00eatre humain pour tisser et a constitu\u00e9 pendant des si\u00e8cles l\u2019un des piliers de l\u2019\u00e9conomie du Pays Basque. Le lin \u00e9tait cultiv\u00e9 dans de nombreuses fermes de notre pays et servait \u00e0 confectionner tous les v\u00eatements et le linge de maison.<\/p>\n<p>Le lin est l\u2019un des tissus les plus durables, car il requiert tr\u00e8s peu d\u2019eau et d\u2019espace. Ses fibres ont le pouvoir d\u2019absorber la chaleur et l\u2019humidit\u00e9 et d\u2019\u00e9vaporer l\u2019eau tr\u00e8s rapidement, ce qui explique pourquoi ce tissu est si frais.<\/p>\n<p><strong>Entretien\u00a0:<\/strong> Repassez votre v\u00eatement \u00e0 la vapeur pour \u00e9liminer les plis et froissements dus \u00e0 l\u2019utilisation. Il est conseill\u00e9 de ne pas laver trop souvent votre v\u00eatement, seulement si c\u2019est vraiment n\u00e9cessaire. Lavez-le \u00e0 sec une fois la saison termin\u00e9e et rangez-le, de pr\u00e9f\u00e9rence sur un cintre, dans un endroit sec et ventil\u00e9, \u00e0 l\u2019abri de la lumi\u00e8re directe du soleil, jusqu\u2019\u00e0 l\u2019ann\u00e9e suivante.[\/vc_column_text][\/vc_column][\/vc_row][vc_row][vc_column width=\u00a0\u00bb1\/2&Prime;][vc_column_text]<\/p>\n<h6><strong>Tra\u00e7abilit\u00e9 et D\u00e9veloppement durable<\/strong><\/h6>\n<p>Ce kaiku a \u00e9t\u00e9 fabriqu\u00e9 dans des ateliers du Pays basque, avec un tissu 100 % lin de la meilleure qualit\u00e9, produit en <strong>Catalu\u00f1a.<\/strong><\/p>\n<h6><strong>RESTAURANT AMA<\/strong><\/h6>\n<p>Ama est le restaurant fond\u00e9 par Javi et Gorka \u00e0 Tolosa (Gipuzkoa). Ils apportent les meilleurs <strong>produits de la ferme<\/strong> \u00e0 la table avec le plus grand respect.<\/p>\n<p>En 2022, ils ont ouvert un nouveau restaurant pour lequel nous avons con\u00e7u l&rsquo;uniforme, avec le tablier et les 4 saisons au centre. Avec les restes de tissu de cet uniforme, nous avons lanc\u00e9 cette <strong>\u00e9dition sp\u00e9ciale<\/strong>.[\/vc_column_text][\/vc_column][vc_column width=\u00a0\u00bb1\/2&Prime;][vc_single_image image=\u00a0\u00bb15655&Prime; img_size=\u00a0\u00bblarge\u00a0\u00bb][\/vc_column][\/vc_row][vc_row][vc_column][\/vc_column][\/vc_row]<\/p>\n<\/div>","protected":false},"excerpt":{"rendered":"<p>Veste kaiku en drap de lin, \u00e0 l\u2019air moderne et original.\u00a0 Coupe droite et manches trois-quart. \u00a0La veste est d\u00e9cor\u00e9e de bandes de coton \u00e0 l\u2019int\u00e9rieur et \u00e0 l\u2019ext\u00e9rieur.<\/p>\n<p>Confectionn\u00e9e avec amour au Pays Basque.<\/p>\n","protected":false},"featured_media":15651,"comment_status":"open","ping_status":"closed","template":"","meta":{"_joinchat":[]},"product_brand":[],"product_cat":[329,565,331,330,359],"product_tag":[999,729,997,994,996,948,1003,950,998,734,1000,946],"class_list":{"0":"post-15707","1":"product","2":"type-product","3":"status-publish","4":"has-post-thumbnail","6":"product_cat-toutes","7":"product_cat-printemps-ete","8":"product_cat-femme","9":"product_cat-kaiku-fr","10":"product_cat-kaikoutil-fr","11":"product_tag-ama-fr","12":"product_tag-amarenak-fr","13":"product_tag-collection-printemps-ete","14":"product_tag-kaikoutil-fr","15":"product_tag-lin","16":"product_tag-mode-durable","17":"product_tag-orange-fr","18":"product_tag-production-locale","19":"product_tag-restaurant-fr","20":"product_tag-ropa-mujer-fr","21":"product_tag-tolosa-fr","22":"product_tag-veste","24":"first","25":"outofstock","26":"taxable","27":"shipping-taxable","28":"purchasable","29":"product-type-variable"},"aioseo_notices":[],"jetpack_sharing_enabled":true,"_links":{"self":[{"href":"https:\/\/amarenak.com\/blog\/fr\/wp-json\/wp\/v2\/product\/15707","targetHints":{"allow":["GET"]}}],"collection":[{"href":"https:\/\/amarenak.com\/blog\/fr\/wp-json\/wp\/v2\/product"}],"about":[{"href":"https:\/\/amarenak.com\/blog\/fr\/wp-json\/wp\/v2\/types\/product"}],"replies":[{"embeddable":true,"href":"https:\/\/amarenak.com\/blog\/fr\/wp-json\/wp\/v2\/comments?post=15707"}],"wp:featuredmedia":[{"embeddable":true,"href":"https:\/\/amarenak.com\/blog\/fr\/wp-json\/wp\/v2\/media\/15651"}],"wp:attachment":[{"href":"https:\/\/amarenak.com\/blog\/fr\/wp-json\/wp\/v2\/media?parent=15707"}],"wp:term":[{"taxonomy":"product_brand","embeddable":true,"href":"https:\/\/amarenak.com\/blog\/fr\/wp-json\/wp\/v2\/product_brand?post=15707"},{"taxonomy":"product_cat","embeddable":true,"href":"https:\/\/amarenak.com\/blog\/fr\/wp-json\/wp\/v2\/product_cat?post=15707"},{"taxonomy":"product_tag","embeddable":true,"href":"https:\/\/amarenak.com\/blog\/fr\/wp-json\/wp\/v2\/product_tag?post=15707"}],"curies":[{"name":"wp","href":"https:\/\/api.w.org\/{rel}","templated":true}]}}