{"id":15606,"date":"2023-12-08T13:17:22","date_gmt":"2023-12-08T13:17:22","guid":{"rendered":"https:\/\/amarenak.com\/product\/kaiku-marinela-urdina\/"},"modified":"2024-04-12T10:52:09","modified_gmt":"2024-04-12T10:52:09","slug":"kaiku-marinela-urdina","status":"publish","type":"product","link":"https:\/\/amarenak.com\/blog\/fr\/producto\/toutes\/kaiku-marinela-urdina\/","title":{"rendered":"KAIKU MARINELA URDINA"},"content":{"rendered":"<div class=\"wpb-content-wrapper\"><p>[vc_row][vc_column width=\u00a0\u00bb1\/2&Prime;][vc_column_text]<\/p>\n<h6><strong><em>L\u2019Histoire<\/em><\/strong><\/h6>\n<p>Le <em>kaiku<\/em> ou <em>lekeitiarra<\/em> est <strong>une veste traditionnelle du Pays Basque, qui habillait autrefois <em>les arrantzaleak<\/em>, les p\u00eacheurs<\/strong> de la baie de Biscaye. Il \u00e9tait fabriqu\u00e9 en drap de laine tr\u00e8s \u00e9pais pour prot\u00e9ger parfaitement du vent et des bourrasques du nord.<\/p>\n<p>Durant les ann\u00e9es 1920, une nouvelle version plus urbaine est apparue, que les <em>amonak<\/em> (nos grand-m\u00e8res) d\u00e9mocratis\u00e8rent en le faisant porter \u00e0 leurs enfants et petits-enfants. C&rsquo;est ainsi que <strong>le <em>kaiku<\/em> est rapidement devenu la veste pr\u00e9f\u00e9r\u00e9e des Basques.<\/strong> Aujourd\u2019hui, cette veste a quasiment disparu.[\/vc_column_text][\/vc_column][vc_column width=\u00a0\u00bb1\/2&Prime;][vc_single_image image=\u00a0\u00bb5776&Prime; img_size=\u00a0\u00bblarge\u00a0\u00bb][\/vc_column][\/vc_row][vc_row][vc_column width=\u00a0\u00bb1\/2&Prime;][vc_single_image image=\u00a0\u00bb5961&Prime; img_size=\u00a0\u00bblarge\u00a0\u00bb][\/vc_column][vc_column width=\u00a0\u00bb1\/2&Prime;][vc_column_text]<\/p>\n<h6><strong>Tissus et entretien<\/strong><\/h6>\n<ul>\n<li><em>Composition du tissu : 100 % laine m\u00e9rinos<br \/>\n<\/em><em>\u00a0<\/em><\/li>\n<\/ul>\n<p><strong>La laine <\/strong>est un des tissus naturels les plus incroyables qui existent. Biod\u00e9gradable et durable. Elle est g\u00e9n\u00e9ralement obtenue des brebis, qu\u2019elle maintient au chaud l\u2019hiver. Ses propri\u00e9t\u00e9s sont spectaculaires, surtout pour les habits d\u2019ext\u00e9rieur, car elle r\u00e9gule naturellement la temp\u00e9rature en vous maintenant sec et au chaud l\u2019hiver, absorbe l\u2019humidit\u00e9 et est r\u00e9sistante aux odeurs, \u00e0 la moisissure et aux taches.<\/p>\n<p><strong>Dans le secteur de la laine, la laine m\u00e9rinos<\/strong> est aussi consid\u00e9r\u00e9e comme l\u2019une des meilleures \u00e0 cause de sa finesse et de sa douceur. Pour sa transformation en drap, le tissu est soumis \u00e0 une s\u00e9rie de processus m\u00e9caniques qui compactent la laine, la rendant pratiquement imperm\u00e9able \u00e0 l\u2019eau et herm\u00e9tique au vent.<\/p>\n<p><strong>Entretien\u00a0:<\/strong> Il est conseill\u00e9 de ne pas laver trop souvent votre v\u00eatement, seulement si c\u2019est vraiment n\u00e9cessaire. Lavez-le \u00e0 sec une fois la saison termin\u00e9e et rangez-le, de pr\u00e9f\u00e9rence sur un cintre, dans un endroit sec et ventil\u00e9, \u00e0 l\u2019abri de la lumi\u00e8re directe du soleil, jusqu\u2019\u00e0 l\u2019ann\u00e9e suivante.[\/vc_column_text][\/vc_column][\/vc_row][vc_row][vc_column width=\u00a0\u00bb1\/2&Prime;][vc_column_text]<\/p>\n<h6><strong>Tra\u00e7abilit\u00e9 et D\u00e9veloppement durable<\/strong><\/h6>\n<p>Le drap de laine de ce v\u00eatement <strong>a \u00e9t\u00e9 fil\u00e9 et tiss\u00e9 dans un village du L\u00e9on<\/strong>, par une des rares entreprises qui subsistent encore en Espagne. La laine provient de troupeaux de Palencia et d\u2019Estr\u00e9madure, o\u00f9 les droits des animaux sont respect\u00e9s.<\/p>\n<p>Ce v\u00eatement a \u00e9t\u00e9 confectionn\u00e9 avec amour et <strong>suivant des m\u00e9thodes artisanales<\/strong> par des tailleurs et des couturi\u00e8res de Bizkaia (Pays Basque).<\/p>\n<p>Les autres \u00e9l\u00e9ments et garnitures que nous avons utilis\u00e9s dans ce v\u00eatement sont \u00e9galement d&rsquo;origine locale.[\/vc_column_text][\/vc_column][vc_column width=\u00a0\u00bb1\/2&Prime;][vc_single_image image=\u00a0\u00bb5965&Prime; img_size=\u00a0\u00bblarge\u00a0\u00bb][\/vc_column][\/vc_row][vc_row][vc_column][vc_raw_html]PGRpdiBjbGFzcz0iY29udGFpbmVyLXRhY2t0aWwiIHN0eWxlPSJwb3NpdGlvbjogcmVsYXRpdmU7IG92ZXJmbG93OiBoaWRkZW47IHdpZHRoOiAxMDAlOyBwYWRkaW5nLXRvcDogNTYuMjUlOyI+PGlmcmFtZSBjbGFzcz0iaWZyYW1lLXRhY2t0aWwiIHNyYz0iaHR0cHM6Ly93d3cudGFja3RpbC5jb20vZXMvdmlzb3IvZXlKMGVYQWlPaUpLVjFRaUxDSmhiR2NpT2lKSVV6STFOaUo5LmV5SmxlR2xrSWpveU56aDkuYUdLSmFUdE5LNl9CRTc2UHBOcW9GM2RZbGlhamg3VVZ4V1JGbXFwTEsydyIgdGl0bGU9Ijkga2Fpa3UgYmkgZ2F1YSB0eHVyaWEgaG9tYnJlIiBzdHlsZT0icG9zaXRpb246IGFic29sdXRlOyB0b3A6IDA7IGxlZnQ6IDA7IGJvdHRvbTogMDsgcmlnaHQ6IDA7IHdpZHRoOiAxMDAlOyBoZWlnaHQ6IDEwMCU7IGJvcmRlcjogMDsiIGZyYW1lQm9yZGVyPSIwIiBzY3JvbGxpbmc9Im5vIiBhbGxvd2Z1bGxzY3JlZW4+PC9pZnJhbWU+PC9kaXY+[\/vc_raw_html][\/vc_column][\/vc_row]<\/p>\n<\/div>","protected":false},"excerpt":{"rendered":"<p>Veste kaiku en drap de laine m\u00e9rinos, \u00e0 l\u2019air moderne et original.\u00a0 Coupe droite l\u00e9g\u00e8rement cintr\u00e9e au dos. La veste est d\u00e9cor\u00e9e de bandes de satin et des imprim\u00e9s, \u00e0 l\u2019int\u00e9rieur et \u00e0 l\u2019ext\u00e9rieur. Confectionn\u00e9e avec amour au Pays Basque.<\/p>\n<p><a href=\"https:\/\/www.tacktil.com\/es\/visor\/eyJ0eXAiOiJKV1QiLCJhbGciOiJIUzI1NiJ9.eyJleGlkIjoyNzh9.aGKJaTtNK6_BE76PpNqoF3dYliajh7UVxWRFmqpLK2w\" target=\"_blank\" rel=\"noopener\"><img loading=\"lazy\" decoding=\"async\" class=\"alignnone size-full wp-image-9082\" src=\"https:\/\/amarenak.com\/wp-content\/uploads\/2021\/04\/icons8-360-view-50-1.png\" alt=\"\" width=\"50\" height=\"50\" \/><\/a><\/p>\n","protected":false},"featured_media":15486,"comment_status":"open","ping_status":"closed","template":"","meta":{"_joinchat":[]},"product_brand":[],"product_cat":[329,569,379,330],"product_tag":[729,835,730,843,731,947,841,732,948,949,950,733],"class_list":{"0":"post-15606","1":"product","2":"type-product","3":"status-publish","4":"has-post-thumbnail","6":"product_cat-toutes","7":"product_cat-automne-hiver","8":"product_cat-homme","9":"product_cat-kaiku-fr","10":"product_tag-amarenak-fr","11":"product_tag-bleu","12":"product_tag-coleccion-otono-invierno-fr","13":"product_tag-homme","14":"product_tag-kaiku-fr","15":"product_tag-laine","16":"product_tag-marin","17":"product_tag-moda-vasca-fr","18":"product_tag-mode-durable","19":"product_tag-mode-locale","20":"product_tag-production-locale","21":"product_tag-producto-fr","23":"first","24":"outofstock","25":"taxable","26":"shipping-taxable","27":"purchasable","28":"product-type-variable"},"aioseo_notices":[],"jetpack_sharing_enabled":true,"_links":{"self":[{"href":"https:\/\/amarenak.com\/blog\/fr\/wp-json\/wp\/v2\/product\/15606","targetHints":{"allow":["GET"]}}],"collection":[{"href":"https:\/\/amarenak.com\/blog\/fr\/wp-json\/wp\/v2\/product"}],"about":[{"href":"https:\/\/amarenak.com\/blog\/fr\/wp-json\/wp\/v2\/types\/product"}],"replies":[{"embeddable":true,"href":"https:\/\/amarenak.com\/blog\/fr\/wp-json\/wp\/v2\/comments?post=15606"}],"wp:featuredmedia":[{"embeddable":true,"href":"https:\/\/amarenak.com\/blog\/fr\/wp-json\/wp\/v2\/media\/15486"}],"wp:attachment":[{"href":"https:\/\/amarenak.com\/blog\/fr\/wp-json\/wp\/v2\/media?parent=15606"}],"wp:term":[{"taxonomy":"product_brand","embeddable":true,"href":"https:\/\/amarenak.com\/blog\/fr\/wp-json\/wp\/v2\/product_brand?post=15606"},{"taxonomy":"product_cat","embeddable":true,"href":"https:\/\/amarenak.com\/blog\/fr\/wp-json\/wp\/v2\/product_cat?post=15606"},{"taxonomy":"product_tag","embeddable":true,"href":"https:\/\/amarenak.com\/blog\/fr\/wp-json\/wp\/v2\/product_tag?post=15606"}],"curies":[{"name":"wp","href":"https:\/\/api.w.org\/{rel}","templated":true}]}}