{"id":15318,"date":"2023-09-22T15:44:21","date_gmt":"2023-09-22T15:44:21","guid":{"rendered":"https:\/\/amarenak.com\/product\/chemise-arratiarra\/"},"modified":"2024-04-10T11:55:37","modified_gmt":"2024-04-10T11:55:37","slug":"chemise-arratiarra","status":"publish","type":"product","link":"https:\/\/amarenak.com\/blog\/fr\/producto\/toutes\/chemise-arratiarra\/","title":{"rendered":"CHEMISE ARRATIARRA"},"content":{"rendered":"<div class=\"wpb-content-wrapper\"><p>[vc_row][vc_column width=\u00a0\u00bb1\/2&Prime;][vc_column_text]<\/p>\n<h6><strong><em>L\u2019Histoire<\/em><\/strong><\/h6>\n<div class=\"page\" title=\"Page 11\">\n<div class=\"layoutArea\">\n<div class=\"column\">\n<p>Arratiarra tire son nom de la <strong>valle\u0301e d\u2019Arratia,<\/strong> une zone qui est reste\u0301e assez isole\u0301e en Biscaye jusqu\u2019a\u0300 ce que le tramway commence a\u0300 circuler en 1902. Gra\u0302ce a\u0300 cela, c\u2019est l\u2019une des dernie\u0300res zones ou\u0300 ont e\u0301te\u0301 conserve\u0301s les ve\u0302tements traditionnels particuliers immortalise\u0301s par <strong>la photographe Eulalia de Abaitua.<\/strong> Les costumes mascu- lins se distinguent par <strong>leurs vestes, chapeaux et chemises spectaculaires.<\/strong><\/p>\n<p>En raison des guerres et des liens avec d\u2019autres territoires et cultures, le costume arratien a peu a\u0300 peu disparu et il ne reste pratiquement aucune des photos d\u2019Eulalia et quelques spe\u0301cimens dans un e\u0301tat tre\u0300s de\u0301licat. Sur la base de cette documentation, nous avons cre\u0301e\u0301 cette chemise, <strong>inspire\u0301e des grands cols des chemises arratiennes,<\/strong> pour que vous puissiez continuer a\u0300 porter cette histoire.<\/p>\n<\/div>\n<\/div>\n<\/div>\n<p>[\/vc_column_text][\/vc_column][vc_column width=\u00a0\u00bb1\/2&Prime;][vc_single_image image=\u00a0\u00bb6665&Prime; img_size=\u00a0\u00bblarge\u00a0\u00bb][\/vc_column][\/vc_row][vc_row][vc_column width=\u00a0\u00bb1\/2&Prime;][vc_single_image image=\u00a0\u00bb6129&Prime; img_size=\u00a0\u00bblarge\u00a0\u00bb][\/vc_column][vc_column width=\u00a0\u00bb1\/2&Prime;][vc_column_text]<\/p>\n<h6>Durabilit\u00e9 et tissu.<\/h6>\n<ul>\n<li><em>Composition du tissu : 100% coton biologique GOTS<\/em><\/li>\n<\/ul>\n<p><strong>Le coton<\/strong> est le tissu v\u00e9g\u00e9tal le plus courant. Cela est d\u00fb \u00e0 ses nombreuses propri\u00e9t\u00e9s. C\u2019est une fibre tr\u00e8s respirante, qui absorbe l\u2019humidit\u00e9 et la transpiration. Les tissus en coton sont \u00e9galement tr\u00e8s doux, r\u00e9sistants et agr\u00e9ables au toucher.<\/p>\n<p><strong>Le Global Organic Textile Standard (GOTS)<\/strong> est la principale norme mondiale pour le traitement des textiles fabriqu\u00e9s \u00e0 partir de fibres biologiques, qui comprend des crit\u00e8res \u00e9cologiques et sociaux.<\/p>\n<p><strong>Entretien<\/strong> : Lavage en machine \u00e0 40\u00ba avec des couleurs similaires. Le v\u00eatement peut r\u00e9tr\u00e9cir apr\u00e8s le premier lavage.<br \/>\n[\/vc_column_text][\/vc_column][\/vc_row][vc_row][vc_column width=\u00a0\u00bb1\/2&Prime;][vc_column_text]<\/p>\n<h6><strong>Tra\u00e7abilit\u00e9 et durabilit\u00e9<\/strong><\/h6>\n<p>Le tissu en coton biologique de ce v\u00eatement a <strong>\u00e9t\u00e9 tiss\u00e9 \u00e0 Barcelone (Catalogne)<\/strong>.<\/p>\n<p>Il a \u00e9t\u00e9 confectionn\u00e9 avec amour dans l&rsquo;un de nos ateliers de Saragosse, <strong>\u00e0 moins de 200 km de Saint-S\u00e9bastien.<\/strong><\/p>\n<p>Le reste des \u00e9l\u00e9ments et <strong>des garnitures sont \u00e9galement d&rsquo;origine locale.<\/strong><br \/>\n[\/vc_column_text][\/vc_column][vc_column width=\u00a0\u00bb1\/2&Prime;][vc_single_image image=\u00a0\u00bb15168&Prime; img_size=\u00a0\u00bblarge\u00a0\u00bb][\/vc_column][\/vc_row]<\/p>\n<\/div>","protected":false},"excerpt":{"rendered":"<p>Chemise blanche boutonn\u00e9e, avec un col surdimensionn\u00e9, en coton biologique. Un classique avec une touche diff\u00e9rente, qui, associ\u00e9 \u00e0 notre \u00e9charpe ELKANO, donnera une touche \u00e9l\u00e9gante et diff\u00e9rente \u00e0 n&rsquo;importe quel look.<br \/>\nLa coupe est droite et convient aussi bien aux hommes qu&rsquo;aux femmes. Les poignets se ferment par un bouton.<\/p>\n<p>Fabriqu\u00e9 avec amour en Espagne.<\/p>\n","protected":false},"featured_media":15183,"comment_status":"open","ping_status":"closed","template":"","meta":{"_joinchat":[]},"product_brand":[],"product_cat":[329,569,565,331,379,370],"product_tag":[890,902,836,833,901,834,845,889,842],"class_list":{"0":"post-15318","1":"product","2":"type-product","3":"status-publish","4":"has-post-thumbnail","6":"product_cat-toutes","7":"product_cat-automne-hiver","8":"product_cat-printemps-ete","9":"product_cat-femme","10":"product_cat-homme","11":"product_cat-arratiarra-fr","12":"product_tag-biologique","13":"product_tag-blanc","14":"product_tag-boutons","15":"product_tag-chemise","16":"product_tag-cols","17":"product_tag-coton","18":"product_tag-durable","19":"product_tag-gots-fr","20":"product_tag-unisex-fr","22":"first","23":"outofstock","24":"taxable","25":"shipping-taxable","26":"purchasable","27":"product-type-variable"},"aioseo_notices":[],"jetpack_sharing_enabled":true,"_links":{"self":[{"href":"https:\/\/amarenak.com\/blog\/fr\/wp-json\/wp\/v2\/product\/15318","targetHints":{"allow":["GET"]}}],"collection":[{"href":"https:\/\/amarenak.com\/blog\/fr\/wp-json\/wp\/v2\/product"}],"about":[{"href":"https:\/\/amarenak.com\/blog\/fr\/wp-json\/wp\/v2\/types\/product"}],"replies":[{"embeddable":true,"href":"https:\/\/amarenak.com\/blog\/fr\/wp-json\/wp\/v2\/comments?post=15318"}],"wp:featuredmedia":[{"embeddable":true,"href":"https:\/\/amarenak.com\/blog\/fr\/wp-json\/wp\/v2\/media\/15183"}],"wp:attachment":[{"href":"https:\/\/amarenak.com\/blog\/fr\/wp-json\/wp\/v2\/media?parent=15318"}],"wp:term":[{"taxonomy":"product_brand","embeddable":true,"href":"https:\/\/amarenak.com\/blog\/fr\/wp-json\/wp\/v2\/product_brand?post=15318"},{"taxonomy":"product_cat","embeddable":true,"href":"https:\/\/amarenak.com\/blog\/fr\/wp-json\/wp\/v2\/product_cat?post=15318"},{"taxonomy":"product_tag","embeddable":true,"href":"https:\/\/amarenak.com\/blog\/fr\/wp-json\/wp\/v2\/product_tag?post=15318"}],"curies":[{"name":"wp","href":"https:\/\/api.w.org\/{rel}","templated":true}]}}