{"id":15247,"date":"2023-09-25T10:23:14","date_gmt":"2023-09-25T10:23:14","guid":{"rendered":"https:\/\/amarenak.com\/?post_type=product&#038;p=15247"},"modified":"2024-04-10T11:30:48","modified_gmt":"2024-04-10T11:30:48","slug":"pantalon-bergara","status":"publish","type":"product","link":"https:\/\/amarenak.com\/blog\/fr\/producto\/toutes\/pantalon-bergara\/","title":{"rendered":"PANTALON BERGARA"},"content":{"rendered":"<div class=\"wpb-content-wrapper\"><p>[vc_row][vc_column width=\u00a0\u00bb1\/2&Prime;][vc_column_text]<\/p>\n<h6><strong>L&rsquo;histoire<\/strong><\/h6>\n<div class=\"page\" title=\"Page 7\">\n<div class=\"layoutArea\">\n<div class=\"column\">\n<div class=\"page\" title=\"Page 11\">\n<div class=\"layoutArea\">\n<div class=\"column\">\n<p>L\u2019histoire textile de <strong>Bergara (Gipuzkoa) commence au XVe sie\u0300cle<\/strong>, mais tout s\u2019acce\u0301le\u0300re en 1846 avec la cre\u0301ation de la <strong>Fabrica de Hilados y Tejidos de Vergara<\/strong> (plus tard Algodonera de San Antonio, puis Tavex et Evlox aujourd\u2019hui), la plus grande entreprise textile de l\u2019histoire du Pays Basque.<\/p>\n<p>Ses <strong>tissus de coton teints en bleu<\/strong> e\u0301taient ine\u0301gale\u0301s, et biento\u0302t toute la ville devint une grande usine du ce\u0301le\u0300bre \u201c<strong>tissu bleu de Bergara<\/strong>\u201d, utilise\u0301 principalement pour les <strong>ve\u0302tements de travail.<\/strong><\/p>\n<p>Dans les anne\u0301es 1960, l\u2019entreprise s\u2019est spe\u0301cialise\u0301e dans les tissus Denim et s\u2019est rapidement fait un nom dans le monde entier avec des <strong>clients tels que Levi\u2019s Strauss.<\/strong> L\u2019entreprise a continue\u0301 a\u0300 se de\u0301velopper et a progressivement perdu le lien avec Bergara, tout en arre\u0302tant de produire son ce\u0301le\u0300bre tissu bleu.<\/p>\n<\/div>\n<\/div>\n<\/div>\n<\/div>\n<\/div>\n<\/div>\n<p>[\/vc_column_text][\/vc_column][vc_column width=\u00a0\u00bb1\/2&Prime;][vc_empty_space height=\u00a0\u00bb72px\u00a0\u00bb][vc_single_image image=\u00a0\u00bb14692&Prime; img_size=\u00a0\u00bbfull\u00a0\u00bb add_caption=\u00a0\u00bbyes\u00a0\u00bb][\/vc_column][\/vc_row][vc_row][vc_column width=\u00a0\u00bb1\/2&Prime;][vc_single_image image=\u00a0\u00bb6129&Prime; img_size=\u00a0\u00bbfull\u00a0\u00bb][\/vc_column][vc_column width=\u00a0\u00bb1\/2&Prime;][vc_column_text]<\/p>\n<h6>Durabilit\u00e9 et tissu.<\/h6>\n<ul>\n<li><em>Composition du tissu : 100% coton biologique GOTS<\/em><\/li>\n<li>* Le devant imprim\u00e9 est fait de 100% de polyester r\u00e9cup\u00e9r\u00e9.<\/li>\n<\/ul>\n<p><strong>Le coton<\/strong> est le tissu v\u00e9g\u00e9tal le plus courant. Cela est d\u00fb \u00e0 ses nombreuses propri\u00e9t\u00e9s. C\u2019est une fibre tr\u00e8s respirante, qui absorbe l\u2019humidit\u00e9 et la transpiration. Les tissus en coton sont \u00e9galement tr\u00e8s doux, r\u00e9sistants et agr\u00e9ables au toucher.<\/p>\n<p><strong>Le Global Organic Textile Standard (GOTS)<\/strong> est la principale norme mondiale pour le traitement des textiles fabriqu\u00e9s \u00e0 partir de fibres biologiques, qui comprend des crit\u00e8res \u00e9cologiques et sociaux.<\/p>\n<p><strong>Entretien<\/strong> : Lavage en machine \u00e0 30\u00ba avec des couleurs similaires. Le v\u00eatement peut r\u00e9tr\u00e9cir apr\u00e8s le premier lavage.<br \/>\n[\/vc_column_text][\/vc_column][\/vc_row][vc_row][vc_column width=\u00a0\u00bb1\/2&Prime;][vc_column_text]<\/p>\n<h6><strong>Tra\u00e7abilit\u00e9 et D\u00e9veloppement durable<\/strong><\/h6>\n<div class=\"page\" title=\"Page 12\">\n<div class=\"layoutArea\">\n<div class=\"column\">\n<p>En 2018, nous avons commence\u0301 a\u0300 enque\u0302ter sur cette histoire et de\u0301couvert que la dernie\u0300re entreprise fabriquant les le\u0301gendaires ve\u0302tements de travail de Bergara allait fermer ses portes cette anne\u0301e la\u0300.<\/p>\n<p>Inspire\u0301s par les <strong>patches qui e\u0301taient faits sur ces ve\u0302tements de travail<\/strong>, nous avons profite\u0301 des <strong>restes de textile de nos collections pre\u0301ce\u0301dentes pour personnaliser ce ve\u0302tement<\/strong> et lui donner une seconde vie.<\/p>\n<h6><\/h6>\n<h6>production locale<\/h6>\n<p>Le tissu en coton biologique de ce v\u00eatement a <strong>\u00e9t\u00e9 tiss\u00e9 \u00e0 Barcelone (Catalogne, Espagne)<\/strong>.<\/p>\n<p>Il a \u00e9t\u00e9 confectionn\u00e9 avec amour dans l&rsquo;un de nos ateliers de Saragosse, <strong>\u00e0 moins de 200 km de Saint-S\u00e9bastien.<\/strong><\/p>\n<p>Le reste des \u00e9l\u00e9ments et <strong>des garnitures sont \u00e9galement d&rsquo;origine locale.<\/strong><\/p>\n<\/div>\n<\/div>\n<\/div>\n<p>[\/vc_column_text][\/vc_column][vc_column width=\u00a0\u00bb1\/2&Prime;][vc_single_image image=\u00a0\u00bb14700&Prime; img_size=\u00a0\u00bblarge\u00a0\u00bb][\/vc_column][\/vc_row]<\/p>\n<\/div>","protected":false},"excerpt":{"rendered":"<p>Pantalon unisexe \u00e0 taille haute, ajust\u00e9 \u00e0 la taille et inspir\u00e9 de ceux port\u00e9s par les hommes \u00e0 la campagne et en mer, connu sous le nom de \u00ab\u00a0praka-mantala\u00a0\u00bb en raison de sa fermeture \u00e0 bouton caract\u00e9ristique sur le devant. Fermeture lat\u00e9rale \u00e0 glissi\u00e8re et 2 poches lat\u00e9rales.<\/p>\n<p>\u00c9co-con\u00e7u, personnalis\u00e9 \u00e0 partir de restes de nos collections pr\u00e9c\u00e9dentes, inspir\u00e9 des v\u00eatements de travail utilis\u00e9s il y a plus de 100 ans au Pays basque. Pour cette raison, il est possible que le v\u00eatement que vous recevrez ne soit pas exactement le m\u00eame que celui de la photo.<\/p>\n<p>Le v\u00eatement et les \u00e9cussons sont en coton biologique certifi\u00e9 GOTS, \u00e0 l&rsquo;exception de la pi\u00e8ce imprim\u00e9e sur le devant qui est en polyester.<\/p>\n<p>Fabriqu\u00e9 avec amour en Espagne.<\/p>\n","protected":false},"featured_media":15271,"comment_status":"open","ping_status":"closed","template":"","meta":{"_joinchat":[]},"product_brand":[],"product_cat":[329,569,565,331,379,827],"product_tag":[837,896,832,836,834,845,852,844,846,843,851,839,841,891,847,840,842,850],"class_list":{"0":"post-15247","1":"product","2":"type-product","3":"status-publish","4":"has-post-thumbnail","6":"product_cat-toutes","7":"product_cat-automne-hiver","8":"product_cat-printemps-ete","9":"product_cat-femme","10":"product_cat-homme","11":"product_cat-bergara-fr","12":"product_tag-actualise","13":"product_tag-beige-fr","14":"product_tag-bergara-fr","15":"product_tag-boutons","16":"product_tag-coton","17":"product_tag-durable","18":"product_tag-exclusif","19":"product_tag-femme","20":"product_tag-floraux","21":"product_tag-homme","22":"product_tag-limite","23":"product_tag-mahon-fr","24":"product_tag-marin","25":"product_tag-pantalon-fr","26":"product_tag-pays-basque","27":"product_tag-travailleur","28":"product_tag-unisex-fr","29":"product_tag-vestiges","31":"first","32":"outofstock","33":"taxable","34":"shipping-taxable","35":"purchasable","36":"product-type-variable"},"aioseo_notices":[],"jetpack_sharing_enabled":true,"_links":{"self":[{"href":"https:\/\/amarenak.com\/blog\/fr\/wp-json\/wp\/v2\/product\/15247","targetHints":{"allow":["GET"]}}],"collection":[{"href":"https:\/\/amarenak.com\/blog\/fr\/wp-json\/wp\/v2\/product"}],"about":[{"href":"https:\/\/amarenak.com\/blog\/fr\/wp-json\/wp\/v2\/types\/product"}],"replies":[{"embeddable":true,"href":"https:\/\/amarenak.com\/blog\/fr\/wp-json\/wp\/v2\/comments?post=15247"}],"wp:featuredmedia":[{"embeddable":true,"href":"https:\/\/amarenak.com\/blog\/fr\/wp-json\/wp\/v2\/media\/15271"}],"wp:attachment":[{"href":"https:\/\/amarenak.com\/blog\/fr\/wp-json\/wp\/v2\/media?parent=15247"}],"wp:term":[{"taxonomy":"product_brand","embeddable":true,"href":"https:\/\/amarenak.com\/blog\/fr\/wp-json\/wp\/v2\/product_brand?post=15247"},{"taxonomy":"product_cat","embeddable":true,"href":"https:\/\/amarenak.com\/blog\/fr\/wp-json\/wp\/v2\/product_cat?post=15247"},{"taxonomy":"product_tag","embeddable":true,"href":"https:\/\/amarenak.com\/blog\/fr\/wp-json\/wp\/v2\/product_tag?post=15247"}],"curies":[{"name":"wp","href":"https:\/\/api.w.org\/{rel}","templated":true}]}}