{"id":13841,"date":"2019-03-12T12:10:21","date_gmt":"2019-03-12T12:10:21","guid":{"rendered":"https:\/\/amarenak.com\/product\/kaikoutil-marine\/"},"modified":"2024-04-12T14:13:20","modified_gmt":"2024-04-12T14:13:20","slug":"kaikoutil-marine","status":"publish","type":"product","link":"https:\/\/amarenak.com\/blog\/fr\/producto\/toutes\/kaikoutil-marine\/","title":{"rendered":"KAIKOUTIL MARINE"},"content":{"rendered":"<div class=\"wpb-content-wrapper\"><p>[vc_row][vc_column width=\u00a0\u00bb1\/2&Prime;][vc_column_text]<\/p>\n<h6><strong>Historia<\/strong><\/h6>\n<p>El kaiku o lekeitiarra es un <strong>abrigo tradicional del Pa\u00eds Vasco.<\/strong> Lo <strong>llevaban los arrantzales (pescadores)<\/strong>\u00a0 cuando iban a faenar al Cant\u00e1brico. Se hac\u00eda con pa\u00f1o de lana muy tupido, perfecto para soportar el viento y chubascos del norte.<\/p>\n<p>Durante los a\u00f1os 20, resurgi\u00f3 una versi\u00f3n m\u00e1s de calle que las amonas (abuelas) hac\u00edan para sus nietos e hijos y <strong>lleg\u00f3 a convertirse en el abrigo m\u00e1s popular en Euskadi.<\/strong> Hoy en d\u00eda esta prenda casi ha desaparecido.[\/vc_column_text][\/vc_column][vc_column width=\u00a0\u00bb1\/2&Prime;][vc_single_image image=\u00a0\u00bb5776&Prime; img_size=\u00a0\u00bblarge\u00a0\u00bb][\/vc_column][\/vc_row][vc_row][vc_column width=\u00a0\u00bb1\/2&Prime;][vc_single_image image=\u00a0\u00bb5219&Prime; img_size=\u00a0\u00bblarge\u00a0\u00bb][\/vc_column][vc_column width=\u00a0\u00bb1\/2&Prime;][vc_column_text]<\/p>\n<h6><strong>Tejido y cuidados<\/strong><\/h6>\n<p>Esta prenda est\u00e1 confeccionada de un tejido tradicional llamado \u00ab\u00a0coutil\u00a0\u00bb en franc\u00e9s.<\/p>\n<ul>\n<li><em>Composici\u00f3n tejido: 50% lino 50% algod\u00f3n<\/em><\/li>\n<\/ul>\n<p><strong>El lino<\/strong> es la fibra vegetal m\u00e1s antigua usada por el ser humano para hacer tejidos, adem\u00e1s en el Pa\u00eds Vasco constituy\u00f3 durante siglos uno de los pilares de la econom\u00eda. En muchos caser\u00edos se cultivaba lino y con este se confeccionaban todas las prendas y elementos textiles de la casa.<\/p>\n<p>El lino es uno de los tejidos m\u00e1s sostenibles, porque necesita muy poca agua y espacio. Sus fibras tienen la cualidad de absorber el calor y la humedad, y evaporar el agua muy r\u00e1pido, por eso este tejido es tan fresquito.<\/p>\n<p><strong>Cuidados:<\/strong> Plancha tu prenda con vapor para eliminar las arrugas del uso. Conviene no lavar demasiado tu prenda, a no ser que sea necesario. Lavar en seco al final de temporada y almacenar, preferiblemente en percha, en un lugar seco y ventilado, sin luz solar directa, hasta el a\u00f1o siguiente.[\/vc_column_text][\/vc_column][\/vc_row][vc_row][vc_column width=\u00a0\u00bb1\/2&Prime;][vc_column_text]<\/p>\n<h6><strong>Trazabilidad y Sostenibilidad<\/strong><\/h6>\n<p>El tejido ha sido creado por <strong>Tissage Moutet<\/strong> (Orthez, Francia) que lleva <strong>5 generaciones tejiendo los mantos de lino que se pon\u00edan sobre los bueyes<\/strong> de carga en los caser\u00edos y adapt\u00e1ndolo a los nuevos tiempos.<\/p>\n<p>Esta prenda ha sido <strong>confeccionada de forma artesanal<\/strong> y con mucho cari\u00f1o por sastres y costureras de Gipuzkoa (Pa\u00eds Vasco).<\/p>\n<p>Algunos de los modelos los mandamos a <strong>confeccionar una vez hecho el pedido<\/strong>, para evitar as\u00ed sobreproducir en exceso y desperdiciar tejido. A esto se le llama #SlowFashion.<\/p>\n<p>El resto de elementos y fornituras que hemos utilizado en esta prenda, son tambi\u00e9n de procedencia local.[\/vc_column_text][\/vc_column][vc_column width=\u00a0\u00bb1\/2&Prime;][vc_single_image image=\u00a0\u00bb6405&Prime; img_size=\u00a0\u00bblarge\u00a0\u00bb][\/vc_column][\/vc_row][vc_row][vc_column][vc_raw_html]JTNDZGl2JTIwY2xhc3MlM0QlMjJjb250YWluZXItdGFja3RpbCUyMiUyMHN0eWxlJTNEJTIycG9zaXRpb24lM0ElMjByZWxhdGl2ZSUzQiUyMG92ZXJmbG93JTNBJTIwaGlkZGVuJTNCJTIwd2lkdGglM0ElMjAxMDAlMjUlM0IlMjBwYWRkaW5nLXRvcCUzQSUyMDU2LjI1JTI1JTNCJTIyJTNFJTNDaWZyYW1lJTIwY2xhc3MlM0QlMjJpZnJhbWUtdGFja3RpbCUyMiUyMHNyYyUzRCUyMmh0dHBzJTNBJTJGJTJGd3d3LnRhY2t0aWwuY29tJTJGZXMlMkZ2aXNvciUyRmV5SjBlWEFpT2lKS1YxUWlMQ0poYkdjaU9pSklVekkxTmlKOS5leUpsZUdsa0lqb3lOemQ5LmdQWkItdzNRUWQ3YkNmdEpPWDJHNWNsS1JfaG1obm9GLVUzaXdYSnVkdkElMjIlMjB0aXRsZSUzRCUyMjEyX2thaWtvdXRpbC1qYXVuZSUyMiUyMHN0eWxlJTNEJTIycG9zaXRpb24lM0ElMjBhYnNvbHV0ZSUzQiUyMHRvcCUzQSUyMDAlM0IlMjBsZWZ0JTNBJTIwMCUzQiUyMGJvdHRvbSUzQSUyMDAlM0IlMjByaWdodCUzQSUyMDAlM0IlMjB3aWR0aCUzQSUyMDEwMCUyNSUzQiUyMGhlaWdodCUzQSUyMDEwMCUyNSUzQiUyMGJvcmRlciUzQSUyMDAlM0IlMjIlMjBmcmFtZUJvcmRlciUzRCUyMjAlMjIlMjBzY3JvbGxpbmclM0QlMjJubyUyMiUyMGFsbG93ZnVsbHNjcmVlbiUzRSUzQyUyRmlmcmFtZSUzRSUzQyUyRmRpdiUzRQ==[\/vc_raw_html][\/vc_column][\/vc_row]<\/p>\n<\/div>","protected":false},"excerpt":{"rendered":"<p>Veste kaiku en drap de lin, \u00e0 l\u2019air moderne et original.\u00a0 Coupe droite et manches trois-quart. \u00a0La veste est d\u00e9cor\u00e9e de bandes de coton \u00e0 l\u2019int\u00e9rieur et \u00e0 l\u2019ext\u00e9rieur. L\u2019imprim\u00e9 \u00e0 rayures est originaire du Pays Basque fran\u00e7ais.<\/p>\n<p>Confectionn\u00e9e avec amour au Pays Basque.<\/p>\n<p style=\"font-size: 11px;\">* Amaia mesure 1,72 m et porte une taille M. Si vous voulez un taille sp\u00e9ciale, <a href=\"https:\/\/amarenak.com\/fr\/prendre-rdv\/\">\u00e9crivez-nous<\/a>.<\/p>\n<p><a href=\"https:\/\/www.tacktil.com\/es\/visor\/eyJ0eXAiOiJKV1QiLCJhbGciOiJIUzI1NiJ9.eyJleGlkIjoyNzd9.gPZB-w3QQd7bCftJOX2G5clKR_hmhnoF-U3iwXJudvA\" target=\"_blank\" rel=\"noopener\"><img loading=\"lazy\" decoding=\"async\" class=\"alignnone size-full wp-image-9082\" src=\"https:\/\/amarenak.com\/wp-content\/uploads\/2021\/04\/icons8-360-view-50-1.png\" alt=\"\" width=\"50\" height=\"50\" \/><\/a><\/p>\n","protected":false},"featured_media":13807,"comment_status":"closed","ping_status":"closed","template":"","meta":{"_joinchat":[]},"product_brand":[],"product_cat":[329,565,331,330,359],"product_tag":[],"class_list":{"0":"post-13841","1":"product","2":"type-product","3":"status-publish","4":"has-post-thumbnail","6":"product_cat-toutes","7":"product_cat-printemps-ete","8":"product_cat-femme","9":"product_cat-kaiku-fr","10":"product_cat-kaikoutil-fr","12":"first","13":"instock","14":"taxable","15":"shipping-taxable","16":"purchasable","17":"product-type-variable"},"aioseo_notices":[],"jetpack_sharing_enabled":true,"_links":{"self":[{"href":"https:\/\/amarenak.com\/blog\/fr\/wp-json\/wp\/v2\/product\/13841","targetHints":{"allow":["GET"]}}],"collection":[{"href":"https:\/\/amarenak.com\/blog\/fr\/wp-json\/wp\/v2\/product"}],"about":[{"href":"https:\/\/amarenak.com\/blog\/fr\/wp-json\/wp\/v2\/types\/product"}],"replies":[{"embeddable":true,"href":"https:\/\/amarenak.com\/blog\/fr\/wp-json\/wp\/v2\/comments?post=13841"}],"wp:featuredmedia":[{"embeddable":true,"href":"https:\/\/amarenak.com\/blog\/fr\/wp-json\/wp\/v2\/media\/13807"}],"wp:attachment":[{"href":"https:\/\/amarenak.com\/blog\/fr\/wp-json\/wp\/v2\/media?parent=13841"}],"wp:term":[{"taxonomy":"product_brand","embeddable":true,"href":"https:\/\/amarenak.com\/blog\/fr\/wp-json\/wp\/v2\/product_brand?post=13841"},{"taxonomy":"product_cat","embeddable":true,"href":"https:\/\/amarenak.com\/blog\/fr\/wp-json\/wp\/v2\/product_cat?post=13841"},{"taxonomy":"product_tag","embeddable":true,"href":"https:\/\/amarenak.com\/blog\/fr\/wp-json\/wp\/v2\/product_tag?post=13841"}],"curies":[{"name":"wp","href":"https:\/\/api.w.org\/{rel}","templated":true}]}}