{"id":11496,"date":"2022-08-17T11:46:17","date_gmt":"2022-08-17T11:46:20","guid":{"rendered":"https:\/\/amarenak.com\/?post_type=product&#038;p=11496"},"modified":"2024-04-10T14:55:27","modified_gmt":"2024-04-10T14:55:27","slug":"elkano-espadrilles-marine","status":"publish","type":"product","link":"https:\/\/amarenak.com\/blog\/fr\/producto\/toutes\/elkano-espadrilles-marine\/","title":{"rendered":"ESPADRILLES ELKANO MARINE"},"content":{"rendered":"<div class=\"wpb-content-wrapper\"><p>[vc_row][vc_column width=\u00a0\u00bb1\/2&Prime;][vc_column_text]<\/p>\n<h6>L&rsquo;histoire<\/h6>\n<p>\u00ab\u00a0Primus circumdedisti me\u00a0\u00bb, tu as \u00e9t\u00e9 le premier \u00e0 me contourner. C&rsquo;est ainsi que l&rsquo;on peut lire l&rsquo;inscription sur le blason que l&#8217;empereur Charles V a donn\u00e9 \u00e0 <strong>Juan Sebasti\u00e1n Elkano apr\u00e8s avoir accompli le premier tour du monde<\/strong>. Il reconna\u00eet ainsi l&rsquo;exploit du navigateur basque, arriv\u00e9 \u00e0 Sanl\u00facar de Barrameda le 6 septembre 1522 \u00e0 bord du navire Victoria, trois ans apr\u00e8s avoir pris la mer, le 10 ao\u00fbt 1519.<\/p>\n<p><strong>500 ans plus tard<\/strong>, depuis Amarenak, nous voulons nous souvenir et rendre hommage \u00e0 ce personnage et au reste des marins basques du XVIe si\u00e8cle, en ramenant \u00e0 nos jours et \u00e0 nos armoires certains de ses v\u00eatements.[\/vc_column_text][\/vc_column][vc_column width=\u00a0\u00bb1\/2&Prime;][vc_single_image image=\u00a0\u00bb11246&Prime; img_size=\u00a0\u00bblarge\u00a0\u00bb add_caption=\u00a0\u00bbyes\u00a0\u00bb][\/vc_column][\/vc_row][vc_row][vc_column width=\u00a0\u00bb1\/2&Prime;][vc_single_image image=\u00a0\u00bb11242&Prime; img_size=\u00a0\u00bblarge\u00a0\u00bb][\/vc_column][vc_column width=\u00a0\u00bb1\/2&Prime;][vc_column_text]<\/p>\n<h6>Tissu et entretien<\/h6>\n<ul>\n<li>Composition du tissu : 50% coton 50% polyester<\/li>\n<\/ul>\n<p><strong>Le coton<\/strong> est le tissu v\u00e9g\u00e9tal le plus courant. Cela est d\u00fb \u00e0 ses nombreuses propri\u00e9t\u00e9s. C&rsquo;est une fibre tr\u00e8s respirante, qui absorbe l&rsquo;humidit\u00e9 et la transpiration. Les tissus en coton sont \u00e9galement tr\u00e8s doux, r\u00e9sistants et agr\u00e9ables au toucher.<\/p>\n<p><strong>Entretien<\/strong>: il est recommand\u00e9 de ne pas l&rsquo;utiliser les jours de pluie ou sur des sols mouill\u00e9s. Nettoyez les zones sp\u00e9cifiques \u00e0 la main et avec peu d&rsquo;eau. Laissez s\u00e9cher dans un endroit sec et ventil\u00e9.[\/vc_column_text][\/vc_column][\/vc_row][vc_row][vc_column width=\u00a0\u00bb1\/2&Prime;][vc_column_text]<\/p>\n<h6><strong>Tra\u00e7abilit\u00e9 et durabilit\u00e9<\/strong><\/h6>\n<p>L&rsquo;impression a \u00e9t\u00e9 cr\u00e9\u00e9e par <strong>L\u00ebl\u00eb Prints<\/strong> (Leire Larretxea, San Sebasti\u00e1n), sp\u00e9cialis\u00e9e dans les impressions originales et accrocheuses, pleines de fleurs et d&rsquo;oiseaux et, surtout, avec de <strong>grandes doses de couleur<\/strong>. Pour ce motif, elle s&rsquo;est inspir\u00e9e des <strong>fleurs et des motifs botaniques des clous de girofle, du poivre, de la cannelle, du gingembre et de la noix de muscade<\/strong>, les pr\u00e9cieuse<strong>s \u00e9pices recueillies par l&rsquo;exp\u00e9dition Magellan-Elkano dans les Moluques<\/strong>, connues sous le nom d&rsquo;\u00eeles aux \u00e9pices.<\/p>\n<p>Cette espadrille a \u00e9t\u00e9 <strong>fabriqu\u00e9e \u00e0 la main<\/strong> avec amour par <strong>Espartin<\/strong>. Cette boutique est sp\u00e9cialis\u00e9e dans les espadrilles traditionnelles fabriqu\u00e9es par des <strong>artisans du Pays basque et cousues \u00e0 la main<\/strong>. Leur principal objectif a \u00e9t\u00e9 de fabriquer des <strong>chaussures confortables et de qualit\u00e9<\/strong> avec des tissus naturels et \u00e9cologiques.[\/vc_column_text][\/vc_column][vc_column width=\u00a0\u00bb1\/2&Prime;][vc_single_image image=\u00a0\u00bb11238&Prime; img_size=\u00a0\u00bblarge\u00a0\u00bb][\/vc_column][\/vc_row][vc_row][vc_column][vc_column_text]<\/p>\n<h6><strong>AGRADECIMIENTOS:<\/strong><em>\u00a0 \u00a0\u00a0<\/em><\/h6>\n<p>Esta colecci\u00f3n ha sido posible gracias a:[\/vc_column_text][\/vc_column][\/vc_row][vc_row][vc_column width=\u00a0\u00bb1\/2&Prime;][vc_single_image image=\u00a0\u00bb8796&Prime; img_size=\u00a0\u00bbfull\u00a0\u00bb][\/vc_column][vc_column width=\u00a0\u00bb1\/2&Prime;][vc_single_image image=\u00a0\u00bb7658&Prime; img_size=\u00a0\u00bbfull\u00a0\u00bb][\/vc_column][\/vc_row][vc_row][vc_column][vc_column_text]Cette histoire a \u00e9t\u00e9 financ\u00e9e par crowdfunding par toutes ces personnes. Des millions de mercis \u00e0 tous ceux qui nous ont aid\u00e9s \u00e0 faire descendre ces nouvelles #historiasquesellevanpuestas dans les rues :[\/vc_column_text][\/vc_column][\/vc_row][vc_row][vc_column width=\u00a0\u00bb1\/2&Prime;][vc_column_text]<\/p>\n<div class=\"page\" title=\"Page 5\">\n<div class=\"layoutArea\">\n<div class=\"column\">\n<p style=\"margin: 0cm;\"><b><i>Uxue Ortega<\/i><\/b><\/p>\n<p style=\"margin: 0cm;\"><b><i>Nagore Otsoa<\/i><\/b><br \/>\n<b><i>Sof\u00eda Pe\u00f1a<\/i><\/b><br \/>\n<b><i>Ricardo Ulises Larrechea <\/i><\/b><\/p>\n<p style=\"margin: 0cm;\"><b><i>Maia Apaolaza<\/i><\/b><br \/>\n<b><i>ONBIZI<\/i><\/b><br \/>\n<b><i>Mabel Mendiguren<\/i><\/b><br \/>\n<b><i>Ane Urtizberea<\/i><\/b><br \/>\n<b><i>Marta S\u00e1ez<\/i><\/b><br \/>\n<b><i>Lara<\/i><\/b><br \/>\n<b><i>OUA<\/i><\/b><br \/>\n<b><i>Carla Libertad Avenue\u00a0<\/i><\/b><br \/>\n<b><i>Arrate<\/i><\/b><br \/>\n<b><i>Mar\u00edapolite<\/i><\/b><br \/>\n<b><i>Xi Lu Gu<\/i><\/b><br \/>\n<b><i>Mar izquierdo<\/i><\/b><br \/>\n<b><i>Josean Rodriguez<\/i><\/b><br \/>\n<b><i>Be\u00f1at Gereka<\/i><\/b><br \/>\n<b><i>Teresa Fdez. <\/i><\/b><\/p>\n<p style=\"margin: 0cm;\"><b><i>Marina Laura S.<\/i><\/b><br \/>\n<b><i>Lore<\/i><\/b><br \/>\n<b><i>Nagore Otsoa<\/i><\/b><br \/>\n<b><i>Jes\u00fas Lacorte<\/i><\/b><br \/>\n<b><i>Leire Jaime<\/i><\/b><br \/>\n<b><i>Garbi\u00f1e de la Granja <\/i><\/b><\/p>\n<p style=\"margin: 0cm;\"><b><i>Zuri Arte<\/i><\/b><\/p>\n<p style=\"margin: 0cm;\"><strong><i>Bea Arrazola<\/i><\/strong><\/p>\n<p style=\"margin: 0cm;\"><strong><i>Javier Bueno <\/i><\/strong><\/p>\n<p style=\"margin: 0cm;\"><strong><i>Jorge Valiente<\/i><\/strong><\/p>\n<p style=\"margin: 0cm;\"><strong><i>Tamara Morales<\/i><\/strong><\/p>\n<\/div>\n<\/div>\n<\/div>\n<p>[\/vc_column_text][\/vc_column][vc_column width=\u00a0\u00bb1\/2&Prime;][vc_column_text]<\/p>\n<p style=\"margin: 0cm;\"><strong><i>Izadi<\/i><\/strong><br \/>\n<strong><i>Susana L\u00f3pez <\/i><\/strong><\/p>\n<p style=\"margin: 0cm;\"><strong><i>Arzac <\/i><\/strong><\/p>\n<p style=\"margin: 0cm;\"><strong><i>Naiara Pardo<\/i><\/strong><br \/>\n<strong><i>Laura G<\/i><\/strong><br \/>\n<strong><i>Alberto Cubillas Alvarez <\/i><\/strong><\/p>\n<p style=\"margin: 0cm;\"><strong><i>inaki_p_a<\/i><\/strong><br \/>\n<strong><i>Familia Velez<\/i><\/strong><br \/>\n<strong><i>Lourdes Aguirre <\/i><\/strong><\/p>\n<p style=\"margin: 0cm;\"><strong><i>Matxalen MI<\/i><\/strong><br \/>\n<strong><i>Familia Sanz &amp; Larretxea <\/i><\/strong><\/p>\n<p style=\"margin: 0cm;\"><strong><i>Mortzel<\/i><\/strong><br \/>\n<strong><i>Juantxo Bengoetxea <\/i><\/strong><\/p>\n<p style=\"margin: 0cm;\"><strong><i>Ione<\/i><\/strong><br \/>\n<strong><i>Elena Carbajosa <\/i><\/strong><\/p>\n<p style=\"margin: 0cm;\"><strong><i>Jon Alberdi<\/i><\/strong><b><i><br \/>\n<strong>Nuna Arrea<\/strong><\/i><\/b><br \/>\n<strong><i>Oihane L.G.<\/i><\/strong><br \/>\n<strong><i>Maritoni<\/i><\/strong><br \/>\n<strong><i>Nora Alvarez de Eulate San Jose<\/i><\/strong><br \/>\n<strong><i>Agurtzane<\/i><\/strong><br \/>\n<strong><i>Ion Mikel<\/i><\/strong><br \/>\n<strong><i>Pe\u00f1ita 104<\/i><\/strong><br \/>\n<strong><i>Basque Bites<\/i><\/strong><br \/>\n<strong><i>Ness by Esti Garc\u00eda<\/i><\/strong><\/p>\n<p style=\"margin: 0cm;\"><strong><i>Galer\u00eda 8360<\/i><\/strong><br \/>\n<strong><i>Marta Vega<\/i><\/strong><br \/>\n<strong><i>Xabier Aizpuru<\/i><\/strong><br \/>\n<strong><i>Joakin Larretxea<\/i><\/strong><\/p>\n<p>[\/vc_column_text][\/vc_column][\/vc_row]<\/p>\n<\/div>","protected":false},"excerpt":{"rendered":"<p>Espadrilles traditionnelles fabriqu\u00e9es en collaboration avec Espartin et cousues \u00e0 la main dans leur atelier de Zumaia. Fini \u00e0 l&rsquo;int\u00e9rieur avec une doublure en coton pour plus de confort et de durabilit\u00e9. Semelle plate traditionnelle en alfa ou semelle compens\u00e9e de 4 cm au choix.<\/p>\n<p>L&rsquo;imprim\u00e9 floral de la collection ELKANO a \u00e9t\u00e9 cr\u00e9\u00e9 par L\u00ebl\u00eb prints et s&rsquo;inspire des \u00e9pices recueillies lors de l&rsquo;exp\u00e9dition Magellan-Elkano (1519-1522).<\/p>\n<p>\u00c9dition limit\u00e9e comm\u00e9morant le 500e anniversaire de la premi\u00e8re course autour du monde.<\/p>\n<p>Fabriqu\u00e9 avec amour au Pays basque.<\/p>\n","protected":false},"featured_media":12606,"comment_status":"closed","ping_status":"closed","template":"","meta":{"_joinchat":[]},"product_brand":[],"product_cat":[329,565,331,696],"product_tag":[],"class_list":{"0":"post-11496","1":"product","2":"type-product","3":"status-publish","4":"has-post-thumbnail","6":"product_cat-toutes","7":"product_cat-printemps-ete","8":"product_cat-femme","9":"product_cat-elkano-fr","11":"first","12":"instock","13":"taxable","14":"shipping-taxable","15":"purchasable","16":"product-type-variable"},"aioseo_notices":[],"jetpack_sharing_enabled":true,"_links":{"self":[{"href":"https:\/\/amarenak.com\/blog\/fr\/wp-json\/wp\/v2\/product\/11496","targetHints":{"allow":["GET"]}}],"collection":[{"href":"https:\/\/amarenak.com\/blog\/fr\/wp-json\/wp\/v2\/product"}],"about":[{"href":"https:\/\/amarenak.com\/blog\/fr\/wp-json\/wp\/v2\/types\/product"}],"replies":[{"embeddable":true,"href":"https:\/\/amarenak.com\/blog\/fr\/wp-json\/wp\/v2\/comments?post=11496"}],"wp:featuredmedia":[{"embeddable":true,"href":"https:\/\/amarenak.com\/blog\/fr\/wp-json\/wp\/v2\/media\/12606"}],"wp:attachment":[{"href":"https:\/\/amarenak.com\/blog\/fr\/wp-json\/wp\/v2\/media?parent=11496"}],"wp:term":[{"taxonomy":"product_brand","embeddable":true,"href":"https:\/\/amarenak.com\/blog\/fr\/wp-json\/wp\/v2\/product_brand?post=11496"},{"taxonomy":"product_cat","embeddable":true,"href":"https:\/\/amarenak.com\/blog\/fr\/wp-json\/wp\/v2\/product_cat?post=11496"},{"taxonomy":"product_tag","embeddable":true,"href":"https:\/\/amarenak.com\/blog\/fr\/wp-json\/wp\/v2\/product_tag?post=11496"}],"curies":[{"name":"wp","href":"https:\/\/api.w.org\/{rel}","templated":true}]}}