{"id":12094,"date":"2022-09-02T13:36:22","date_gmt":"2022-09-02T13:36:22","guid":{"rendered":"https:\/\/amarenak.com\/?post_type=product&#038;p=12094"},"modified":"2023-11-08T12:38:54","modified_gmt":"2023-11-08T12:38:54","slug":"elkano-sweater","status":"publish","type":"product","link":"https:\/\/amarenak.com\/blog\/en\/producto\/all\/elkano-sweater\/","title":{"rendered":"ELKANO SWEATER"},"content":{"rendered":"<div class=\"wpb-content-wrapper\"><p>[vc_row][vc_column width=&#8221;1\/2&#8243;][vc_column_text]<\/p>\n<h6><strong>La historia <\/strong><\/h6>\n<p><em>\u201cPrimus circumdedisti me\u201d<\/em>\u00a0fuiste el primero que la vuelta me diste. As\u00ed reza la inscripci\u00f3n del escudo de armas que el Emperador Carlos V\u00a0entreg\u00f3 a <strong>Juan Sebasti\u00e1n Elkano despu\u00e9s de completar la primera circunnavegaci\u00f3n de la Tierra. <\/strong>De esa manera reconoci\u00f3 la haza\u00f1a del navegante vasco, que lleg\u00f3 a Sanl\u00facar de Barrameda el 6 de septiembre de 1522 a bordo de la nao Victoria, tres a\u00f1os despu\u00e9s de zarpar, el 10 de agosto de 1519.<\/p>\n<p><strong>500 a\u00f1os despu\u00e9s<\/strong>, desde Amarenak queremos recordar y homenajear a este personaje y al resto de marineros vascos del siglo XVI, devolviendo a nuestros d\u00edas y a nuestros armarios algunas de sus prendas.[\/vc_column_text][\/vc_column][vc_column width=&#8221;1\/2&#8243;][vc_single_image image=&#8221;11245&#8243; img_size=&#8221;full&#8221;][\/vc_column][\/vc_row][vc_row][vc_column width=&#8221;1\/2&#8243;][vc_single_image image=&#8221;6128&#8243;][\/vc_column][vc_column width=&#8221;1\/2&#8243;][vc_column_text]<\/p>\n<h6><strong>Tejido y cuidados <\/strong><\/h6>\n<ul>\n<li style=\"list-style-type: none;\">\n<ul>\n<li><em>Composici\u00f3n tejido: 100% algod\u00f3n org\u00e1nico GOTS<\/em><em> \u00a0 <\/em><\/li>\n<\/ul>\n<p><strong>El algod\u00f3n <\/strong>es el tejido vegetal m\u00e1s com\u00fan. Esto se debe a sus muchas propiedades. Es una fibra muy transpirable, y absorbe la humedad y el sudor.\u00a0 Los tejidos de algod\u00f3n son adem\u00e1s muy suaves, resistentes y agradables al tacto.<\/p>\n<p><strong>La Norma Textil Org\u00e1nica Global (GOTS)<\/strong> es la norma l\u00edder mundial en el procesamiento de textiles hechos con fibra org\u00e1nica, que incluye criterios ecol\u00f3gicos y sociales.<\/li>\n<\/ul>\n<p><strong>Cuidados:<\/strong> Lavar en lavadora a 30\u00ba con colores similares. En el primer lavado la prenda encoger\u00e1.[\/vc_column_text][\/vc_column][\/vc_row][vc_row][vc_column][vc_column_text]<\/p>\n<h6><strong>AGRADECIMIENTOS:<\/strong><em>\u00a0 \u00a0\u00a0<\/em><\/h6>\n<p>Esta colecci\u00f3n ha sido posible gracias a:[\/vc_column_text][\/vc_column][\/vc_row][vc_row][vc_column width=&#8221;1\/2&#8243;][vc_single_image image=&#8221;8795&#8243; img_size=&#8221;full&#8221;][\/vc_column][vc_column width=&#8221;1\/2&#8243;][vc_single_image image=&#8221;7657&#8243; img_size=&#8221;full&#8221;][\/vc_column][\/vc_row][vc_row][vc_column][vc_column_text]This story has been financed via crowdfunding by all these people. Millions of thanks to all of them for helping us bringing these new #storiestowear back to the streets:[\/vc_column_text][\/vc_column][\/vc_row][vc_row][vc_column width=&#8221;1\/2&#8243;][vc_column_text]<\/p>\n<div class=\"page\" title=\"Page 5\">\n<div class=\"layoutArea\">\n<div class=\"column\">\n<p style=\"margin: 0cm;\"><b><i>Uxue Ortega<\/i><\/b><\/p>\n<p style=\"margin: 0cm;\"><b><i>Nagore Otsoa<\/i><\/b><br \/>\n<b><i>Sof\u00eda Pe\u00f1a<\/i><\/b><br \/>\n<b><i>Ricardo Ulises Larrechea <\/i><\/b><\/p>\n<p style=\"margin: 0cm;\"><b><i>Maia Apaolaza<\/i><\/b><br \/>\n<b><i>ONBIZI<\/i><\/b><br \/>\n<b><i>Mabel Mendiguren<\/i><\/b><br \/>\n<b><i>Ane Urtizberea<\/i><\/b><br \/>\n<b><i>Marta S\u00e1ez<\/i><\/b><br \/>\n<b><i>Lara<\/i><\/b><br \/>\n<b><i>OUA<\/i><\/b><br \/>\n<b><i>Carla Libertad Avenue\u00a0<\/i><\/b><br \/>\n<b><i>Arrate<\/i><\/b><br \/>\n<b><i>Mar\u00edapolite<\/i><\/b><br \/>\n<b><i>Xi Lu Gu<\/i><\/b><br \/>\n<b><i>Mar izquierdo<\/i><\/b><br \/>\n<b><i>Josean Rodriguez<\/i><\/b><br \/>\n<b><i>Be\u00f1at Gereka<\/i><\/b><br \/>\n<b><i>Teresa Fdez. <\/i><\/b><\/p>\n<p style=\"margin: 0cm;\"><b><i>Marina Laura S.<\/i><\/b><br \/>\n<b><i>Lore<\/i><\/b><br \/>\n<b><i>Nagore Otsoa<\/i><\/b><br \/>\n<b><i>Jes\u00fas Lacorte<\/i><\/b><br \/>\n<b><i>Leire Jaime<\/i><\/b><br \/>\n<b><i>Garbi\u00f1e de la Granja <\/i><\/b><\/p>\n<p style=\"margin: 0cm;\"><b><i>Zuri Arte<\/i><\/b><\/p>\n<p style=\"margin: 0cm;\"><strong><i>Bea Arrazola<\/i><\/strong><\/p>\n<p style=\"margin: 0cm;\"><strong><i>Javier Bueno <\/i><\/strong><\/p>\n<p style=\"margin: 0cm;\"><strong><i>Jorge Valiente<\/i><\/strong><\/p>\n<p style=\"margin: 0cm;\"><strong><i>Tamara Morales<\/i><\/strong><\/p>\n<\/div>\n<\/div>\n<\/div>\n<p>[\/vc_column_text][\/vc_column][vc_column width=&#8221;1\/2&#8243;][vc_column_text]<\/p>\n<p style=\"margin: 0cm;\"><strong><i>Izadi<\/i><\/strong><br \/>\n<strong><i>Susana L\u00f3pez <\/i><\/strong><\/p>\n<p style=\"margin: 0cm;\"><strong><i>Arzac <\/i><\/strong><\/p>\n<p style=\"margin: 0cm;\"><strong><i>Naiara Pardo<\/i><\/strong><br \/>\n<strong><i>Laura G<\/i><\/strong><br \/>\n<strong><i>Alberto Cubillas Alvarez <\/i><\/strong><\/p>\n<p style=\"margin: 0cm;\"><strong><i>inaki_p_a<\/i><\/strong><br \/>\n<strong><i>Familia Velez<\/i><\/strong><br \/>\n<strong><i>Lourdes Aguirre <\/i><\/strong><\/p>\n<p style=\"margin: 0cm;\"><strong><i>Matxalen MI<\/i><\/strong><br \/>\n<strong><i>Familia Sanz &amp; Larretxea <\/i><\/strong><\/p>\n<p style=\"margin: 0cm;\"><strong><i>Mortzel<\/i><\/strong><br \/>\n<strong><i>Juantxo Bengoetxea <\/i><\/strong><\/p>\n<p style=\"margin: 0cm;\"><strong><i>Ione<\/i><\/strong><br \/>\n<strong><i>Elena Carbajosa <\/i><\/strong><\/p>\n<p style=\"margin: 0cm;\"><strong><i>Jon Alberdi<\/i><\/strong><b><i><br \/>\n<strong>Nuna Arrea<\/strong><\/i><\/b><br \/>\n<strong><i>Oihane L.G.<\/i><\/strong><br \/>\n<strong><i>Maritoni<\/i><\/strong><br \/>\n<strong><i>Nora Alvarez de Eulate San Jose<\/i><\/strong><br \/>\n<strong><i>Agurtzane<\/i><\/strong><br \/>\n<strong><i>Ion Mikel<\/i><\/strong><br \/>\n<strong><i>Pe\u00f1ita 104<\/i><\/strong><br \/>\n<strong><i>Basque Bites<\/i><\/strong><br \/>\n<strong><i>Ness by Esti Garc\u00eda<\/i><\/strong><\/p>\n<p style=\"margin: 0cm;\"><strong><i>Galer\u00eda 8360<\/i><\/strong><br \/>\n<strong><i>Marta Vega<\/i><\/strong><br \/>\n<strong><i>Xabier Aizpuru<\/i><\/strong><br \/>\n<strong><i>Joakin Larretxea<\/i><\/strong><\/p>\n<p>[\/vc_column_text][\/vc_column][\/vc_row]<\/p>\n<\/div>","protected":false},"excerpt":{"rendered":"<p>GOTS organic cotton T-shirt. Available in unisex and women&#8217;s models. The image on the T-shirt is based on an illustration of a woman from Tolosa (Basque Country, Spain) from the 16th century. It&#8217;s a perfect match for our MAJU trousers and a KAIKU jacket.<\/p>\n<p>Clothing screen-printed with care with ecological inks in Tolosa (Gipuzkoa).<br \/>\nMade in Bangladesh under the Fair Wear label.<\/p>\n<p>*Amaia is 1.78m tall and wears size S. If you have any questions, please let us know and we will help you.<\/p>\n<p><a href=\"https:\/\/www.tacktil.com\/es\/visor\/eyJ0eXAiOiJKV1QiLCJhbGciOiJIUzI1NiJ9.eyJleGlkIjoyNjJ9.wFdn3rYpZknp-3-QOqj3EWtpxKKPc-bguZ2xDmQ_3vo\" target=\"_blank\" rel=\"noopener\"><img loading=\"lazy\" decoding=\"async\" class=\"alignnone size-full wp-image-9082\" src=\"https:\/\/amarenak.com\/wp-content\/uploads\/2021\/04\/icons8-360-view-50-1.png\" alt=\"\" width=\"50\" height=\"50\" \/><\/a><\/p>\n","protected":false},"featured_media":12441,"comment_status":"closed","ping_status":"closed","template":"","meta":{"_joinchat":{"message_text":"\u00bfTe gusta la historia de {PRODUCT}? Te recordamos que todas nuestras prendas son unidades limitadas y numeradas ;)","message_send":"Kaixo {SITE}!\nMe gustar\u00eda saber m\u00e1s sobre {PRODUCT}? \u00a1Eskerrik asko!"}},"product_brand":[],"product_cat":[317,568,566,319,376,698],"product_tag":[],"class_list":{"0":"post-12094","1":"product","2":"type-product","3":"status-publish","4":"has-post-thumbnail","6":"product_cat-all","7":"product_cat-autumn-winter","8":"product_cat-spring-summer","9":"product_cat-woman","10":"product_cat-man","11":"product_cat-elkano-en","13":"first","14":"outofstock","15":"taxable","16":"shipping-taxable","17":"purchasable","18":"product-type-variable"},"aioseo_notices":[],"jetpack_sharing_enabled":true,"_links":{"self":[{"href":"https:\/\/amarenak.com\/blog\/en\/wp-json\/wp\/v2\/product\/12094","targetHints":{"allow":["GET"]}}],"collection":[{"href":"https:\/\/amarenak.com\/blog\/en\/wp-json\/wp\/v2\/product"}],"about":[{"href":"https:\/\/amarenak.com\/blog\/en\/wp-json\/wp\/v2\/types\/product"}],"replies":[{"embeddable":true,"href":"https:\/\/amarenak.com\/blog\/en\/wp-json\/wp\/v2\/comments?post=12094"}],"wp:featuredmedia":[{"embeddable":true,"href":"https:\/\/amarenak.com\/blog\/en\/wp-json\/wp\/v2\/media\/12441"}],"wp:attachment":[{"href":"https:\/\/amarenak.com\/blog\/en\/wp-json\/wp\/v2\/media?parent=12094"}],"wp:term":[{"taxonomy":"product_brand","embeddable":true,"href":"https:\/\/amarenak.com\/blog\/en\/wp-json\/wp\/v2\/product_brand?post=12094"},{"taxonomy":"product_cat","embeddable":true,"href":"https:\/\/amarenak.com\/blog\/en\/wp-json\/wp\/v2\/product_cat?post=12094"},{"taxonomy":"product_tag","embeddable":true,"href":"https:\/\/amarenak.com\/blog\/en\/wp-json\/wp\/v2\/product_tag?post=12094"}],"curies":[{"name":"wp","href":"https:\/\/api.w.org\/{rel}","templated":true}]}}